{"id":11180,"date":"2024-01-07T17:46:37","date_gmt":"2024-01-07T16:46:37","guid":{"rendered":"https:\/\/www.296modelvenaria.it\/sito\/?page_id=11180"},"modified":"2024-01-07T17:46:37","modified_gmt":"2024-01-07T16:46:37","slug":"attivita-sociali-2023","status":"publish","type":"page","link":"https:\/\/www.296modelvenaria.it\/sito\/?page_id=11180","title":{"rendered":"2023"},"content":{"rendered":"<div id=\"pl-11180\"  class=\"panel-layout\" ><div id=\"pg-11180-0\"  class=\"panel-grid panel-no-style\" ><div id=\"pgc-11180-0-0\"  class=\"panel-grid-cell\" ><div id=\"panel-11180-0-0-0\" class=\"so-panel widget widget_sow-editor panel-first-child\" data-index=\"0\" ><div\n\t\t\t\n\t\t\tclass=\"so-widget-sow-editor so-widget-sow-editor-base\"\n\t\t\t\n\t\t><h3 class=\"widget-title\">Attivit\u00e0 2023<\/h3>\n<div class=\"siteorigin-widget-tinymce textwidget\">\n\t<\/div>\n<\/div><\/div><div id=\"panel-11180-0-0-1\" class=\"so-panel widget widget_black-studio-tinymce widget_black_studio_tinymce\" data-index=\"1\" ><div class=\"panel-widget-style panel-widget-style-for-11180-0-0-1\" ><div class=\"textwidget\"><p><a href=\"https:\/\/www.296modelvenaria.it\/sito\/wp-content\/uploads\/2023\/12\/Locandina-Presepi-e1703356622653.jpg\" data-rel=\"lightbox-image-0\" data-rl_title=\"\" data-rl_caption=\"\" title=\"\"><img loading=\"lazy\" decoding=\"async\" class=\"alignnone wp-image-11167 size-full\" src=\"https:\/\/www.296modelvenaria.it\/sito\/wp-content\/uploads\/2023\/12\/Locandina-Presepi-e1703356622653.jpg\" alt=\"\" width=\"1454\" height=\"2048\" srcset=\"https:\/\/www.296modelvenaria.it\/sito\/wp-content\/uploads\/2023\/12\/Locandina-Presepi-e1703356622653.jpg 1454w, https:\/\/www.296modelvenaria.it\/sito\/wp-content\/uploads\/2023\/12\/Locandina-Presepi-e1703356622653-213x300.jpg 213w, https:\/\/www.296modelvenaria.it\/sito\/wp-content\/uploads\/2023\/12\/Locandina-Presepi-e1703356622653-700x986.jpg 700w, https:\/\/www.296modelvenaria.it\/sito\/wp-content\/uploads\/2023\/12\/Locandina-Presepi-e1703356622653-768x1082.jpg 768w, https:\/\/www.296modelvenaria.it\/sito\/wp-content\/uploads\/2023\/12\/Locandina-Presepi-e1703356622653-1091x1536.jpg 1091w, https:\/\/www.296modelvenaria.it\/sito\/wp-content\/uploads\/2023\/12\/Locandina-Presepi-e1703356622653-106x150.jpg 106w\" sizes=\"auto, (max-width: 1454px) 100vw, 1454px\" \/><\/a><a href=\"https:\/\/www.296modelvenaria.it\/sito\/wp-content\/uploads\/2023\/11\/Regolamento-concorso-presepi-2023-2024.pdf\"><strong><em><span style=\"font-size: 12pt; font-family: arial, helvetica, sans-serif;\">Regolamento Concorso<\/span><\/em><\/strong><\/a><\/p>\n<p><a href=\"https:\/\/www.296modelvenaria.it\/sito\/wp-content\/uploads\/2023\/11\/PRESEPI-A-VENARIA-2023-2024-Scheda-Liberatoria-dati-e-di-partecipazione.pdf\"><strong><em><span style=\"font-size: 12pt; font-family: arial, helvetica, sans-serif;\">Scheda liberatoria<\/span><\/em><\/strong><\/a><\/p>\n<\/div><\/div><\/div><div id=\"panel-11180-0-0-2\" class=\"so-panel widget widget_black-studio-tinymce widget_black_studio_tinymce\" data-index=\"2\" ><h3 class=\"widget-title\">Lavori collettivi <\/h3><div class=\"textwidget\"><p style=\"text-align: center;\"><em><span style=\"font-size: 12pt; font-family: 'arial black', sans-serif;\">Lavori in corso di realizzazione\u00a0 presso la Sede dell'associazione 296 Model Venaria in via Picco con la partecipazione dei soci esperti del Club .<\/span><\/em><\/p>\n<\/div><\/div><div id=\"panel-11180-0-0-3\" class=\"so-panel widget widget_black-studio-tinymce widget_black_studio_tinymce\" data-index=\"3\" ><div class=\"panel-widget-style panel-widget-style-for-11180-0-0-3\" ><div class=\"textwidget\"><p style=\"text-align: center;\">Due navi in costruzione utilizzando stampa 3D e tecniche varie sotto il progetto e la guida del socio Giovanni Reviglio<\/p>\n<p><a href=\"https:\/\/www.296modelvenaria.it\/sito\/wp-content\/uploads\/2023\/10\/Giuseppe-Garibaldi.jpeg\" data-rel=\"lightbox-image-1\" data-rl_title=\"\" data-rl_caption=\"\" title=\"\"><img loading=\"lazy\" decoding=\"async\" class=\"alignnone wp-image-11076 size-large\" src=\"https:\/\/www.296modelvenaria.it\/sito\/wp-content\/uploads\/2023\/10\/Giuseppe-Garibaldi-700x394.jpeg\" alt=\"Giuseppe garibaldi\" width=\"680\" height=\"383\" srcset=\"https:\/\/www.296modelvenaria.it\/sito\/wp-content\/uploads\/2023\/10\/Giuseppe-Garibaldi-700x394.jpeg 700w, https:\/\/www.296modelvenaria.it\/sito\/wp-content\/uploads\/2023\/10\/Giuseppe-Garibaldi-300x169.jpeg 300w, https:\/\/www.296modelvenaria.it\/sito\/wp-content\/uploads\/2023\/10\/Giuseppe-Garibaldi-768x432.jpeg 768w, https:\/\/www.296modelvenaria.it\/sito\/wp-content\/uploads\/2023\/10\/Giuseppe-Garibaldi-1536x864.jpeg 1536w, https:\/\/www.296modelvenaria.it\/sito\/wp-content\/uploads\/2023\/10\/Giuseppe-Garibaldi-150x84.jpeg 150w, https:\/\/www.296modelvenaria.it\/sito\/wp-content\/uploads\/2023\/10\/Giuseppe-Garibaldi.jpeg 1599w\" sizes=\"auto, (max-width: 680px) 100vw, 680px\" \/><\/a><a href=\"https:\/\/www.296modelvenaria.it\/sito\/wp-content\/uploads\/2023\/10\/Alabarda.jpeg\" data-rel=\"lightbox-image-2\" data-rl_title=\"\" data-rl_caption=\"\" title=\"\"><img loading=\"lazy\" decoding=\"async\" class=\"alignnone wp-image-11077 size-large\" src=\"https:\/\/www.296modelvenaria.it\/sito\/wp-content\/uploads\/2023\/10\/Alabarda-700x394.jpeg\" alt=\"Alabarda\" width=\"680\" height=\"383\" srcset=\"https:\/\/www.296modelvenaria.it\/sito\/wp-content\/uploads\/2023\/10\/Alabarda-700x394.jpeg 700w, https:\/\/www.296modelvenaria.it\/sito\/wp-content\/uploads\/2023\/10\/Alabarda-300x169.jpeg 300w, https:\/\/www.296modelvenaria.it\/sito\/wp-content\/uploads\/2023\/10\/Alabarda-768x432.jpeg 768w, https:\/\/www.296modelvenaria.it\/sito\/wp-content\/uploads\/2023\/10\/Alabarda-1536x864.jpeg 1536w, https:\/\/www.296modelvenaria.it\/sito\/wp-content\/uploads\/2023\/10\/Alabarda-150x84.jpeg 150w, https:\/\/www.296modelvenaria.it\/sito\/wp-content\/uploads\/2023\/10\/Alabarda.jpeg 1600w\" sizes=\"auto, (max-width: 680px) 100vw, 680px\" \/><\/a><\/p>\n<\/div><\/div><\/div><div id=\"panel-11180-0-0-4\" class=\"so-panel widget widget_sow-editor panel-last-child\" data-index=\"4\" ><div class=\"panel-widget-style panel-widget-style-for-11180-0-0-4\" ><div\n\t\t\t\n\t\t\tclass=\"so-widget-sow-editor so-widget-sow-editor-base\"\n\t\t\t\n\t\t>\n<div class=\"siteorigin-widget-tinymce textwidget\">\n\t<p style=\"text-align: center;\"><a href=\"https:\/\/www.296modelvenaria.it\/sito\/wp-content\/uploads\/2023\/05\/BigliettoVisita.png\" data-rel=\"lightbox-image-3\" data-rl_title=\"\" data-rl_caption=\"\" title=\"\"><em><span style=\"font-family: arial, helvetica, sans-serif;\">importante e prestigioso lavoro collettivo temporaneamente ospitato presso la Reggia di Venaria Reale<\/span><\/em><\/a><\/p>\n<p><a href=\"https:\/\/www.296modelvenaria.it\/sito\/wp-content\/uploads\/2023\/10\/Via-Maestra.jpeg\" data-rel=\"lightbox-image-4\" data-rl_title=\"\" data-rl_caption=\"\" title=\"\"><img loading=\"lazy\" decoding=\"async\" class=\"aligncenter wp-image-11090 size-large\" src=\"https:\/\/www.296modelvenaria.it\/sito\/wp-content\/uploads\/2023\/10\/Via-Maestra-700x1312.jpeg\" alt=\"\" width=\"680\" height=\"1275\" srcset=\"https:\/\/www.296modelvenaria.it\/sito\/wp-content\/uploads\/2023\/10\/Via-Maestra-700x1312.jpeg 700w, https:\/\/www.296modelvenaria.it\/sito\/wp-content\/uploads\/2023\/10\/Via-Maestra-160x300.jpeg 160w, https:\/\/www.296modelvenaria.it\/sito\/wp-content\/uploads\/2023\/10\/Via-Maestra-80x150.jpeg 80w, https:\/\/www.296modelvenaria.it\/sito\/wp-content\/uploads\/2023\/10\/Via-Maestra.jpeg 720w\" sizes=\"auto, (max-width: 680px) 100vw, 680px\" \/><\/a><\/p>\n<div style=\"width: 640px;\" class=\"wp-video\"><video class=\"wp-video-shortcode\" id=\"video-11180-1\" width=\"640\" height=\"352\" preload=\"metadata\" controls=\"controls\"><source type=\"video\/mp4\" src=\"https:\/\/www.296modelvenaria.it\/sito\/wp-content\/uploads\/2022\/10\/Via-Maestra-2.mp4?_=1\" \/><a href=\"https:\/\/www.296modelvenaria.it\/sito\/wp-content\/uploads\/2022\/10\/Via-Maestra-2.mp4\">https:\/\/www.296modelvenaria.it\/sito\/wp-content\/uploads\/2022\/10\/Via-Maestra-2.mp4<\/a><\/video><\/div>\n<p>&nbsp;<\/p>\n<\/div>\n<\/div><\/div><\/div><\/div><div id=\"pgc-11180-0-1\"  class=\"panel-grid-cell\" ><div id=\"panel-11180-0-1-0\" class=\"so-panel widget widget_black-studio-tinymce widget_black_studio_tinymce panel-first-child\" data-index=\"5\" ><h3 class=\"widget-title\">Sui Media &#038; Social 2022\/2023<\/h3><div class=\"textwidget\"><\/div><\/div><div id=\"panel-11180-0-1-1\" class=\"so-panel widget widget_black-studio-tinymce widget_black_studio_tinymce\" data-index=\"6\" ><div class=\"textwidget\"><blockquote class=\"wp-embedded-content\" data-secret=\"d7b5Eh1zqf\"><p><a href=\"https:\/\/newsphotoevents.it\/seconda-edizione-di-presepi-di-venaria\/\">Seconda edizione di Presepi di Venaria<\/a><\/p><\/blockquote>\n<p><iframe loading=\"lazy\" class=\"wp-embedded-content\" sandbox=\"allow-scripts\" security=\"restricted\" style=\"position: absolute; clip: rect(1px, 1px, 1px, 1px);\" title=\"&#8220;Seconda edizione di Presepi di Venaria&#8221; &#8212; Stefano Tonetto\" src=\"https:\/\/newsphotoevents.it\/seconda-edizione-di-presepi-di-venaria\/embed\/#?secret=ZFCv5pD2uV#?secret=d7b5Eh1zqf\" data-secret=\"d7b5Eh1zqf\" width=\"600\" height=\"338\" frameborder=\"0\" marginwidth=\"0\" marginheight=\"0\" scrolling=\"no\"><\/iframe><\/p>\n<\/div><\/div><div id=\"panel-11180-0-1-2\" class=\"so-panel widget widget_black-studio-tinymce widget_black_studio_tinymce\" data-index=\"7\" ><div class=\"panel-widget-style panel-widget-style-for-11180-0-1-2\" ><div class=\"textwidget\"><p><a href=\"https:\/\/www.quotidianovenaria.it\/eventi\/venaria-30esima-mostra-di-modellismo-statico-i-lavori-del-296-model-alla-sala-vanzi-foto--23329\"><img loading=\"lazy\" decoding=\"async\" class=\"alignnone size-medium wp-image-9676\" src=\"https:\/\/www.296modelvenaria.it\/sito\/wp-content\/uploads\/2021\/05\/logo_TS_big-1-300x77.png\" alt=\"\" width=\"300\" height=\"77\" srcset=\"https:\/\/www.296modelvenaria.it\/sito\/wp-content\/uploads\/2021\/05\/logo_TS_big-1-300x77.png 300w, https:\/\/www.296modelvenaria.it\/sito\/wp-content\/uploads\/2021\/05\/logo_TS_big-1-150x39.png 150w, https:\/\/www.296modelvenaria.it\/sito\/wp-content\/uploads\/2021\/05\/logo_TS_big-1.png 350w\" sizes=\"auto, (max-width: 300px) 100vw, 300px\" \/><img loading=\"lazy\" decoding=\"async\" class=\"alignnone wp-image-11067 size-large\" src=\"https:\/\/www.296modelvenaria.it\/sito\/wp-content\/uploads\/2023\/10\/g1_30246_IMG_20230930_160039_edit_149124189128286-700x288.jpg\" alt=\"\" width=\"680\" height=\"280\" srcset=\"https:\/\/www.296modelvenaria.it\/sito\/wp-content\/uploads\/2023\/10\/g1_30246_IMG_20230930_160039_edit_149124189128286-700x288.jpg 700w, https:\/\/www.296modelvenaria.it\/sito\/wp-content\/uploads\/2023\/10\/g1_30246_IMG_20230930_160039_edit_149124189128286-300x123.jpg 300w, https:\/\/www.296modelvenaria.it\/sito\/wp-content\/uploads\/2023\/10\/g1_30246_IMG_20230930_160039_edit_149124189128286-768x316.jpg 768w, https:\/\/www.296modelvenaria.it\/sito\/wp-content\/uploads\/2023\/10\/g1_30246_IMG_20230930_160039_edit_149124189128286-150x62.jpg 150w, https:\/\/www.296modelvenaria.it\/sito\/wp-content\/uploads\/2023\/10\/g1_30246_IMG_20230930_160039_edit_149124189128286.jpg 1200w\" sizes=\"auto, (max-width: 680px) 100vw, 680px\" \/><\/a><\/p>\n<p>&nbsp;<\/p>\n<\/div><\/div><\/div><div id=\"panel-11180-0-1-3\" class=\"so-panel widget widget_black-studio-tinymce widget_black_studio_tinymce\" data-index=\"8\" ><div class=\"textwidget\"><blockquote class=\"wp-embedded-content\" data-secret=\"ILCZTdPC8I\"><p><a href=\"https:\/\/newsphotoevents.it\/brickfest-mattoncini-in-festa-esposizione-di-costruzioni-in-mattoncini-lego-1-edizione-a-venaria-reale\/\">Brickfest Mattoncini in Festa. Esposizione di costruzioni in mattoncini Lego\u00ae &#8211; 1\u00b0 Edizione a Venaria Reale<\/a><\/p><\/blockquote>\n<p><iframe loading=\"lazy\" class=\"wp-embedded-content\" sandbox=\"allow-scripts\" security=\"restricted\" style=\"position: absolute; clip: rect(1px, 1px, 1px, 1px);\" title=\"&#8220;Brickfest Mattoncini in Festa. Esposizione di costruzioni in mattoncini Lego\u00ae &#8211; 1\u00b0 Edizione a Venaria Reale&#8221; &#8212; Stefano Tonetto\" src=\"https:\/\/newsphotoevents.it\/brickfest-mattoncini-in-festa-esposizione-di-costruzioni-in-mattoncini-lego-1-edizione-a-venaria-reale\/embed\/#?secret=e6msCuDrOK#?secret=ILCZTdPC8I\" data-secret=\"ILCZTdPC8I\" width=\"600\" height=\"338\" frameborder=\"0\" marginwidth=\"0\" marginheight=\"0\" scrolling=\"no\"><\/iframe><\/p>\n<\/div><\/div><div id=\"panel-11180-0-1-4\" class=\"so-panel widget widget_black-studio-tinymce widget_black_studio_tinymce\" data-index=\"9\" ><div class=\"textwidget\"><p><a href=\"https:\/\/www.296modelvenaria.it\/sito\/wp-content\/uploads\/2023\/06\/Risveglio-31-05-23.jpeg\" data-rel=\"lightbox-image-5\" data-rl_title=\"\" data-rl_caption=\"\" title=\"\"><img loading=\"lazy\" decoding=\"async\" class=\"alignnone wp-image-10944 size-large\" src=\"https:\/\/www.296modelvenaria.it\/sito\/wp-content\/uploads\/2023\/06\/Risveglio-31-05-23-700x605.jpeg\" alt=\"\" width=\"680\" height=\"588\" srcset=\"https:\/\/www.296modelvenaria.it\/sito\/wp-content\/uploads\/2023\/06\/Risveglio-31-05-23-700x605.jpeg 700w, https:\/\/www.296modelvenaria.it\/sito\/wp-content\/uploads\/2023\/06\/Risveglio-31-05-23-300x259.jpeg 300w, https:\/\/www.296modelvenaria.it\/sito\/wp-content\/uploads\/2023\/06\/Risveglio-31-05-23-768x664.jpeg 768w, https:\/\/www.296modelvenaria.it\/sito\/wp-content\/uploads\/2023\/06\/Risveglio-31-05-23-150x130.jpeg 150w, https:\/\/www.296modelvenaria.it\/sito\/wp-content\/uploads\/2023\/06\/Risveglio-31-05-23.jpeg 1000w\" sizes=\"auto, (max-width: 680px) 100vw, 680px\" \/><\/a><\/p>\n<\/div><\/div><div id=\"panel-11180-0-1-5\" class=\"so-panel widget widget_black-studio-tinymce widget_black_studio_tinymce\" data-index=\"10\" ><div class=\"textwidget\"><blockquote class=\"wp-embedded-content\" data-secret=\"5x2gDYegfX\"><p><a href=\"https:\/\/newsphotoevents.it\/a-venaria-reale-in-piazza-vittorio-veneto-il-27-maggio-2023-ha-avuto-luogo-linaugurazione-della-vi-edizione-della-festa-delle-rose-con-fragranzia\/\">A Venaria Reale in Piazza Vittorio Veneto, Il 27 maggio 2023 ha avuto luogo l\u2019inaugurazione della VI edizione della Festa delle rose con Fragranzia.<\/a><\/p><\/blockquote>\n<p><iframe loading=\"lazy\" class=\"wp-embedded-content\" sandbox=\"allow-scripts\" security=\"restricted\" style=\"position: absolute; clip: rect(1px, 1px, 1px, 1px);\" title=\"&#8220;A Venaria Reale in Piazza Vittorio Veneto, Il 27 maggio 2023 ha avuto luogo l\u2019inaugurazione della VI edizione della Festa delle rose con Fragranzia.&#8221; &#8212; Stefano Tonetto\" src=\"https:\/\/newsphotoevents.it\/a-venaria-reale-in-piazza-vittorio-veneto-il-27-maggio-2023-ha-avuto-luogo-linaugurazione-della-vi-edizione-della-festa-delle-rose-con-fragranzia\/embed\/#?secret=QHjFXsJcKI#?secret=5x2gDYegfX\" data-secret=\"5x2gDYegfX\" width=\"600\" height=\"338\" frameborder=\"0\" marginwidth=\"0\" marginheight=\"0\" scrolling=\"no\"><\/iframe><\/p>\n<\/div><\/div><div id=\"panel-11180-0-1-6\" class=\"so-panel widget widget_black-studio-tinymce widget_black_studio_tinymce\" data-index=\"11\" ><div class=\"panel-widget-style panel-widget-style-for-11180-0-1-6\" ><div class=\"textwidget\"><p><em><span style=\"font-family: arial, helvetica, sans-serif;\">24.05.2023<\/span><\/em><a href=\"http:\/\/www.piemontepress.it\/piemontepress\/portale\/index.php?com=17470#\"><img loading=\"lazy\" decoding=\"async\" class=\"alignnone wp-image-9675 size-large\" src=\"https:\/\/www.296modelvenaria.it\/sito\/wp-content\/uploads\/2021\/05\/Piemonte-Press-700x49.jpg\" alt=\"\" width=\"680\" height=\"48\" srcset=\"https:\/\/www.296modelvenaria.it\/sito\/wp-content\/uploads\/2021\/05\/Piemonte-Press-700x49.jpg 700w, https:\/\/www.296modelvenaria.it\/sito\/wp-content\/uploads\/2021\/05\/Piemonte-Press-300x21.jpg 300w, https:\/\/www.296modelvenaria.it\/sito\/wp-content\/uploads\/2021\/05\/Piemonte-Press-768x54.jpg 768w, https:\/\/www.296modelvenaria.it\/sito\/wp-content\/uploads\/2021\/05\/Piemonte-Press-150x11.jpg 150w, https:\/\/www.296modelvenaria.it\/sito\/wp-content\/uploads\/2021\/05\/Piemonte-Press.jpg 1000w\" sizes=\"auto, (max-width: 680px) 100vw, 680px\" \/><\/a><\/p>\n<p><em><span style=\"font-family: arial, helvetica, sans-serif;\"><a href=\"http:\/\/www.piemontepress.it\/piemontepress\/portale\/index.php?com=17470#\">\"IL SOGNO DEL CASTELLAMONTE\"<\/a><\/span><\/em><\/p>\n<p><em><span style=\"font-family: arial, helvetica, sans-serif;\"><a href=\"http:\/\/www.piemontepress.it\/piemontepress\/portale\/index.php?com=17470#\">Presentazione del plastico della Via Maestra a Venaria Reale Sabato 27 maggio 2023 - ore 12:30 Presso la Cappella di Sant'Uberto della Reggia di Venaria.<\/a><\/span><\/em><\/p>\n<\/div><\/div><\/div><div id=\"panel-11180-0-1-7\" class=\"so-panel widget widget_black-studio-tinymce widget_black_studio_tinymce\" data-index=\"12\" ><div class=\"panel-widget-style panel-widget-style-for-11180-0-1-7\" ><div class=\"textwidget\"><p><span style=\"font-family: arial, helvetica, sans-serif;\"><em>6-7 maggio 2023<\/em><\/span><\/p>\n<p><a href=\"https:\/\/www.facebook.com\/100058285523387\/posts\/pfbid031zopyjyiVtXawh3B7sShDRxg9LMBdMfrmtJHgS7czHR6Jokww83xL6e3XzvoKkgQl\/?sfnsn=scwspmo\"><img loading=\"lazy\" decoding=\"async\" class=\"aligncenter wp-image-10830 size-medium\" src=\"https:\/\/www.296modelvenaria.it\/sito\/wp-content\/uploads\/2023\/05\/Schermata-del-2023-05-20-12-16-24-300x300.png\" alt=\"\" width=\"300\" height=\"300\" srcset=\"https:\/\/www.296modelvenaria.it\/sito\/wp-content\/uploads\/2023\/05\/Schermata-del-2023-05-20-12-16-24-300x300.png 300w, https:\/\/www.296modelvenaria.it\/sito\/wp-content\/uploads\/2023\/05\/Schermata-del-2023-05-20-12-16-24-700x698.png 700w, https:\/\/www.296modelvenaria.it\/sito\/wp-content\/uploads\/2023\/05\/Schermata-del-2023-05-20-12-16-24-150x150.png 150w, https:\/\/www.296modelvenaria.it\/sito\/wp-content\/uploads\/2023\/05\/Schermata-del-2023-05-20-12-16-24.png 753w\" sizes=\"auto, (max-width: 300px) 100vw, 300px\" \/><\/a><\/p>\n<p><em><span style=\"font-size: 10pt; font-family: arial, helvetica, sans-serif;\">Premiati del 296 Model Venaria al concorso di modellismo indetto dal MSC di Cuorgn\u00e9 in presenza delle autorit\u00e0 Sindaco di Cuorgn\u00e9 e Vicesindaco di Venaria Reale.<\/span><\/em><\/p>\n<\/div><\/div><\/div><div id=\"panel-11180-0-1-8\" class=\"so-panel widget widget_black-studio-tinymce widget_black_studio_tinymce\" data-index=\"13\" ><div class=\"panel-widget-style panel-widget-style-for-11180-0-1-8\" ><div class=\"textwidget\"><p><em><span style=\"font-family: Arial, Helvetica, sans-serif;\">14.04.2023<\/span><\/em><\/p>\n<p><a href=\"http:\/\/www.piemontepress.it\/piemontepress\/portale\/index.php?com=17426\"><img loading=\"lazy\" decoding=\"async\" class=\"alignnone wp-image-9675 size-medium\" src=\"https:\/\/www.296modelvenaria.it\/sito\/wp-content\/uploads\/2021\/05\/Piemonte-Press-300x21.jpg\" alt=\"\" width=\"300\" height=\"21\" srcset=\"https:\/\/www.296modelvenaria.it\/sito\/wp-content\/uploads\/2021\/05\/Piemonte-Press-300x21.jpg 300w, https:\/\/www.296modelvenaria.it\/sito\/wp-content\/uploads\/2021\/05\/Piemonte-Press-700x49.jpg 700w, https:\/\/www.296modelvenaria.it\/sito\/wp-content\/uploads\/2021\/05\/Piemonte-Press-768x54.jpg 768w, https:\/\/www.296modelvenaria.it\/sito\/wp-content\/uploads\/2021\/05\/Piemonte-Press-150x11.jpg 150w, https:\/\/www.296modelvenaria.it\/sito\/wp-content\/uploads\/2021\/05\/Piemonte-Press.jpg 1000w\" sizes=\"auto, (max-width: 300px) 100vw, 300px\" \/><\/a><\/p>\n<p><span style=\"color: #ff6600;\"><em><span style=\"font-size: 10pt; font-family: arial, helvetica, sans-serif;\"><a style=\"color: #ff6600;\" href=\"http:\/\/www.piemontepress.it\/piemontepress\/portale\/index.php?com=17426\">Assemblea ordinaria deisoci del club modellistico\u00a0 \u201c296 MODEL VENARIA aps\u201d.<\/a><\/span><\/em><\/span><\/p>\n<\/div><\/div><\/div><div id=\"panel-11180-0-1-9\" class=\"so-panel widget widget_sow-editor panel-last-child\" data-index=\"14\" ><div class=\"panel-widget-style panel-widget-style-for-11180-0-1-9\" ><div\n\t\t\t\n\t\t\tclass=\"so-widget-sow-editor so-widget-sow-editor-base\"\n\t\t\t\n\t\t>\n<div class=\"siteorigin-widget-tinymce textwidget\">\n\t<p><img loading=\"lazy\" decoding=\"async\" class=\"alignnone size-medium wp-image-10719\" src=\"https:\/\/www.296modelvenaria.it\/sito\/wp-content\/uploads\/2023\/01\/logo_TS_big-300x77.png\" alt=\"\" width=\"300\" height=\"77\" srcset=\"https:\/\/www.296modelvenaria.it\/sito\/wp-content\/uploads\/2023\/01\/logo_TS_big-300x77.png 300w, https:\/\/www.296modelvenaria.it\/sito\/wp-content\/uploads\/2023\/01\/logo_TS_big-150x39.png 150w, https:\/\/www.296modelvenaria.it\/sito\/wp-content\/uploads\/2023\/01\/logo_TS_big.png 350w\" sizes=\"auto, (max-width: 300px) 100vw, 300px\" \/><\/p>\n<h5 class=\"title\"><span style=\"font-size: 10pt;\"><a href=\"https:\/\/www.quotidianovenaria.it\/eventi\/venaria-giorno-della-memoria-gli-appuntamenti-in-programma-in-citt-22184\"><img loading=\"lazy\" decoding=\"async\" class=\"wp-image-10677 size-medium aligncenter\" src=\"https:\/\/www.296modelvenaria.it\/sito\/wp-content\/uploads\/2023\/01\/22597_giorno-memoria-300x225.jpg\" alt=\"\" width=\"300\" height=\"225\" srcset=\"https:\/\/www.296modelvenaria.it\/sito\/wp-content\/uploads\/2023\/01\/22597_giorno-memoria-300x225.jpg 300w, https:\/\/www.296modelvenaria.it\/sito\/wp-content\/uploads\/2023\/01\/22597_giorno-memoria-150x113.jpg 150w, https:\/\/www.296modelvenaria.it\/sito\/wp-content\/uploads\/2023\/01\/22597_giorno-memoria.jpg 640w\" sizes=\"auto, (max-width: 300px) 100vw, 300px\" \/><\/a> <a href=\"https:\/\/www.quotidianovenaria.it\/eventi\/venaria-giorno-della-memoria-gli-appuntamenti-in-programma-in-citt-22184\"><em><span style=\"font-family: arial, helvetica, sans-serif;\">Torna il plastico della Memoria \u00abAuschwitz dall\u2019alto\u00bb, a cura dell\u2019associazione \u00ab296 Model\u00bb, da gioved\u00ec 26 gennaio a marted\u00ec 7 febbraio, presso l'Auditorium della scuola media Don Milani.<\/span><\/em><\/a><\/span><\/h5>\n<\/div>\n<\/div><\/div><\/div><\/div><div id=\"pgc-11180-0-2\"  class=\"panel-grid-cell\" ><div id=\"panel-11180-0-2-0\" class=\"so-panel widget widget_black-studio-tinymce widget_black_studio_tinymce panel-first-child\" data-index=\"15\" ><h3 class=\"widget-title\">Attivit\u00e0 Concluse 2023<\/h3><div class=\"textwidget\"><\/div><\/div><div id=\"panel-11180-0-2-1\" class=\"so-panel widget widget_black-studio-tinymce widget_black_studio_tinymce\" data-index=\"16\" ><div class=\"textwidget\"><p><a href=\"https:\/\/www.296modelvenaria.it\/sito\/wp-content\/uploads\/2023\/12\/Locandina-Presep.jpeg\" data-rel=\"lightbox-image-6\" data-rl_title=\"\" data-rl_caption=\"\" title=\"\"><img loading=\"lazy\" decoding=\"async\" class=\"alignnone wp-image-11165 size-full\" src=\"https:\/\/www.296modelvenaria.it\/sito\/wp-content\/uploads\/2023\/12\/Locandina-Presep.jpeg\" alt=\"\" width=\"1448\" height=\"2048\" srcset=\"https:\/\/www.296modelvenaria.it\/sito\/wp-content\/uploads\/2023\/12\/Locandina-Presep.jpeg 1448w, https:\/\/www.296modelvenaria.it\/sito\/wp-content\/uploads\/2023\/12\/Locandina-Presep-212x300.jpeg 212w, https:\/\/www.296modelvenaria.it\/sito\/wp-content\/uploads\/2023\/12\/Locandina-Presep-700x990.jpeg 700w, https:\/\/www.296modelvenaria.it\/sito\/wp-content\/uploads\/2023\/12\/Locandina-Presep-768x1086.jpeg 768w, https:\/\/www.296modelvenaria.it\/sito\/wp-content\/uploads\/2023\/12\/Locandina-Presep-1086x1536.jpeg 1086w, https:\/\/www.296modelvenaria.it\/sito\/wp-content\/uploads\/2023\/12\/Locandina-Presep-106x150.jpeg 106w\" sizes=\"auto, (max-width: 1448px) 100vw, 1448px\" \/><\/a><\/p>\n<\/div><\/div><div id=\"panel-11180-0-2-2\" class=\"so-panel widget widget_black-studio-tinymce widget_black_studio_tinymce\" data-index=\"17\" ><div class=\"textwidget\"><p><a href=\"https:\/\/www.296modelvenaria.it\/sito\/wp-content\/uploads\/2023\/11\/unnamed.jpg\" data-rel=\"lightbox-image-7\" data-rl_title=\"\" data-rl_caption=\"\" title=\"\"><img loading=\"lazy\" decoding=\"async\" class=\"aligncenter wp-image-11113 size-full\" src=\"https:\/\/www.296modelvenaria.it\/sito\/wp-content\/uploads\/2023\/11\/unnamed.jpg\" alt=\"\" width=\"608\" height=\"1080\" srcset=\"https:\/\/www.296modelvenaria.it\/sito\/wp-content\/uploads\/2023\/11\/unnamed.jpg 608w, https:\/\/www.296modelvenaria.it\/sito\/wp-content\/uploads\/2023\/11\/unnamed-169x300.jpg 169w, https:\/\/www.296modelvenaria.it\/sito\/wp-content\/uploads\/2023\/11\/unnamed-84x150.jpg 84w\" sizes=\"auto, (max-width: 608px) 100vw, 608px\" \/><\/a><\/p>\n<\/div><\/div><div id=\"panel-11180-0-2-3\" class=\"so-panel widget widget_black-studio-tinymce widget_black_studio_tinymce\" data-index=\"18\" ><div class=\"textwidget\"><p><a href=\"https:\/\/www.296modelvenaria.it\/sito\/wp-content\/uploads\/2023\/09\/mostra-modellismo-nostra.jpeg\" data-rel=\"lightbox-image-8\" data-rl_title=\"\" data-rl_caption=\"\" title=\"\"><img loading=\"lazy\" decoding=\"async\" class=\"aligncenter wp-image-11046 size-large\" src=\"https:\/\/www.296modelvenaria.it\/sito\/wp-content\/uploads\/2023\/09\/mostra-modellismo-nostra1-700x700.jpeg\" alt=\"\" width=\"680\" height=\"680\" srcset=\"https:\/\/www.296modelvenaria.it\/sito\/wp-content\/uploads\/2023\/09\/mostra-modellismo-nostra1-700x700.jpeg 700w, https:\/\/www.296modelvenaria.it\/sito\/wp-content\/uploads\/2023\/09\/mostra-modellismo-nostra1-300x300.jpeg 300w, https:\/\/www.296modelvenaria.it\/sito\/wp-content\/uploads\/2023\/09\/mostra-modellismo-nostra1-768x768.jpeg 768w, https:\/\/www.296modelvenaria.it\/sito\/wp-content\/uploads\/2023\/09\/mostra-modellismo-nostra1-150x150.jpeg 150w, https:\/\/www.296modelvenaria.it\/sito\/wp-content\/uploads\/2023\/09\/mostra-modellismo-nostra1.jpeg 1080w\" sizes=\"auto, (max-width: 680px) 100vw, 680px\" \/><\/a><\/p>\n<\/div><\/div><div id=\"panel-11180-0-2-4\" class=\"so-panel widget widget_black-studio-tinymce widget_black_studio_tinymce\" data-index=\"19\" ><div class=\"textwidget\"><p><a href=\"https:\/\/www.296modelvenaria.it\/sito\/wp-content\/uploads\/2023\/09\/Mattoncini-in-Festa-0.jpeg\" data-rel=\"lightbox-image-9\" data-rl_title=\"\" data-rl_caption=\"\" title=\"\"> <img loading=\"lazy\" decoding=\"async\" class=\"alignnone wp-image-11014 size-large\" src=\"https:\/\/www.296modelvenaria.it\/sito\/wp-content\/uploads\/2023\/09\/Mattoncini-in-Festa-0-700x700.jpeg\" alt=\"\" width=\"680\" height=\"680\" srcset=\"https:\/\/www.296modelvenaria.it\/sito\/wp-content\/uploads\/2023\/09\/Mattoncini-in-Festa-0-700x700.jpeg 700w, https:\/\/www.296modelvenaria.it\/sito\/wp-content\/uploads\/2023\/09\/Mattoncini-in-Festa-0-300x300.jpeg 300w, https:\/\/www.296modelvenaria.it\/sito\/wp-content\/uploads\/2023\/09\/Mattoncini-in-Festa-0-768x768.jpeg 768w, https:\/\/www.296modelvenaria.it\/sito\/wp-content\/uploads\/2023\/09\/Mattoncini-in-Festa-0-150x150.jpeg 150w, https:\/\/www.296modelvenaria.it\/sito\/wp-content\/uploads\/2023\/09\/Mattoncini-in-Festa-0.jpeg 1080w\" sizes=\"auto, (max-width: 680px) 100vw, 680px\" \/><\/a><a href=\"https:\/\/www.296modelvenaria.it\/sito\/wp-content\/uploads\/2023\/09\/Mattoncini-in-Festa-1.jpeg\" data-rel=\"lightbox-image-10\" data-rl_title=\"\" data-rl_caption=\"\" title=\"\"><img loading=\"lazy\" decoding=\"async\" class=\"wp-image-11015 alignnone\" src=\"https:\/\/www.296modelvenaria.it\/sito\/wp-content\/uploads\/2023\/09\/Mattoncini-in-Festa-1-150x100.jpeg\" alt=\"\" width=\"100\" height=\"100\" srcset=\"https:\/\/www.296modelvenaria.it\/sito\/wp-content\/uploads\/2023\/09\/Mattoncini-in-Festa-1-300x300.jpeg 300w, https:\/\/www.296modelvenaria.it\/sito\/wp-content\/uploads\/2023\/09\/Mattoncini-in-Festa-1-700x700.jpeg 700w, https:\/\/www.296modelvenaria.it\/sito\/wp-content\/uploads\/2023\/09\/Mattoncini-in-Festa-1-768x768.jpeg 768w, https:\/\/www.296modelvenaria.it\/sito\/wp-content\/uploads\/2023\/09\/Mattoncini-in-Festa-1-150x150.jpeg 150w, https:\/\/www.296modelvenaria.it\/sito\/wp-content\/uploads\/2023\/09\/Mattoncini-in-Festa-1.jpeg 1080w\" sizes=\"auto, (max-width: 100px) 100vw, 100px\" \/><\/a><a href=\"https:\/\/www.296modelvenaria.it\/sito\/wp-content\/uploads\/2023\/09\/Mattoncini-in-Festa-2.jpeg\" data-rel=\"lightbox-image-11\" data-rl_title=\"\" data-rl_caption=\"\" title=\"\"><img loading=\"lazy\" decoding=\"async\" class=\"wp-image-11016 alignright\" src=\"https:\/\/www.296modelvenaria.it\/sito\/wp-content\/uploads\/2023\/09\/Mattoncini-in-Festa-2-150x100.jpeg\" alt=\"\" width=\"100\" height=\"138\" srcset=\"https:\/\/www.296modelvenaria.it\/sito\/wp-content\/uploads\/2023\/09\/Mattoncini-in-Festa-2-218x300.jpeg 218w, https:\/\/www.296modelvenaria.it\/sito\/wp-content\/uploads\/2023\/09\/Mattoncini-in-Festa-2-700x963.jpeg 700w, https:\/\/www.296modelvenaria.it\/sito\/wp-content\/uploads\/2023\/09\/Mattoncini-in-Festa-2-768x1057.jpeg 768w, https:\/\/www.296modelvenaria.it\/sito\/wp-content\/uploads\/2023\/09\/Mattoncini-in-Festa-2-109x150.jpeg 109w, https:\/\/www.296modelvenaria.it\/sito\/wp-content\/uploads\/2023\/09\/Mattoncini-in-Festa-2.jpeg 938w\" sizes=\"auto, (max-width: 100px) 100vw, 100px\" \/><\/a><\/p>\n<\/div><\/div><div id=\"panel-11180-0-2-5\" class=\"so-panel widget widget_black-studio-tinymce widget_black_studio_tinymce\" data-index=\"20\" ><div class=\"textwidget\"><p><a href=\"https:\/\/www.296modelvenaria.it\/sito\/wp-content\/uploads\/2023\/08\/Locandina-Ceretta.jpeg\" data-rel=\"lightbox-image-12\" data-rl_title=\"\" data-rl_caption=\"\" title=\"\"><img loading=\"lazy\" decoding=\"async\" class=\"aligncenter wp-image-10990 size-large\" src=\"https:\/\/www.296modelvenaria.it\/sito\/wp-content\/uploads\/2023\/08\/Locandina-Ceretta-700x967.jpeg\" alt=\"\" width=\"680\" height=\"939\" srcset=\"https:\/\/www.296modelvenaria.it\/sito\/wp-content\/uploads\/2023\/08\/Locandina-Ceretta-700x967.jpeg 700w, https:\/\/www.296modelvenaria.it\/sito\/wp-content\/uploads\/2023\/08\/Locandina-Ceretta-217x300.jpeg 217w, https:\/\/www.296modelvenaria.it\/sito\/wp-content\/uploads\/2023\/08\/Locandina-Ceretta-768x1061.jpeg 768w, https:\/\/www.296modelvenaria.it\/sito\/wp-content\/uploads\/2023\/08\/Locandina-Ceretta-1112x1536.jpeg 1112w, https:\/\/www.296modelvenaria.it\/sito\/wp-content\/uploads\/2023\/08\/Locandina-Ceretta-109x150.jpeg 109w, https:\/\/www.296modelvenaria.it\/sito\/wp-content\/uploads\/2023\/08\/Locandina-Ceretta.jpeg 1240w\" sizes=\"auto, (max-width: 680px) 100vw, 680px\" \/><\/a><\/p>\n<\/div><\/div><div id=\"panel-11180-0-2-6\" class=\"so-panel widget widget_black-studio-tinymce widget_black_studio_tinymce\" data-index=\"21\" ><div class=\"panel-widget-style panel-widget-style-for-11180-0-2-6\" ><div class=\"textwidget\"><p style=\"text-align: center;\"><a href=\"https:\/\/www.296modelvenaria.it\/sito\/wp-content\/uploads\/2023\/05\/Locandina-plastico-1.jpeg\" data-rel=\"lightbox-image-13\" data-rl_title=\"\" data-rl_caption=\"\" title=\"\"><img loading=\"lazy\" decoding=\"async\" class=\"alignnone wp-image-10888 size-large\" src=\"https:\/\/www.296modelvenaria.it\/sito\/wp-content\/uploads\/2023\/05\/Locandina-plastico-1-700x991.jpeg\" alt=\"\" width=\"680\" height=\"963\" srcset=\"https:\/\/www.296modelvenaria.it\/sito\/wp-content\/uploads\/2023\/05\/Locandina-plastico-1-700x991.jpeg 700w, https:\/\/www.296modelvenaria.it\/sito\/wp-content\/uploads\/2023\/05\/Locandina-plastico-1-212x300.jpeg 212w, https:\/\/www.296modelvenaria.it\/sito\/wp-content\/uploads\/2023\/05\/Locandina-plastico-1-768x1087.jpeg 768w, https:\/\/www.296modelvenaria.it\/sito\/wp-content\/uploads\/2023\/05\/Locandina-plastico-1-1085x1536.jpeg 1085w, https:\/\/www.296modelvenaria.it\/sito\/wp-content\/uploads\/2023\/05\/Locandina-plastico-1-106x150.jpeg 106w, https:\/\/www.296modelvenaria.it\/sito\/wp-content\/uploads\/2023\/05\/Locandina-plastico-1.jpeg 1447w\" sizes=\"auto, (max-width: 680px) 100vw, 680px\" \/><\/a><\/p>\n<\/div><\/div><\/div><div id=\"panel-11180-0-2-7\" class=\"so-panel widget widget_black-studio-tinymce widget_black_studio_tinymce\" data-index=\"22\" ><div class=\"panel-widget-style panel-widget-style-for-11180-0-2-7\" ><h3 class=\"widget-title\">Per non dimenticare&#8230;Mai!<\/h3><div class=\"textwidget\"><p style=\"text-align: center;\"><span style=\"color: #003300;\"><span style=\"font-size: 12pt;\"><strong><em>A cura dell'associazione modellistica 296 Model Venaria<\/em><\/strong><\/span><\/span><\/p>\n<p>&nbsp;<\/p>\n<p><iframe loading=\"lazy\" title=\"Backstage Auschwitz dall&#039;alto\" width=\"680\" height=\"383\" src=\"https:\/\/www.youtube.com\/embed\/pGWLoSeczYw?feature=oembed\" frameborder=\"0\" allow=\"accelerometer; autoplay; clipboard-write; encrypted-media; gyroscope; picture-in-picture; web-share\" allowfullscreen><\/iframe><\/p>\n<p><a href=\"https:\/\/www.quotidianovenaria.it\/eventi\/venaria-giorno-della-memoria-gli-appuntamenti-in-programma-in-citt-22184\">E'stato installato il plastico della Memoria presso la scuola media Don Milani a Venaria Reale a disposizioni degli alunni delle scuole e in visita al pubblica.<\/a><\/p>\n<\/div><\/div><\/div><div id=\"panel-11180-0-2-8\" class=\"so-panel widget widget_black-studio-tinymce widget_black_studio_tinymce\" data-index=\"23\" ><div class=\"textwidget\"><p><a href=\"https:\/\/www.296modelvenaria.it\/sito\/wp-content\/uploads\/2022\/10\/locandina-presepi-1-2022.jpeg\" data-rel=\"lightbox-image-14\" data-rl_title=\"\" data-rl_caption=\"\" title=\"\"><img loading=\"lazy\" decoding=\"async\" class=\"alignnone wp-image-10517 size-large\" src=\"https:\/\/www.296modelvenaria.it\/sito\/wp-content\/uploads\/2022\/10\/locandina-presepi-1-2022-700x990.jpeg\" alt=\"\" width=\"680\" height=\"962\" srcset=\"https:\/\/www.296modelvenaria.it\/sito\/wp-content\/uploads\/2022\/10\/locandina-presepi-1-2022-700x990.jpeg 700w, https:\/\/www.296modelvenaria.it\/sito\/wp-content\/uploads\/2022\/10\/locandina-presepi-1-2022-212x300.jpeg 212w, https:\/\/www.296modelvenaria.it\/sito\/wp-content\/uploads\/2022\/10\/locandina-presepi-1-2022-768x1086.jpeg 768w, https:\/\/www.296modelvenaria.it\/sito\/wp-content\/uploads\/2022\/10\/locandina-presepi-1-2022-1086x1536.jpeg 1086w, https:\/\/www.296modelvenaria.it\/sito\/wp-content\/uploads\/2022\/10\/locandina-presepi-1-2022-106x150.jpeg 106w, https:\/\/www.296modelvenaria.it\/sito\/wp-content\/uploads\/2022\/10\/locandina-presepi-1-2022.jpeg 1131w\" sizes=\"auto, (max-width: 680px) 100vw, 680px\" \/><\/a><\/p>\n<p>&nbsp;<\/p>\n<\/div><\/div><div id=\"panel-11180-0-2-9\" class=\"so-panel widget widget_black-studio-tinymce widget_black_studio_tinymce panel-last-child\" data-index=\"24\" ><div class=\"panel-widget-style panel-widget-style-for-11180-0-2-9\" ><h3 class=\"widget-title\">Corsi di modellismo 2022-23<\/h3><div class=\"textwidget\"><p><a href=\"https:\/\/www.296modelvenaria.it\/sito\/wp-content\/uploads\/2022\/09\/IMG-20220913-WA0022.jpg\" data-rel=\"lightbox-image-15\" data-rl_title=\"\" data-rl_caption=\"\" title=\"\"><img loading=\"lazy\" decoding=\"async\" class=\"alignnone wp-image-10423 size-large\" src=\"https:\/\/www.296modelvenaria.it\/sito\/wp-content\/uploads\/2022\/09\/IMG-20220913-WA0022-700x990.jpg\" alt=\"\" width=\"680\" height=\"962\" srcset=\"https:\/\/www.296modelvenaria.it\/sito\/wp-content\/uploads\/2022\/09\/IMG-20220913-WA0022-700x990.jpg 700w, https:\/\/www.296modelvenaria.it\/sito\/wp-content\/uploads\/2022\/09\/IMG-20220913-WA0022-212x300.jpg 212w, https:\/\/www.296modelvenaria.it\/sito\/wp-content\/uploads\/2022\/09\/IMG-20220913-WA0022-768x1086.jpg 768w, https:\/\/www.296modelvenaria.it\/sito\/wp-content\/uploads\/2022\/09\/IMG-20220913-WA0022-1086x1536.jpg 1086w, https:\/\/www.296modelvenaria.it\/sito\/wp-content\/uploads\/2022\/09\/IMG-20220913-WA0022-106x150.jpg 106w, https:\/\/www.296modelvenaria.it\/sito\/wp-content\/uploads\/2022\/09\/IMG-20220913-WA0022.jpg 1131w\" sizes=\"auto, (max-width: 680px) 100vw, 680px\" \/><\/a><\/p>\n<p>Come sempre si svolgeranno in due giorni:<\/p>\n<div>\n<div dir=\"auto\">\n<div>\n<div class=\"gmail_quote\">\n<div dir=\"ltr\">\n<div class=\"gmail_quote\">\n<div class=\"gmail_attr\" dir=\"ltr\">\n<div>\n<div class=\"gmail_quote\">\n<ul>\n<li>Il primo\u00a0 dedicato ai modelli in\u00a0 Plastica si terr\u00e0, dal 9 novembre 2022 al 29 marzo 2023;<\/li>\n<\/ul>\n<div class=\"gmail_attr\">\n<ul>\n<li>Il secondo dedicato ai Modelli in Legno si terr\u00e0, dal 11 novembre 2022 al 31 marzo 2023.\u00a0<\/li>\n<\/ul>\n<\/div>\n<div class=\"gmail_attr\">Per la prima volta si terranno dimostrazioni sull'utilizzo della stampante 3D.<\/div>\n<\/div>\n<\/div>\n<\/div>\n<\/div>\n<\/div>\n<\/div>\n<\/div>\n<\/div>\n<\/div>\n<\/div><\/div><\/div><\/div><div id=\"pgc-11180-0-3\"  class=\"panel-grid-cell\" ><div id=\"panel-11180-0-3-0\" class=\"so-panel widget widget_black-studio-tinymce widget_black_studio_tinymce panel-first-child\" data-index=\"25\" ><h3 class=\"widget-title\">Importante ! nuova ragione sociale APS<\/h3><div class=\"textwidget\"><p><a href=\"https:\/\/www.296modelvenaria.it\/sito\/wp-content\/uploads\/2023\/05\/BigliettoVisita.png\" data-rel=\"lightbox-image-16\" data-rl_title=\"\" data-rl_caption=\"\" title=\"\"><img loading=\"lazy\" decoding=\"async\" class=\"alignnone wp-image-10950 size-large\" src=\"https:\/\/www.296modelvenaria.it\/sito\/wp-content\/uploads\/2023\/06\/comunicazione-APS-700x990.jpeg\" alt=\"\" width=\"680\" height=\"962\" srcset=\"https:\/\/www.296modelvenaria.it\/sito\/wp-content\/uploads\/2023\/06\/comunicazione-APS-700x990.jpeg 700w, https:\/\/www.296modelvenaria.it\/sito\/wp-content\/uploads\/2023\/06\/comunicazione-APS-212x300.jpeg 212w, https:\/\/www.296modelvenaria.it\/sito\/wp-content\/uploads\/2023\/06\/comunicazione-APS-768x1086.jpeg 768w, https:\/\/www.296modelvenaria.it\/sito\/wp-content\/uploads\/2023\/06\/comunicazione-APS-1086x1536.jpeg 1086w, https:\/\/www.296modelvenaria.it\/sito\/wp-content\/uploads\/2023\/06\/comunicazione-APS-106x150.jpeg 106w, https:\/\/www.296modelvenaria.it\/sito\/wp-content\/uploads\/2023\/06\/comunicazione-APS.jpeg 1414w\" sizes=\"auto, (max-width: 680px) 100vw, 680px\" \/><img loading=\"lazy\" decoding=\"async\" class=\"alignnone wp-image-10876 size-large\" src=\"https:\/\/www.296modelvenaria.it\/sito\/wp-content\/uploads\/2023\/05\/BigliettoVisita-700x467.png\" alt=\"\" width=\"680\" height=\"454\" srcset=\"https:\/\/www.296modelvenaria.it\/sito\/wp-content\/uploads\/2023\/05\/BigliettoVisita-700x467.png 700w, https:\/\/www.296modelvenaria.it\/sito\/wp-content\/uploads\/2023\/05\/BigliettoVisita-300x200.png 300w, https:\/\/www.296modelvenaria.it\/sito\/wp-content\/uploads\/2023\/05\/BigliettoVisita-150x100.png 150w, https:\/\/www.296modelvenaria.it\/sito\/wp-content\/uploads\/2023\/05\/BigliettoVisita-768x512.png 768w, https:\/\/www.296modelvenaria.it\/sito\/wp-content\/uploads\/2023\/05\/BigliettoVisita.png 1063w\" sizes=\"auto, (max-width: 680px) 100vw, 680px\" \/><\/a><\/p>\n<\/div><\/div><div id=\"panel-11180-0-3-1\" class=\"so-panel widget widget_sow-editor\" data-index=\"26\" ><div class=\"panel-widget-style panel-widget-style-for-11180-0-3-1\" ><div\n\t\t\t\n\t\t\tclass=\"so-widget-sow-editor so-widget-sow-editor-base\"\n\t\t\t\n\t\t><h3 class=\"widget-title\">Curiosit\u00e0 in Evidenza<\/h3>\n<div class=\"siteorigin-widget-tinymce textwidget\">\n\t<div class=\"textwidget\">\n<p><em><span style=\"font-family: arial, helvetica, sans-serif; font-size: 12pt;\"><a href=\"https:\/\/l.facebook.com\/l.php?u=http%3A%2F%2Fwww.imagomirabilis.net%2FLeonardo%2520Alter%2F%3Ffbclid%3DIwAR03wsIMD6VbQs-ZYcZHgxEFPcwmV_EhMgj8IWjg9_sczau9fNf8Aqkl8ig&amp;h=AT1Lmh23xNDFjDQEr7thN6qHTAxmwqxycGFsO1CrQnLFr4s87Y5vqGdS-W6vkvCAPwH28V7FvPLqSnQowXCBViz5bLvFeR38nSs4pzdz7VGMtAyNHR1WuDhaQZ5C&amp;__tn__=-UK-R&amp;c[0]=AT2jvEZHyEqFfiYD1LazFyEZ5ukOrS55HPF6XqPakwdcGI1KArizrTR2M1N_GBDP15oi1OChmg5XvjTBr3exTIs66nu7OoGnxsAbVkK7ieFl6ff_SryzDCTKhIJ_y3foya_qNU0Uah7bmovVXMIO9bLJpOVH5dUbdVg3DjDTV6DV6RM\">Virtual Tour Museo dell'Industria Aeronautica Leonardo<\/a><\/span><\/em><\/p>\n<\/div>\n<\/div>\n<\/div><\/div><\/div><div id=\"panel-11180-0-3-2\" class=\"so-panel widget widget_sow-slider\" data-index=\"27\" ><div\n\t\t\t\n\t\t\tclass=\"so-widget-sow-slider so-widget-sow-slider-default-c8034875f0ae-11180\"\n\t\t\t\n\t\t>\t\t\t\t<div class=\"sow-slider-base\" style=\"display: none\" tabindex=\"0\">\n\t\t\t\t\t<ul\n\t\t\t\t\tclass=\"sow-slider-images\"\n\t\t\t\t\tdata-settings=\"{&quot;pagination&quot;:true,&quot;speed&quot;:800,&quot;timeout&quot;:3000,&quot;paused&quot;:false,&quot;pause_on_hover&quot;:false,&quot;swipe&quot;:true,&quot;nav_always_show_desktop&quot;:&quot;&quot;,&quot;nav_always_show_mobile&quot;:&quot;&quot;,&quot;breakpoint&quot;:&quot;780px&quot;,&quot;unmute&quot;:false,&quot;anchor&quot;:null}\"\n\t\t\t\t\t\t\t\t\t\tdata-anchor-id=\"\"\n\t\t\t\t>\t\t<li class=\"sow-slider-image\" style=\"visibility: visible;\" >\n\t\t\t\t\t\t<img loading=\"lazy\" decoding=\"async\" width=\"500\" height=\"500\" src=\"https:\/\/www.296modelvenaria.it\/sito\/wp-content\/uploads\/2023\/05\/Logo-M-Dinamico.jpeg\" class=\"sow-slider-background-image\" alt=\"\" style=\"\" srcset=\"https:\/\/www.296modelvenaria.it\/sito\/wp-content\/uploads\/2023\/05\/Logo-M-Dinamico.jpeg 500w, https:\/\/www.296modelvenaria.it\/sito\/wp-content\/uploads\/2023\/05\/Logo-M-Dinamico-300x300.jpeg 300w, https:\/\/www.296modelvenaria.it\/sito\/wp-content\/uploads\/2023\/05\/Logo-M-Dinamico-150x150.jpeg 150w\" sizes=\"auto, (max-width: 500px) 100vw, 500px\" \/>\t\t<\/li>\n\t\t\t\t<li class=\"sow-slider-image\" style=\"visibility: hidden;\" >\n\t\t\t\t\t\t<img loading=\"lazy\" decoding=\"async\" width=\"526\" height=\"526\" src=\"https:\/\/www.296modelvenaria.it\/sito\/wp-content\/uploads\/2023\/05\/locandina-promo-dinamico.jpg\" class=\"sow-slider-background-image\" alt=\"\" style=\"\" srcset=\"https:\/\/www.296modelvenaria.it\/sito\/wp-content\/uploads\/2023\/05\/locandina-promo-dinamico.jpg 526w, https:\/\/www.296modelvenaria.it\/sito\/wp-content\/uploads\/2023\/05\/locandina-promo-dinamico-300x300.jpg 300w, https:\/\/www.296modelvenaria.it\/sito\/wp-content\/uploads\/2023\/05\/locandina-promo-dinamico-150x150.jpg 150w\" sizes=\"auto, (max-width: 526px) 100vw, 526px\" \/>\t\t<\/li>\n\t\t\t\t<li class=\"sow-slider-image\" style=\"visibility: hidden;\" >\n\t\t\t\t\t\t<img loading=\"lazy\" decoding=\"async\" width=\"1080\" height=\"1080\" src=\"https:\/\/www.296modelvenaria.it\/sito\/wp-content\/uploads\/2023\/02\/b7174c74-f9c8-42fc-b2ea-daa62919fde3.jpeg\" class=\"sow-slider-background-image\" alt=\"\" style=\"\" srcset=\"https:\/\/www.296modelvenaria.it\/sito\/wp-content\/uploads\/2023\/02\/b7174c74-f9c8-42fc-b2ea-daa62919fde3.jpeg 1080w, https:\/\/www.296modelvenaria.it\/sito\/wp-content\/uploads\/2023\/02\/b7174c74-f9c8-42fc-b2ea-daa62919fde3-300x300.jpeg 300w, https:\/\/www.296modelvenaria.it\/sito\/wp-content\/uploads\/2023\/02\/b7174c74-f9c8-42fc-b2ea-daa62919fde3-700x700.jpeg 700w, https:\/\/www.296modelvenaria.it\/sito\/wp-content\/uploads\/2023\/02\/b7174c74-f9c8-42fc-b2ea-daa62919fde3-768x768.jpeg 768w, https:\/\/www.296modelvenaria.it\/sito\/wp-content\/uploads\/2023\/02\/b7174c74-f9c8-42fc-b2ea-daa62919fde3-150x150.jpeg 150w\" sizes=\"auto, (max-width: 1080px) 100vw, 1080px\" \/>\t\t<\/li>\n\t\t<\/ul>\t\t\t\t<ol class=\"sow-slider-pagination\">\n\t\t\t\t\t\t\t\t\t\t\t<li><a href=\"#\" data-goto=\"0\" aria-label=\"Display slide 1\"><\/a><\/li>\n\t\t\t\t\t\t\t\t\t\t\t<li><a href=\"#\" data-goto=\"1\" aria-label=\"Display slide 2\"><\/a><\/li>\n\t\t\t\t\t\t\t\t\t\t\t<li><a href=\"#\" data-goto=\"2\" aria-label=\"Display slide 3\"><\/a><\/li>\n\t\t\t\t\t\t\t\t\t<\/ol>\n\n\t\t\t\t<div class=\"sow-slide-nav sow-slide-nav-next\">\n\t\t\t\t\t<a href=\"#\" data-goto=\"next\" aria-label=\"Next slide\" data-action=\"next\">\n\t\t\t\t\t\t<em class=\"sow-sld-icon-ultra-thin-rounded-right\"><\/em>\n\t\t\t\t\t<\/a>\n\t\t\t\t<\/div>\n\n\t\t\t\t<div class=\"sow-slide-nav sow-slide-nav-prev\">\n\t\t\t\t\t<a href=\"#\" data-goto=\"previous\" aria-label=\"Previous slide\" data-action=\"prev\">\n\t\t\t\t\t\t<em class=\"sow-sld-icon-ultra-thin-rounded-left\"><\/em>\n\t\t\t\t\t<\/a>\n\t\t\t\t<\/div>\n\t\t\t\t<\/div><\/div><\/div><div id=\"panel-11180-0-3-3\" class=\"so-panel widget widget_sow-editor\" data-index=\"28\" ><div class=\"panel-widget-style panel-widget-style-for-11180-0-3-3\" ><div\n\t\t\t\n\t\t\tclass=\"so-widget-sow-editor so-widget-sow-editor-base\"\n\t\t\t\n\t\t>\n<div class=\"siteorigin-widget-tinymce textwidget\">\n\t<p style=\"text-align: justify;\"><span style=\"font-size: 10pt;\"><em><span style=\"font-family: arial, helvetica, sans-serif;\">Il 296 Model Venaria ha stipulato una convenzione con il <a href=\"https:\/\/www.teatrodellaconcordia.it\/\">Teatro Concordia di Venaria Reale<\/a> che troverete in allegato. <\/span><\/em><em><span style=\"font-family: arial, helvetica, sans-serif;\">Questo ci permetter\u00e0 di poter acquistare i biglietti di tantissimi spettacoli con il 25% di sconto rispetto al costo normale. <\/span><\/em><em><span style=\"font-family: arial, helvetica, sans-serif;\">Per poter usufruire di questo sconto occorre presentare la tessera del 296 Model Venaria\u00a0<span style=\"color: #ff0000;\"><b>validata per l'anno in corso<\/b>\u00a0<\/span>ed un documento di identit\u00e0. (<a href=\"https:\/\/www.296modelvenaria.it\/sito\/wp-content\/uploads\/2022\/10\/convezione-modelliso.pdf\">convenzione<\/a> )<\/span><\/em><\/span><\/p>\n<\/div>\n<\/div><\/div><\/div><div id=\"panel-11180-0-3-4\" class=\"so-panel widget widget_metaslider_widget\" data-index=\"29\" ><div id=\"metaslider-id-1527\" style=\"width: 100%; margin: 0 auto;\" class=\"ml-slider-3-106-0 metaslider metaslider-flex metaslider-1527 ml-slider ms-theme-default nav-hidden\" role=\"region\" aria-label=\"home\" data-height=\"480\" data-width=\"640\">\n    <div id=\"metaslider_container_1527\">\n        <div id=\"metaslider_1527\">\n            <ul class='slides'>\n                <li style=\"display: block; width: 100%;\" class=\"slide-2132 ms-image \" aria-roledescription=\"slide\" data-date=\"2017-07-19 16:38:14\" data-filename=\"soce-493x369.jpg\" data-slide-type=\"image\"><a href=\"welcome\" target=\"_self\" aria-label=\"Visualizza i dettagli della diapositiva\" class=\"metaslider_image_link\"><img loading=\"lazy\" decoding=\"async\" src=\"https:\/\/www.296modelvenaria.it\/sito\/wp-content\/uploads\/2019\/03\/soce-493x369.jpg\" height=\"480\" width=\"640\" alt=\"\" class=\"slider-1527 slide-2132 msDefaultImage\" \/><\/a><div class=\"caption-wrap\"><div class=\"caption\">Le colleghe<\/div><\/div><\/li>\n                <li style=\"display: none; width: 100%;\" class=\"slide-798 ms-image \" aria-roledescription=\"slide\" data-date=\"2016-01-09 23:26:52\" data-filename=\"12540954_10206998259626512_6723567257903422229_n-640x480.jpg\" data-slide-type=\"image\"><a href=\"welcome\" target=\"_self\" aria-label=\"Visualizza i dettagli della diapositiva\" class=\"metaslider_image_link\"><img loading=\"lazy\" decoding=\"async\" src=\"https:\/\/www.296modelvenaria.it\/sito\/wp-content\/uploads\/2016\/01\/12540954_10206998259626512_6723567257903422229_n-640x480.jpg\" height=\"480\" width=\"640\" alt=\"\" class=\"slider-1527 slide-798 msDefaultImage\" \/><\/a><div class=\"caption-wrap\"><div class=\"caption\">I corsi e i nostri esperti<\/div><\/div><\/li>\n                <li style=\"display: none; width: 100%;\" class=\"slide-758 ms-image \" aria-roledescription=\"slide\" data-date=\"2016-01-09 19:46:34\" data-filename=\"12508836_10206991741983575_2659665484247806142_n-640x480.jpg\" data-slide-type=\"image\"><a href=\"welcome\" target=\"_self\" aria-label=\"Visualizza i dettagli della diapositiva\" class=\"metaslider_image_link\"><img loading=\"lazy\" decoding=\"async\" src=\"https:\/\/www.296modelvenaria.it\/sito\/wp-content\/uploads\/2016\/01\/12508836_10206991741983575_2659665484247806142_n-640x480.jpg\" height=\"480\" width=\"640\" alt=\"\" class=\"slider-1527 slide-758 msDefaultImage\" \/><\/a><div class=\"caption-wrap\"><div class=\"caption\">Esperienze condivise <\/div><\/div><\/li>\n                <li style=\"display: none; width: 100%;\" class=\"slide-2274 ms-image \" aria-roledescription=\"slide\" data-date=\"2017-09-23 22:18:30\" data-filename=\"lavoro-finito-640x480.jpg\" data-slide-type=\"image\"><a href=\"welcome\" target=\"_self\" aria-label=\"Visualizza i dettagli della diapositiva\" class=\"metaslider_image_link\"><img loading=\"lazy\" decoding=\"async\" src=\"https:\/\/www.296modelvenaria.it\/sito\/wp-content\/uploads\/2017\/09\/lavoro-finito-640x480.jpg\" height=\"480\" width=\"640\" alt=\"\" class=\"slider-1527 slide-2274 msDefaultImage\" \/><\/a><div class=\"caption-wrap\"><div class=\"caption\">Dopo tante ore il lavoro \u00e8 finito ....<\/div><\/div><\/li>\n                <li style=\"display: none; width: 100%;\" class=\"slide-4758 ms-image \" aria-roledescription=\"slide\" data-date=\"2018-11-29 15:31:06\" data-filename=\"43952162_10215095142563525_4386903179799822336_n-640x480.jpg\" data-slide-type=\"image\"><a href=\"welcome\" target=\"_self\" aria-label=\"Visualizza i dettagli della diapositiva\" class=\"metaslider_image_link\"><img loading=\"lazy\" decoding=\"async\" src=\"https:\/\/www.296modelvenaria.it\/sito\/wp-content\/uploads\/2018\/09\/43952162_10215095142563525_4386903179799822336_n-640x480.jpg\" height=\"480\" width=\"640\" alt=\"\" class=\"slider-1527 slide-4758 msDefaultImage\" title=\"43952162_10215095142563525_4386903179799822336_n\" \/><\/a><div class=\"caption-wrap\"><div class=\"caption\">Siamo tanti di pi\u00f9<\/div><\/div><\/li>\n                <li style=\"display: none; width: 100%;\" class=\"slide-4763 ms-image \" aria-roledescription=\"slide\" data-date=\"2018-11-30 18:02:36\" data-filename=\"medaglie-2018-640x480.jpeg\" data-slide-type=\"image\"><a href=\"welcome\" target=\"_self\" aria-label=\"Visualizza i dettagli della diapositiva\" class=\"metaslider_image_link\"><img loading=\"lazy\" decoding=\"async\" src=\"https:\/\/www.296modelvenaria.it\/sito\/wp-content\/uploads\/2018\/11\/medaglie-2018-640x480.jpeg\" height=\"480\" width=\"640\" alt=\"\" class=\"slider-1527 slide-4763 msDefaultImage\" title=\"medaglie-2018\" \/><\/a><div class=\"caption-wrap\"><div class=\"caption\">Alcuni premi vinti da i nostri soci a concorsi nazionali di modellismo<\/div><\/div><\/li>\n                <li style=\"display: none; width: 100%;\" class=\"slide-6925 ms-image \" aria-roledescription=\"slide\" data-date=\"2019-09-05 09:53:35\" data-filename=\"index-640x480.jpeg\" data-slide-type=\"image\"><a href=\"welcome\" target=\"_self\" aria-label=\"Visualizza i dettagli della diapositiva\" class=\"metaslider_image_link\"><img loading=\"lazy\" decoding=\"async\" src=\"https:\/\/www.296modelvenaria.it\/sito\/wp-content\/uploads\/2019\/04\/index-640x480.jpeg\" height=\"480\" width=\"640\" alt=\"\" class=\"slider-1527 slide-6925 msDefaultImage\" title=\"index\" \/><\/a><div class=\"caption-wrap\"><div class=\"caption\">I nostri ospiti e visitatori<\/div><\/div><\/li>\n                <li style=\"display: none; width: 100%;\" class=\"slide-6926 ms-image \" aria-roledescription=\"slide\" data-date=\"2019-09-05 09:54:58\" data-filename=\"gruppo-2019-04-08-at-19.46.19-640x480.jpeg\" data-slide-type=\"image\"><a href=\"welcome\" target=\"_self\" aria-label=\"Visualizza i dettagli della diapositiva\" class=\"metaslider_image_link\"><img loading=\"lazy\" decoding=\"async\" src=\"https:\/\/www.296modelvenaria.it\/sito\/wp-content\/uploads\/2019\/04\/gruppo-2019-04-08-at-19.46.19-640x480.jpeg\" height=\"480\" width=\"640\" alt=\"\" class=\"slider-1527 slide-6926 msDefaultImage\" title=\"gruppo 2019-04-08 at 19.46.19\" \/><\/a><div class=\"caption-wrap\"><div class=\"caption\">Visite didattiche<\/div><\/div><\/li>\n                <li style=\"display: none; width: 100%;\" class=\"slide-6927 ms-image \" aria-roledescription=\"slide\" data-date=\"2019-09-05 09:56:40\" data-filename=\"gruppo-allargato-2-vicino-640x480.jpg\" data-slide-type=\"image\"><a href=\"welcome\" target=\"_self\" aria-label=\"Visualizza i dettagli della diapositiva\" class=\"metaslider_image_link\"><img loading=\"lazy\" decoding=\"async\" src=\"https:\/\/www.296modelvenaria.it\/sito\/wp-content\/uploads\/2016\/01\/gruppo-allargato-2-vicino-640x480.jpg\" height=\"480\" width=\"640\" alt=\"\" class=\"slider-1527 slide-6927 msDefaultImage\" title=\"gruppo allargato 2 vicino\" \/><\/a><div class=\"caption-wrap\"><div class=\"caption\">Gite memorabili<\/div><\/div><\/li>\n                <li style=\"display: none; width: 100%;\" class=\"slide-6928 ms-image \" aria-roledescription=\"slide\" data-date=\"2019-09-05 10:00:21\" data-filename=\"IMG-20180505-WA0014-640x480.jpg\" data-slide-type=\"image\"><a href=\"welcome\" target=\"_self\" aria-label=\"Visualizza i dettagli della diapositiva\" class=\"metaslider_image_link\"><img loading=\"lazy\" decoding=\"async\" src=\"https:\/\/www.296modelvenaria.it\/sito\/wp-content\/uploads\/2018\/05\/IMG-20180505-WA0014-640x480.jpg\" height=\"480\" width=\"640\" alt=\"\" class=\"slider-1527 slide-6928 msDefaultImage\" title=\"IMG-20180505-WA0014\" \/><\/a><div class=\"caption-wrap\"><div class=\"caption\">Attivit\u00e0 con le scuole <\/div><\/div><\/li>\n            <\/ul>\n        <\/div>\n        \n    <\/div>\n<\/div><\/div><div id=\"panel-11180-0-3-5\" class=\"so-panel widget widget_sow-editor\" data-index=\"30\" ><div class=\"panel-widget-style panel-widget-style-for-11180-0-3-5\" ><div\n\t\t\t\n\t\t\tclass=\"so-widget-sow-editor so-widget-sow-editor-base\"\n\t\t\t\n\t\t>\n<div class=\"siteorigin-widget-tinymce textwidget\">\n\t<h5 style=\"text-align: left;\"><a title=\"appuntamenti COMS 2022\" href=\"https:\/\/www.cims-modellismo.it\/calend2022.htm\"><em><span style=\"font-size: 10pt;\">Appuntamenti modellistici CIMS 2023<\/span><strong>\u00a0<\/strong><\/em><span style=\"font-size: 10pt;\"><em>(di cui fa parte anche la nostra associazione)<\/em><\/span><\/a><\/h5>\n<p>&nbsp;<\/p>\n<p><a href=\"https:\/\/www.cims-modellismo.it\/calend2023.htm\"><img loading=\"lazy\" decoding=\"async\" class=\"aligncenter wp-image-6323\" title=\"http:\/\/www.cims-modellismo.it\/calend2021.htm\" src=\"http:\/\/www.296modelvenaria.it\/sito\/wp-content\/uploads\/2019\/03\/immagine_calendariocims-300x263.jpg\" alt=\"\" width=\"200\" height=\"175\" srcset=\"https:\/\/www.296modelvenaria.it\/sito\/wp-content\/uploads\/2019\/03\/immagine_calendariocims-300x263.jpg 300w, https:\/\/www.296modelvenaria.it\/sito\/wp-content\/uploads\/2019\/03\/immagine_calendariocims-150x131.jpg 150w, https:\/\/www.296modelvenaria.it\/sito\/wp-content\/uploads\/2019\/03\/immagine_calendariocims.jpg 440w\" sizes=\"auto, (max-width: 200px) 100vw, 200px\" \/><\/a><\/p>\n<p style=\"text-align: left;\">\n<\/div>\n<\/div><\/div><\/div><div id=\"panel-11180-0-3-6\" class=\"so-panel widget widget_metaslider_widget\" data-index=\"31\" ><h3 class=\"widget-title\">Alcuni lavori dei soci<\/h3><div id=\"metaslider-id-6363\" style=\"max-width: 700px; margin: 0 auto;\" class=\"ml-slider-3-106-0 metaslider metaslider-flex metaslider-6363 ml-slider ms-theme-simply-dark nav-hidden nav-hidden\" role=\"region\" aria-label=\"galleria\" data-height=\"450\" data-width=\"700\">\n    <div id=\"metaslider_container_6363\">\n        <div id=\"metaslider_6363\" class=\"flexslider\">\n            <ul class='slides'>\n                <li style=\"display: block; width: 100%;\" class=\"slide-8287 ms-image \" aria-roledescription=\"slide\" data-date=\"2020-05-11 11:28:43\" data-filename=\"Yacut-Windstorm-60-700x450.jpg\" data-slide-type=\"image\"><a href=\"https:\/\/www.flickr.com\/photos\/187715450@N04\/albums\/72157714180553477\" target=\"_self\" aria-label=\"Visualizza i dettagli della diapositiva\" class=\"metaslider_image_link\"><img loading=\"lazy\" decoding=\"async\" src=\"https:\/\/www.296modelvenaria.it\/sito\/wp-content\/uploads\/2020\/05\/Yacut-Windstorm-60-700x450.jpg\" height=\"450\" width=\"700\" alt=\"\" class=\"slider-6363 slide-8287 msDefaultImage\" title=\"Yacut Windstorm 60\" \/><\/a><div class=\"caption-wrap\"><div class=\"caption\">Cav.Gian Battista Ruffino<\/div><\/div><\/li>\n                <li style=\"display: none; width: 100%;\" class=\"slide-7232 ms-image \" aria-roledescription=\"slide\" data-date=\"2019-11-16 17:09:33\" data-filename=\"Cacciacarri-Sturm-IV-scala-1-35-teatro-europeo-700x450.jpeg\" data-slide-type=\"image\"><a href=\"https:\/\/www.flickr.com\/photos\/162792163@N02\/albums\/72157711804837666\" target=\"_self\" aria-label=\"Visualizza i dettagli della diapositiva\" class=\"metaslider_image_link\"><img loading=\"lazy\" decoding=\"async\" src=\"https:\/\/www.296modelvenaria.it\/sito\/wp-content\/uploads\/2019\/11\/Cacciacarri-Sturm-IV-scala-1-35-teatro-europeo-700x450.jpeg\" height=\"450\" width=\"700\" alt=\"\" class=\"slider-6363 slide-7232 msDefaultImage\" title=\"Cacciacarri Sturm IV scala 1 35 teatro europeo\" \/><\/a><div class=\"caption-wrap\"><div class=\"caption\">Piero Carmine<\/div><\/div><\/li>\n                <li style=\"display: none; width: 100%;\" class=\"slide-6364 ms-image \" aria-roledescription=\"slide\" data-date=\"2019-03-06 21:56:30\" data-filename=\"angelo-matta-700x450.jpg\" data-slide-type=\"image\"><a href=\"https:\/\/www.flickr.com\/photos\/162792163@N02\/collections\/72157711816338813\/\" target=\"_self\" aria-label=\"Visualizza i dettagli della diapositiva\" class=\"metaslider_image_link\"><img loading=\"lazy\" decoding=\"async\" src=\"https:\/\/www.296modelvenaria.it\/sito\/wp-content\/uploads\/2017\/11\/angelo-matta-700x450.jpg\" height=\"450\" width=\"700\" alt=\"\" class=\"slider-6363 slide-6364 msDefaultImage\" title=\"angelo-matta\" \/><\/a><div class=\"caption-wrap\"><div class=\"caption\">Angelo Matta<\/div><\/div><\/li>\n                <li style=\"display: none; width: 100%;\" class=\"slide-6627 ms-image \" aria-roledescription=\"slide\" data-date=\"2019-04-25 18:00:03\" data-filename=\"20181027_120744-scaled-700x450.jpg\" data-slide-type=\"image\"><a href=\"https:\/\/www.flickr.com\/photos\/162792163@N02\/albums\/72157680042696288\" target=\"_self\" aria-label=\"Visualizza i dettagli della diapositiva\" class=\"metaslider_image_link\"><img loading=\"lazy\" decoding=\"async\" src=\"https:\/\/www.296modelvenaria.it\/sito\/wp-content\/uploads\/2019\/04\/20181027_120744-scaled-700x450.jpg\" height=\"450\" width=\"700\" alt=\"\" class=\"slider-6363 slide-6627 msDefaultImage\" title=\"20181027_120744\" \/><\/a><div class=\"caption-wrap\"><div class=\"caption\">Cristina Derochi<\/div><\/div><\/li>\n                <li style=\"display: none; width: 100%;\" class=\"slide-8059 ms-image \" aria-roledescription=\"slide\" data-date=\"2020-03-29 17:36:25\" data-filename=\"Fiat-600-1-700x450.jpeg\" data-slide-type=\"image\"><a href=\"https:\/\/www.flickr.com\/photos\/162792163@N02\/albums\/72157713606450852\" target=\"_self\" aria-label=\"Visualizza i dettagli della diapositiva\" class=\"metaslider_image_link\"><img loading=\"lazy\" decoding=\"async\" src=\"https:\/\/www.296modelvenaria.it\/sito\/wp-content\/uploads\/2020\/03\/Fiat-600-1-700x450.jpeg\" height=\"450\" width=\"700\" alt=\"\" class=\"slider-6363 slide-8059 msDefaultImage\" title=\"Fiat 600 -1\" \/><\/a><div class=\"caption-wrap\"><div class=\"caption\">Giuseppe Stramaglia<\/div><\/div><\/li>\n                <li style=\"display: none; width: 100%;\" class=\"slide-8274 ms-image \" aria-roledescription=\"slide\" data-date=\"2020-04-30 11:58:16\" data-filename=\"cropped-296_logo1-248x160.jpeg\" data-slide-type=\"image\"><a href=\"http:\/\/www.296modelvenaria.it\/sito\/foto-gallery\" target=\"_self\" aria-label=\"Visualizza i dettagli della diapositiva\" class=\"metaslider_image_link\"><img loading=\"lazy\" decoding=\"async\" src=\"https:\/\/www.296modelvenaria.it\/sito\/wp-content\/uploads\/2019\/11\/cropped-296_logo1-248x160.jpeg\" height=\"450\" width=\"700\" alt=\"\" class=\"slider-6363 slide-8274 msDefaultImage\" title=\"cropped-296_logo1.jpeg\" \/><\/a><div class=\"caption-wrap\"><div class=\"caption\">Vai alla pagina dei Soci<\/div><\/div><\/li>\n                <li style=\"display: none; width: 100%;\" class=\"slide-8061 ms-image \" aria-roledescription=\"slide\" data-date=\"2020-03-29 17:38:46\" data-filename=\"nave-passeggeri-Andrea-Doria--700x450.jpg\" data-slide-type=\"image\"><a href=\"https:\/\/www.flickr.com\/photos\/162792163@N02\/albums\/72157713668789561\" target=\"_self\" aria-label=\"Visualizza i dettagli della diapositiva\" class=\"metaslider_image_link\"><img loading=\"lazy\" decoding=\"async\" src=\"https:\/\/www.296modelvenaria.it\/sito\/wp-content\/uploads\/2020\/03\/nave-passeggeri-Andrea-Doria--700x450.jpg\" height=\"450\" width=\"700\" alt=\"\" class=\"slider-6363 slide-8061 msDefaultImage\" title=\"nave passeggeri Andrea Doria\" \/><\/a><div class=\"caption-wrap\"><div class=\"caption\">Giovanni Reviglio<\/div><\/div><\/li>\n                <li style=\"display: none; width: 100%;\" class=\"slide-6629 ms-image \" aria-roledescription=\"slide\" data-date=\"2019-04-25 18:02:14\" data-filename=\"20171217_174532.resized-700x450.jpg\" data-slide-type=\"image\"><a href=\"https:\/\/www.flickr.com\/photos\/162792163@N02\/albums\/72157680068225878\" target=\"_self\" aria-label=\"Visualizza i dettagli della diapositiva\" class=\"metaslider_image_link\"><img loading=\"lazy\" decoding=\"async\" src=\"https:\/\/www.296modelvenaria.it\/sito\/wp-content\/uploads\/2019\/04\/20171217_174532.resized-700x450.jpg\" height=\"450\" width=\"700\" alt=\"\" class=\"slider-6363 slide-6629 msDefaultImage\" title=\"20171217_174532.resized\" \/><\/a><div class=\"caption-wrap\"><div class=\"caption\">Riccardo Mantovan<\/div><\/div><\/li>\n                <li style=\"display: none; width: 100%;\" class=\"slide-6370 ms-image \" aria-roledescription=\"slide\" data-date=\"2019-03-06 22:04:57\" data-filename=\"183d959082918d63bce10924aab8f937-640x411.jpg\" data-slide-type=\"image\"><a href=\"https:\/\/www.flickr.com\/photos\/162792163@N02\/albums\/72157694079886885\" target=\"_self\" aria-label=\"Visualizza i dettagli della diapositiva\" class=\"metaslider_image_link\"><img loading=\"lazy\" decoding=\"async\" src=\"https:\/\/www.296modelvenaria.it\/sito\/wp-content\/uploads\/2016\/01\/183d959082918d63bce10924aab8f937-640x411.jpg\" height=\"450\" width=\"700\" alt=\"\" class=\"slider-6363 slide-6370 msDefaultImage\" title=\"183d959082918d63bce10924aab8f937\" \/><\/a><div class=\"caption-wrap\"><div class=\"caption\">Francesco Marchese<\/div><\/div><\/li>\n                <li style=\"display: none; width: 100%;\" class=\"slide-6369 ms-image \" aria-roledescription=\"slide\" data-date=\"2019-03-06 21:57:58\" data-filename=\"6-N-2017-640x411.jpg\" data-slide-type=\"image\"><img loading=\"lazy\" decoding=\"async\" src=\"https:\/\/www.296modelvenaria.it\/sito\/wp-content\/uploads\/2017\/12\/6-N-2017-640x411.jpg\" height=\"450\" width=\"700\" alt=\"\" class=\"slider-6363 slide-6369 msDefaultImage\" title=\"6-N-2017\" \/><div class=\"caption-wrap\"><div class=\"caption\">Albino Ingrassia<\/div><\/div><\/li>\n                <li style=\"display: none; width: 100%;\" class=\"slide-7533 ms-image \" aria-roledescription=\"slide\" data-date=\"2020-01-05 19:31:32\" data-filename=\"ferrovia-4-700x450.jpeg\" data-slide-type=\"image\"><a href=\"https:\/\/www.flickr.com\/photos\/162792163@N02\/albums\/72157712528547436\" target=\"_self\" aria-label=\"Visualizza i dettagli della diapositiva\" class=\"metaslider_image_link\"><img loading=\"lazy\" decoding=\"async\" src=\"https:\/\/www.296modelvenaria.it\/sito\/wp-content\/uploads\/2020\/01\/ferrovia-4-700x450.jpeg\" height=\"450\" width=\"700\" alt=\"\" class=\"slider-6363 slide-7533 msDefaultImage\" title=\"ferrovia 4\" \/><\/a><div class=\"caption-wrap\"><div class=\"caption\">Lorenzo e Marco Zambelli<\/div><\/div><\/li>\n                <li style=\"display: none; width: 100%;\" class=\"slide-6625 ms-image \" aria-roledescription=\"slide\" data-date=\"2019-04-25 17:55:32\" data-filename=\"lucherino-1-700x450.jpg\" data-slide-type=\"image\"><a href=\"https:\/\/www.flickr.com\/photos\/109184205@N05\/albums\/with\/72157692660370002\" target=\"_self\" aria-label=\"Visualizza i dettagli della diapositiva\" class=\"metaslider_image_link\"><img loading=\"lazy\" decoding=\"async\" src=\"https:\/\/www.296modelvenaria.it\/sito\/wp-content\/uploads\/2019\/04\/lucherino-1-700x450.jpg\" height=\"450\" width=\"700\" alt=\"\" class=\"slider-6363 slide-6625 msDefaultImage\" title=\"lucherino 1\" \/><\/a><div class=\"caption-wrap\"><div class=\"caption\">Carlo Rionda<\/div><\/div><\/li>\n                <li style=\"display: none; width: 100%;\" class=\"slide-6633 ms-image \" aria-roledescription=\"slide\" data-date=\"2019-04-27 17:22:45\" data-filename=\"2carro-armato-medio-T34-76-URSS.-Germania-marzo-1945-700x450.jpeg\" data-slide-type=\"image\"><a href=\"https:\/\/www.flickr.com\/photos\/162792163@N02\/albums\/72157677950448287\" target=\"_self\" aria-label=\"Visualizza i dettagli della diapositiva\" class=\"metaslider_image_link\"><img loading=\"lazy\" decoding=\"async\" src=\"https:\/\/www.296modelvenaria.it\/sito\/wp-content\/uploads\/2019\/04\/2carro-armato-medio-T34-76-URSS.-Germania-marzo-1945-700x450.jpeg\" height=\"450\" width=\"700\" alt=\"\" class=\"slider-6363 slide-6633 msDefaultImage\" title=\"2carro armato medio T34-76 (URSS). Germania marzo 1945\" \/><\/a><div class=\"caption-wrap\"><div class=\"caption\">Carlo Martini<\/div><\/div><\/li>\n                <li style=\"display: none; width: 100%;\" class=\"slide-6365 ms-image \" aria-roledescription=\"slide\" data-date=\"2019-03-06 21:56:50\" data-filename=\"angelo-peluso-700x450.jpg\" data-slide-type=\"image\"><img loading=\"lazy\" decoding=\"async\" src=\"https:\/\/www.296modelvenaria.it\/sito\/wp-content\/uploads\/2017\/11\/angelo-peluso-700x450.jpg\" height=\"450\" width=\"700\" alt=\"\" class=\"slider-6363 slide-6365 msDefaultImage\" title=\"angelo-peluso\" \/><div class=\"caption-wrap\"><div class=\"caption\">Angelo Peluso<\/div><\/div><\/li>\n                <li style=\"display: none; width: 100%;\" class=\"slide-6368 ms-image \" aria-roledescription=\"slide\" data-date=\"2019-03-06 21:57:46\" data-filename=\"3-N-2017-640x411.jpg\" data-slide-type=\"image\"><img loading=\"lazy\" decoding=\"async\" src=\"https:\/\/www.296modelvenaria.it\/sito\/wp-content\/uploads\/2017\/12\/3-N-2017-640x411.jpg\" height=\"450\" width=\"700\" alt=\"\" class=\"slider-6363 slide-6368 msDefaultImage\" title=\"3-N-2017\" \/><div class=\"caption-wrap\"><div class=\"caption\">Giuliano Spagnol<\/div><\/div><\/li>\n                <li style=\"display: none; width: 100%;\" class=\"slide-6366 ms-image \" aria-roledescription=\"slide\" data-date=\"2019-03-06 21:57:07\" data-filename=\"4-N-2017-640x411.jpg\" data-slide-type=\"image\"><img loading=\"lazy\" decoding=\"async\" src=\"https:\/\/www.296modelvenaria.it\/sito\/wp-content\/uploads\/2017\/12\/4-N-2017-640x411.jpg\" height=\"450\" width=\"700\" alt=\"\" class=\"slider-6363 slide-6366 msDefaultImage\" title=\"4-N-2017\" \/><div class=\"caption-wrap\"><div class=\"caption\">Luigi Gambino<\/div><\/div><\/li>\n            <\/ul>\n        <\/div>\n        \n    <\/div>\n<\/div><\/div><div id=\"panel-11180-0-3-7\" class=\"so-panel widget widget_sow-editor\" data-index=\"32\" ><div class=\"panel-widget-style panel-widget-style-for-11180-0-3-7\" ><div\n\t\t\t\n\t\t\tclass=\"so-widget-sow-editor so-widget-sow-editor-base\"\n\t\t\t\n\t\t>\n<div class=\"siteorigin-widget-tinymce textwidget\">\n\t<p><span style=\"color: #000000; font-size: 8pt; font-family: arial, helvetica, sans-serif;\"><em>Nel 2022 questo sito ha raggiunto 8.900 visite leggermente superiori al 2021\u00a0 un ottimo risultato\u00a0 grazie.<\/em><\/span><\/p>\n<p style=\"text-align: right;\"><span style=\"font-size: 8pt; font-family: arial, helvetica, sans-serif; color: #000000;\">Il webmaster Carlo Rionda<\/span><\/p>\n<\/div>\n<\/div><\/div><\/div><div id=\"panel-11180-0-3-8\" class=\"so-panel widget widget_nav_menu panel-last-child\" data-index=\"33\" ><h3 class=\"widget-title\">menu rapido<\/h3><div class=\"menu-breve-container\"><ul id=\"menu-breve\" class=\"menu\"><li id=\"menu-item-9388\" class=\"menu-item menu-item-type-post_type menu-item-object-page menu-item-9388\"><a href=\"https:\/\/www.296modelvenaria.it\/sito\/?page_id=9381\">Area riservata ai Soci<\/a><\/li>\n<li id=\"menu-item-3628\" class=\"menu-item menu-item-type-post_type menu-item-object-page menu-item-home menu-item-3628\"><a href=\"https:\/\/www.296modelvenaria.it\/sito\/\">Home.<\/a><\/li>\n<li id=\"menu-item-3630\" class=\"menu-item menu-item-type-post_type menu-item-object-page menu-item-3630\"><a href=\"https:\/\/www.296modelvenaria.it\/sito\/?page_id=19\">L&#8217;Associazione 296 Model Venaria aps si sta trasferendo<\/a><\/li>\n<li id=\"menu-item-4315\" class=\"menu-item menu-item-type-post_type menu-item-object-page menu-item-privacy-policy menu-item-4315\"><a rel=\"privacy-policy\" href=\"https:\/\/www.296modelvenaria.it\/sito\/?page_id=4301\">Privacy policy<\/a><\/li>\n<\/ul><\/div><\/div><\/div><\/div><div id=\"pg-11180-1\"  class=\"panel-grid panel-no-style\" ><div id=\"pgc-11180-1-0\"  class=\"panel-grid-cell\" ><div id=\"panel-11180-1-0-0\" class=\"so-panel widget widget_sow-editor panel-first-child panel-last-child\" data-index=\"34\" ><div\n\t\t\t\n\t\t\tclass=\"so-widget-sow-editor so-widget-sow-editor-base\"\n\t\t\t\n\t\t>\n<div class=\"siteorigin-widget-tinymce textwidget\">\n\t<p><em><strong><\/strong><\/em><\/p><\/p>\n<\/div>\n<\/div><\/div><\/div><\/div><\/div>","protected":false},"excerpt":{"rendered":"<p>Regolamento Concorso Scheda liberatoria Lavori in corso di realizzazione\u00a0 presso la Sede dell&#8217;associazione 296 Model Venaria in via Picco con la partecipazione dei soci esperti del Club . Due navi in costruzione utilizzando stampa 3D e tecniche varie sotto il progetto e la guida del socio Giovanni Reviglio importante e\u2026<\/p>\n<p> <a class=\"continue-reading-link\" href=\"https:\/\/www.296modelvenaria.it\/sito\/?page_id=11180\"><span>Continue reading<\/span><i class=\"crycon-right-dir\"><\/i><\/a> <\/p>\n","protected":false},"author":2,"featured_media":3046,"parent":0,"menu_order":0,"comment_status":"closed","ping_status":"closed","template":"templates\/template-onecolumn.php","meta":{"footnotes":""},"class_list":["post-11180","page","type-page","status-publish","has-post-thumbnail","hentry"],"_links":{"self":[{"href":"https:\/\/www.296modelvenaria.it\/sito\/index.php?rest_route=\/wp\/v2\/pages\/11180","targetHints":{"allow":["GET"]}}],"collection":[{"href":"https:\/\/www.296modelvenaria.it\/sito\/index.php?rest_route=\/wp\/v2\/pages"}],"about":[{"href":"https:\/\/www.296modelvenaria.it\/sito\/index.php?rest_route=\/wp\/v2\/types\/page"}],"author":[{"embeddable":true,"href":"https:\/\/www.296modelvenaria.it\/sito\/index.php?rest_route=\/wp\/v2\/users\/2"}],"replies":[{"embeddable":true,"href":"https:\/\/www.296modelvenaria.it\/sito\/index.php?rest_route=%2Fwp%2Fv2%2Fcomments&post=11180"}],"version-history":[{"count":2,"href":"https:\/\/www.296modelvenaria.it\/sito\/index.php?rest_route=\/wp\/v2\/pages\/11180\/revisions"}],"predecessor-version":[{"id":11183,"href":"https:\/\/www.296modelvenaria.it\/sito\/index.php?rest_route=\/wp\/v2\/pages\/11180\/revisions\/11183"}],"wp:featuredmedia":[{"embeddable":true,"href":"https:\/\/www.296modelvenaria.it\/sito\/index.php?rest_route=\/wp\/v2\/media\/3046"}],"wp:attachment":[{"href":"https:\/\/www.296modelvenaria.it\/sito\/index.php?rest_route=%2Fwp%2Fv2%2Fmedia&parent=11180"}],"curies":[{"name":"wp","href":"https:\/\/api.w.org\/{rel}","templated":true}]}}