{"id":115,"date":"2014-07-26T10:11:38","date_gmt":"2014-07-26T08:11:38","guid":{"rendered":"http:\/\/www.296modelvenaria.it\/sito\/?page_id=115"},"modified":"2017-07-05T20:57:28","modified_gmt":"2017-07-05T18:57:28","slug":"piemonte-press","status":"publish","type":"page","link":"https:\/\/www.296modelvenaria.it\/sito\/?page_id=115","title":{"rendered":"Piemonte Press"},"content":{"rendered":"<div id=\"pl-115\"  class=\"panel-layout\" ><div id=\"pg-115-0\"  class=\"panel-grid panel-no-style\" ><div id=\"pgc-115-0-0\"  class=\"panel-grid-cell\" ><div id=\"panel-115-0-0-0\" class=\"so-panel widget widget_black-studio-tinymce widget_black_studio_tinymce panel-first-child panel-last-child\" data-index=\"0\" ><h3 class=\"widget-title\">Alpignano  Dal 1 al 16 luglio 2017<\/h3><div class=\"textwidget\"><p><em><a title=\"Mostra di biciclette a Alpignano\" href=\"http:\/\/www.piemontepress.it\/piemontepress\/portale\/index.php?com=15121\">BICICLETTE DEI MESTIERI INIZIO \u2018900 IN VISIONE ALLA MOSTRA DI ALPIGNAN<img loading=\"lazy\" decoding=\"async\" class=\"size-thumbnail wp-image-2118 alignleft\" src=\"http:\/\/www.296modelvenaria.it\/sito\/wp-content\/uploads\/2014\/07\/bici-150x150.jpg\" alt=\"\" width=\"150\" height=\"150\" \/>O. GRANDE SPETTACOLO SABATO 8 LUGLIO AL MOVICENTRO<\/a><\/em><\/p>\n<p><em>Da non perdere l'appuntamento di sabato 8 luglio, alle ore 21,00 presso il Movicentro, dove si svolger\u00e0 lo spettacolo \u201cDiavolo Rosso\u201d, per rivivere le avventure, le astuzie e le mitiche imprese di Giovanni Gerbi<\/em><\/p>\n<\/div><\/div><\/div><\/div><div id=\"pg-115-1\"  class=\"panel-grid panel-no-style\" ><div id=\"pgc-115-1-0\"  class=\"panel-grid-cell\" ><div id=\"panel-115-1-0-0\" class=\"so-panel widget widget_black-studio-tinymce widget_black_studio_tinymce panel-first-child panel-last-child\" data-index=\"1\" ><h3 class=\"widget-title\">Alpignano  Dal 1 al 16 luglio 2017<\/h3><div class=\"textwidget\"><table id=\"comunicato\" border=\"0\" width=\"100%\" cellspacing=\"0\" cellpadding=\"0\">\n<tbody>\n<tr>\n<td colspan=\"2\"><a href=\"http:\/\/www.piemontepress.it\/piemontepress\/portale\/index.php?com=15096\">PRIMA MOSTRA DI MODELLISMO STATICO E DINAMICO MOSTRA DI BICI DEI MESTIERI DI INIZIO 900'<\/a><\/td>\n<td>\u00a0<\/td>\n<\/tr>\n<tr>\n<td colspan=\"2\">\u00a0<\/td>\n<\/tr>\n<tr>\n<td colspan=\"2\"><span class=\"sommario\">Dal 1 al 16 luglio 2017, presso il Movicentro di Piazza Robotti le Associazioni Amici dell'Ecomuseo Sogno di Luce, la Pro Loco diAlpignano e il 296 Model Venari<img loading=\"lazy\" decoding=\"async\" class=\"size-thumbnail wp-image-2026 alignleft\" src=\"http:\/\/www.296modelvenaria.it\/sito\/wp-content\/uploads\/2017\/03\/aaa-ferrari-150x150.jpg\" alt=\"\" width=\"150\" height=\"150\" \/>a<\/span><\/td>\n<\/tr>\n<\/tbody>\n<\/table>\n<\/div><\/div><\/div><\/div><div id=\"pg-115-2\"  class=\"panel-grid panel-no-style\" ><div id=\"pgc-115-2-0\"  class=\"panel-grid-cell\" ><div id=\"panel-115-2-0-0\" class=\"so-panel widget widget_black-studio-tinymce widget_black_studio_tinymce panel-first-child\" data-index=\"2\" ><h3 class=\"widget-title\">MOSTRA DEL 4 NOVEMBRE ALL&#8217;AEROPORTO MARIO SANTI DI VENARIA REALE  <\/h3><div class=\"textwidget\"><p><a href=\"http:\/\/www.piemontepress.it\/piemontepress\/portale\/index.php?com=13215\">http:\/\/www.piemontepress.it\/piemontepress\/portale\/index.php?com=13215<\/a><\/p>\n<\/div><\/div><div id=\"panel-115-2-0-1\" class=\"so-panel widget widget_black-studio-tinymce widget_black_studio_tinymce\" data-index=\"3\" ><h3 class=\"widget-title\">VISITA AL MUSEO AEREONAUTICO DI \u201cVOLANDIA\u201d CON IL CLUB \u201c296 MODEL VENARIA\u201d  <\/h3><div class=\"textwidget\"><p><a href=\"http:\/\/www.piemontepress.it\/piemontepress\/portale\/index.php?com=13182\">http:\/\/www.piemontepress.it\/piemontepress\/portale\/index.php?com=13182<\/a><\/p>\n<\/div><\/div><div id=\"panel-115-2-0-2\" class=\"so-panel widget widget_black-studio-tinymce widget_black_studio_tinymce\" data-index=\"4\" ><h3 class=\"widget-title\">IL SUCCESSO DELLA XVIII MOSTRA DI MODELLISMO DEL CLUB \u201c296 MODEL VENARIA\u201d\t  <\/h3><div class=\"textwidget\"><p><a href=\"http:\/\/www.piemontepress.it\/piemontepress\/portale\/index.php?com=13143\">http:\/\/www.piemontepress.it\/piemontepress\/portale\/index.php?com=13143<\/a><\/p>\n<\/div><\/div><div id=\"panel-115-2-0-3\" class=\"so-panel widget widget_black-studio-tinymce widget_black_studio_tinymce\" data-index=\"5\" ><h3 class=\"widget-title\">FESTA PATRONALE DI SAN MARCHESE AD ALTESSANO-VENARIA REALE E I MODELLISTI DEL \u201c296 MODEL VENARIA\u201d<\/h3><div class=\"textwidget\"><p><a href=\"http:\/\/www.piemontepress.it\/piemontepress\/portale\/index.php?com=13061\">http:\/\/www.piemontepress.it\/piemontepress\/portale\/index.php?com=13061<\/a><\/p>\n<\/div><\/div><div id=\"panel-115-2-0-4\" class=\"so-panel widget widget_black-studio-tinymce widget_black_studio_tinymce\" data-index=\"6\" ><h3 class=\"widget-title\">I MODELLISTI DEL CLUB 296 MODEL VENARIA E L&#8217;ESPOSIZIONE PER LA DREMEL<\/h3><div class=\"textwidget\"><table id=\"comunicato\" style=\"color: #000000\" border=\"0\" width=\"100%\" cellspacing=\"0\" cellpadding=\"0\">\n<tbody>\n<tr>\n<td class=\"data\" style=\"color: #122842;text-align: justify\" width=\"100\"><span style=\"font-size: 12pt;font-family: arial, helvetica, sans-serif;color: #3366ff\">13\/06\/2014<\/span><\/td>\n<td class=\"comune\" style=\"font-style: italic;color: #222222;text-align: justify\"><span style=\"font-size: 12pt;font-family: arial, helvetica, sans-serif;color: #3366ff\"><a style=\"color: #0075b5\" href=\"http:\/\/www.piemontepress.it\/piemontepress\/portale\/index.php?listpro=aadriana\"><span style=\"color: #3366ff\">Adriana Cesar\u00f2 - Giornalista<\/span><\/a><\/span><\/td>\n<\/tr>\n<tr style=\"text-align: justify\">\n<td colspan=\"2\"><span style=\"font-size: 12pt;font-family: arial, helvetica, sans-serif;color: #3366ff\">\u00a0<\/span><\/td>\n<\/tr>\n<tr style=\"text-align: justify\">\n<td colspan=\"2\"><span style=\"font-size: 12pt;font-family: arial, helvetica, sans-serif;color: #3366ff\">\u00a0<a href=\"http:\/\/www.piemontepress.it\/piemontepress\/portale\/index.php?com=12913\">http:\/\/www.piemontepress.it\/piemontepress\/portale\/index.php?com=12913<\/a><\/span><\/td>\n<td><span style=\"font-size: 12pt;font-family: arial, helvetica, sans-serif;color: #3366ff\">\u00a0<\/span><\/td>\n<\/tr>\n<tr style=\"text-align: justify\">\n<td colspan=\"2\"><span style=\"font-size: 12pt;font-family: arial, helvetica, sans-serif;color: #3366ff\">\u00a0<\/span><\/td>\n<\/tr>\n<tr style=\"text-align: justify\">\n<td style=\"text-align: center\" colspan=\"2\"><span style=\"font-size: 12pt;font-family: arial, helvetica, sans-serif;color: #3366ff\"><strong><span class=\"titolobold\">I MODELLISTI DEL CLUB 296 MODEL VENARIA E L'ESPOSIZIONE PER LA DREMEL<\/span><\/strong><\/span><\/td>\n<td><span style=\"font-size: 12pt;font-family: arial, helvetica, sans-serif;color: #3366ff\">\u00a0<\/span><\/td>\n<\/tr>\n<tr style=\"text-align: justify\">\n<td colspan=\"2\"><span style=\"font-size: 12pt;font-family: arial, helvetica, sans-serif;color: #3366ff\">\u00a0<\/span><\/td>\n<\/tr>\n<tr style=\"text-align: justify\">\n<td colspan=\"2\"><span style=\"font-size: 12pt;font-family: arial, helvetica, sans-serif;color: #3366ff\">\u00a0<\/span><\/td>\n<td><span style=\"font-size: 12pt;font-family: arial, helvetica, sans-serif;color: #3366ff\">\u00a0<\/span><\/td>\n<\/tr>\n<tr style=\"text-align: justify\">\n<td colspan=\"2\"><span style=\"font-size: 12pt;font-family: arial, helvetica, sans-serif;color: #3366ff\">\u00a0<\/span><\/td>\n<\/tr>\n<tr style=\"text-align: justify\">\n<td colspan=\"2\">\n<div id=\"divComunicato\"><span style=\"font-size: 12pt;font-family: arial, helvetica, sans-serif;color: #3366ff\"><img decoding=\"async\" src=\"http:\/\/www.piemontepress.it\/piemontepress\/foto_comunicati\/12913b.jpg\" alt=\"\" \/>\u00a0<\/span><br \/>FOTO: Marco con la sua troupe e il Presidente del 296 Model Venaria<\/div>\n<div><span style=\"font-size: 12pt;font-family: arial, helvetica, sans-serif;color: #3366ff\">Giornata espositiva, mercoled\u00ec 11 giugno, per i soci del Club 296 Model Venaria.\u00a0<\/span><br \/><span style=\"font-size: 12pt;font-family: arial, helvetica, sans-serif;color: #3366ff\">E' stata allestita presso la sede del 296 Model Venaria, una esposizione di alcuni modelli, statici e dinamici di navi, aerei, elicotteri, auto e molti altri modelli, ancora in fase di lavorazione, per ricevere la visita degli amici di 100Gradi, agenzia di comunicazione che collaborano con la ditta tedesca DREMEL Italia. La ditta si occupa di materiali ed attrezzatura da banco per varie applicazioni come: modellismo, hobby e uso domestico.\u00a0<\/span><br \/><span style=\"font-size: 12pt;font-family: arial, helvetica, sans-serif;color: #3366ff\">Quattro gazebi, montati nello spazio antistante alla sede del Club, hanno ospitato tanti soci ed amici, impegnati al lavoro dei propri modelli. Il socio Sandro Negri ha esposto alcuni modelli di auto statiche. Angelo Matta, socio e consigliere, ha presentato l'elicottero dinamico Apache Longbow Boeing AH 64, con particolari riprodotti e perfettamente funzionanti. Due cannoni da Galeone del 17mo secolo, costruiti dal socio Carlo Cretella, con le caratteristiche di essere dotati di avancarica a canna liscia e di poter sparare delle palle singole o incatenate. Tra le sculture di legno di castagno e quercia, realizzate da Rocco Visone, spiccavano una statua di Madonna, una bellissima croce con Cristo e un delfino. Vari modelli statici, diorami, di camion e carri armati, hanno allestito la postazione dei soci Piero Carmine, Carlo Martini e Albino Ingrassia, che hanno esposto tra gli altri modelli: un carro armato pesante Merkava Mark IV LIC della striscia di Gaza Israele 2012; un carro amato medio MA Sherman EP. Coutances (Normandia) del 1944 e un Regno d'Italia autoblinda ferroviaria AB40 (Balcani) 1942. Nel settore dei modelli navali statici erano esposti: la Fregata Americana ESSEX del 1799; la \u201cEBE\u201d nave scuola della Marina Militare del 1952 (l'originale \u00e8 esposto al Museo delle Scienze di Milano); la baleniera New Bedford, fine 1860, adibita alla caccia delle balene con la caratteristica di avere la prua e la poppa similari, per una navigazione in entrambe le direzioni. Queste alcune delle ultime creazioni e, ancora in lavorazione dei soci: Battista Ruffino, Giuseppe Stramaglia, Giosu\u00e8 Carola, Giuseppe Visone, Mario Mariano, Michele Di Liberto e dal vice presidente Italo Rocchetti.\u00a0<\/span><br \/><span style=\"font-size: 12pt;font-family: arial, helvetica, sans-serif;color: #3366ff\">All'interno della sede \u00e8 stato esposto un complesso ferroviario, in scala HO-N-Z ricco di particolari tra scambi ferroviari, stazioni, semafori, segnaletica e molte altre attenzioni, ripresi dalla realt\u00e0, seguite e realizzate con attenzione e passione dal socio Lino Gubeila.<\/span><br \/><span style=\"font-size: 12pt;font-family: arial, helvetica, sans-serif;color: #3366ff\">Una pista elettrica \u00e8 stata allestita dai giovani soci, Marco e Stefano Sanua, mentre, la pista su terra battura per la prova e dimostrazione dei modelli dinamici di carri armati \u00e8 stata seguita e realizzata dai soci Biagio Sanua e Nicoletta Bigando e da Gennaro Ciotola.<\/span><br \/><span style=\"font-size: 12pt;font-family: arial, helvetica, sans-serif;color: #3366ff\">Nella vasca di dimostrazione modelli navale, dedicata al socio \u201cEugenio Biancone\u201d, situata nel cortile della sede, hanno navigato diversi navi e motoscafi a dimostrazione che i modelli dinamici possono eseguire, con precisione, tutte le manovre degli originali. Tra le varie navi in navigazione la \u201cGaribaldi\u201d dotata di tutti gli optional funzionanti realizzati da Carlo Cretella.<\/span><br \/><span style=\"font-size: 12pt;font-family: arial, helvetica, sans-serif;color: #3366ff\">Una giornata intensa per gli amici di 100 Gradi, i quali hanno intervistato ogni socio e fatto delle riprese video sui modelli esposti, seguendone i particolari e riprendendo le varie fasi di lavorazione dei modellisti, che utilizzano molti attrezzi della DREMEL.\u00a0<\/span><br \/><span style=\"font-size: 12pt;font-family: arial, helvetica, sans-serif;color: #3366ff\">\u201cSono molto soddisfatto di aver potuto organizzare un impegno cos\u00ec importante per noi modellisti e per gli amici di 100 Gradi - ha detto il presidente Gennaro Ciotola - un ringraziamento a tutti i Soci che hanno contribuito a questo nuovo impegno espositivo e dimostrativo, alla riuscita della meravigliosa giornata trascorsa a far conoscere, una parte delle numerose attivit\u00e0 che l'Associazione svolge, fonte della nostra passione. Inoltre, ringrazio Claudio Macario, presidente della Pro Loco di Venaria e gli amici di 100 Gradi che hanno posto molta attenzione per il nostro amato hobby\u201d<\/span><br \/><span style=\"font-size: 12pt;font-family: arial, helvetica, sans-serif;color: #3366ff\">Il Club 296 Model Venaria organizza per il 22 giugno una gita sociale (aperta a tutti) con visita guidata al Forte \u201cMontecchio\u201d a Colico (Lecco). Una fortificazione in caverna che appartenne alla famosa \u201cLinea Cadorna\u201d sul confine svizzero del 1915.<\/span><br \/><span style=\"font-size: 12pt;font-family: arial, helvetica, sans-serif;color: #3366ff\">Per info: Presidente Gennaro Ciotola cell. 339-2629142 oppure<\/span><br \/><span style=\"font-size: 12pt;font-family: arial, helvetica, sans-serif;color: #3366ff\">Cons. Segr. Claudio Genta cell.338-4921993<\/span><span style=\"font-size: 12pt;font-family: arial, helvetica, sans-serif;color: #3366ff\">.<\/span><\/div>\n<\/td>\n<\/tr>\n<tr>\n<td style=\"text-align: justify\" colspan=\"2\"><span style=\"font-size: 12pt;font-family: arial, helvetica, sans-serif;color: #3366ff\">\u00a0<\/span><\/td>\n<\/tr>\n<tr>\n<td colspan=\"2\" align=\"left\">\n<hr size=\"2px\" \/><\/td>\n<\/tr>\n<tr>\n<td>\u00a0<\/td>\n<td align=\"right\">\u00a0<\/td>\n<\/tr>\n<\/tbody>\n<\/table>\n<\/div><\/div><div id=\"panel-115-2-0-5\" class=\"so-panel widget widget_black-studio-tinymce widget_black_studio_tinymce\" data-index=\"7\" ><h3 class=\"widget-title\">VISITA AL 6\u00b0 STORMO DI GHEDI DEL CLUB \u201c296 MODEL VENARIA\u201d<\/h3><div class=\"textwidget\"><table id=\"comunicato\" style=\"color: #000000\" border=\"0\" width=\"100%\" cellspacing=\"0\" cellpadding=\"0\">\n<tbody>\n<tr>\n<td class=\"data\" style=\"color: #122842\" width=\"100\">25\/03\/2014<\/td>\n<td class=\"comune\" style=\"font-style: italic;color: #222222\"><a style=\"color: #0075b5\" href=\"http:\/\/www.piemontepress.it\/piemontepress\/portale\/index.php?listpro=aadriana\">Adriana Cesar\u00f2 - Giornalista<\/a><\/td>\n<\/tr>\n<tr>\n<td colspan=\"2\">\u00a0<\/td>\n<\/tr>\n<tr>\n<td colspan=\"2\">\u00a0<a href=\"http:\/\/www.piemontepress.it\/piemontepress\/portale\/index.php?com=12732\">http:\/\/www.piemontepress.it\/piemontepress\/portale\/index.php?com=12732<\/a><\/td>\n<td>\u00a0<\/td>\n<\/tr>\n<tr>\n<td colspan=\"2\">\u00a0<\/td>\n<\/tr>\n<tr>\n<td colspan=\"2\"><span class=\"titolobold\" style=\"color: #26569f;font-size: 14pt\">VISITA AL 6\u00b0 STORMO DI GHEDI DEL CLUB \u201c296 MODEL VENARIA\u201d<\/span><\/td>\n<td>\u00a0<\/td>\n<\/tr>\n<tr>\n<td colspan=\"2\">\u00a0<\/td>\n<\/tr>\n<tr>\n<td style=\"text-align: justify\" colspan=\"2\"><span class=\"sommario\" style=\"font-weight: bold;font-style: italic;color: #3366ff;font-size: 12pt;font-family: arial, helvetica, sans-serif\">Tra \u201ci diavoli rossi\u201d, sulla base aerea di Ghedi (BS) e gli F-104 \u201cStar Fighter\u201d cacciatori di stelle.<\/span><\/td>\n<td>\u00a0<\/td>\n<\/tr>\n<tr>\n<td style=\"text-align: justify\" colspan=\"2\"><span style=\"font-size: 12pt;font-family: arial, helvetica, sans-serif;color: #3366ff\">\u00a0<\/span><\/td>\n<\/tr>\n<tr>\n<td style=\"text-align: justify\" colspan=\"2\">\n<div id=\"divComunicato\">\n<p><span style=\"font-size: 12pt;font-family: arial, helvetica, sans-serif;color: #3366ff\"><img loading=\"lazy\" decoding=\"async\" src=\"http:\/\/www.piemontepress.it\/piemontepress\/foto_comunicati\/12732b.jpg\" alt=\"\" width=\"500\" height=\"460\" \/><\/span><\/p>\n<p><span style=\"font-size: 12pt;font-family: arial, helvetica, sans-serif;color: #3366ff\">Visita interessante per i modellisti del 296 Model Venaria. Mercoled\u00ec 19 marzo, il club ha organizzato una visita di aggiornamento presso il famoso 6\u00b0 Stormo, \u201cI diavoli rossi\u201d, sulla base aerea di Ghedi (BS). Circa quaranta, tra soci e amici, hanno avuto l'opportunit\u00e0 di trascorrere un sogno tra le stelle, ovvero, tra i gi\u00e0 F-104 \u201cStar Fighter\u201d cacciatori di stelle, oggi PA-200 \u201cTornado\u201d. All'ingresso i visitatori sono stati affidati al 1\u00b0 Maresciallo Francesco Lombardo, che, con professionalit\u00e0, ha accompagnato i visitatori per tutta la giornata.\u00a0<\/span><br \/><span style=\"font-size: 12pt;font-family: arial, helvetica, sans-serif;color: #3366ff\">La figura del \u201cdiavolo rosso\u201d nasce da una caricatura fatta ai tempi di uno dei primi Comandanti di Stormo (1936), il Col. Venceslao D'Aurelio \u201cJoe il Rosso\u201d, alla quale \u00e8 collegato il motto \u201cghignando sulla preda mi scaglio\u201d.\u00a0<\/span><br \/><span style=\"font-size: 12pt;font-family: arial, helvetica, sans-serif;color: #3366ff\">L'emozione inizia subito, perch\u00e9 vengono accompagnati ad assistere il movimento di alcuni Tornado che, stavano uscendo dall'hangar per posizionarsi sulla pista di volo. In sicurezza e a bordo pista, i rombi dei motori hanno accentuato l'attenzione dei modellisti per assistere al decollo di due cacciabombardieri che, appena in volo, hanno virato nella direzione opposta. Altri decolli di Tornado hanno incuriosito ed ammirato i visitatori modellisti che, durante l'attesa, hanno commentato ed ipotizzato le fasi di preparazione che i piloti stavano eseguendo a bordo. \u201cLa creazione dei nostri modelli, \u00e8 minuziosa, cerchiamo sempre di costruire ed assemblare fedelmente, tutte le parti che compongono il velivolo \u2013 ha spiegato il presidente Gennaro Ciotola \u2013 vedere da vicino, ci\u00f2 che per noi sar\u00e0 un nuovo modello, \u00e8 impareggiabile\u201d. Per il socio Domenica Schierano, la Base \u00e8 stato il suo posto di lavoro per dodici anni, come aggregato, occupandosi di prove funzionali dei Tornado. \u201cOggi ho rivissuto delle grandi emozioni nel rivedere i luoghi di lavoro \u2013 ha detto Domenico \u2013 la gioia pi\u00f9 grande l'ho ricevuta con l'abbraccio fraterno di un mio compagno di lavoro, ancora oggi in servizio\u201d.\u00a0<\/span><br \/><span style=\"font-size: 12pt;font-family: arial, helvetica, sans-serif;color: #3366ff\">Ad attenderli nell'aula briefing, il Maggiore Massimo Cionfrini per un'interessante storia del 6\u00b0 Stormo e, attraverso le immagini, alcune delle innumerevoli attivit\u00e0 che ogni giorno, circa 1500 persone tra ufficiali, sottufficiali e truppa, animano la base. Importante \u00e8 la scuola formativa dei piloti. La fase addestrativa ed operativa \u00e8 finalizzata alla \u201cCombat Readiness\u201d (prontezza al combattimento), alla ricognizione fotografica e al supporto delle truppe di terra. Rosy Rigoni, madrina del Club 296 Model Venaria, accompagnata dal vice Sindaco Vincenzo Russo, hanno deposto un omaggio floreale, davanti al Cippo dei Caduti del 6\u00b0 Stormo per gli Onori ai Caduti.\u00a0<\/span><br \/><span style=\"font-size: 12pt;font-family: arial, helvetica, sans-serif;color: #3366ff\">La visita \u00e8 proseguita in hangar per poter ammirare da vicino un Tornado. Molte domande hanno impegnato il Maresciallo Francesco Lombardo che, ha soddisfatto pienamente. Il gruppo ha poi proseguito il \u201ctour\u201d nella \u201cSezione Manutenzione Propulsori\u201d dove, si eseguono le revisioni o le riparazioni dei motori. I visitatori, divisi in due gruppi, hanno potuto ascoltare le spiegazioni e costatare la grande professionalit\u00e0 e passione dei sottoufficiali, addetti a questo delicato compito. Arrivata l'ora di pranzo e tutto il gruppo si trasferisce alla Mensa Unificata per il pranzo sociale.\u00a0<\/span><br \/><span style=\"font-size: 12pt;font-family: arial, helvetica, sans-serif;color: #3366ff\">La giornata termina al Comando del 6\u00b0 Storno con l'incontro del Comandante della base, il Colonnello Andrea Di Pietro. Un cordiale saluto dedicato allo scambio degli omaggi. Gennaro Ciotola omaggia il Colonnello Di Pietro con una medaglia del \u201c1\u00b0 Decennale della Fondazione della Regia Aereonautica Italiana 1923-1933\u201d. Vincenzo Russo ha donato il Crest di Venaria Reale e il nuovo conio di monete dedicato a Venaria e realizzate in occasione della rievocazione storica \u201cUna giornata vissuta nel passato\u201d. Il Comandante Andrea Di Pietro ha ricambiato con una stampa raffigurante un A200 Tornado IDS\/ FULL BASIC MLU Ret. 7. Omaggi del libro \u201cCarrozze Regali\u201d e \u201cRegia Venatio\u201d a tutti gli Ufficiali che hanno dedicato la loro giornata, alle persone che hanno avuto la grande opportunit\u00e0 di partecipare alla visita del 6\u00b0 Stormo \u201cAlfredo Fusco\u201d, nell'Aeroporto Militare \u201cLuigi Olivari\u201d di Ghedi. Il 16 maggio i modellisti andranno in visita a Luni Sarzana La Spezia.<\/span><br \/><span style=\"font-size: 12pt;font-family: arial, helvetica, sans-serif;color: #3366ff\">Vedere altre foto negli allegati.<\/span><\/p>\n<\/div>\n<\/td>\n<\/tr>\n<tr>\n<td colspan=\"2\">\u00a0<\/td>\n<\/tr>\n<tr>\n<td colspan=\"2\" align=\"left\">\n<hr size=\"2px\" \/><\/td>\n<\/tr>\n<tr>\n<td>\n<p><a style=\"color: #0075b5\" href=\"http:\/\/www.piemontepress.it\/piemontepress\/portale\/vedi_file.php?file_id=578a9081de1abf648645294c256a157b.JPG\" data-rel=\"lightbox-image-0\" data-rl_title=\"\" data-rl_caption=\"\" title=\"\">Allegato 1<\/a><br \/><a style=\"color: #0075b5\" href=\"http:\/\/www.piemontepress.it\/piemontepress\/portale\/vedi_file.php?file_id=5a3183e04cfffaa2b2a5169a37dce9dc.JPG\" data-rel=\"lightbox-image-1\" data-rl_title=\"\" data-rl_caption=\"\" title=\"\">Allegato 2<\/a><br \/><a style=\"color: #0075b5\" href=\"http:\/\/www.piemontepress.it\/piemontepress\/portale\/vedi_file.php?file_id=68dda78c8927fbf93ec2e5bc05003230.JPG\" data-rel=\"lightbox-image-2\" data-rl_title=\"\" data-rl_caption=\"\" title=\"\">Allegato 3<\/a><br \/><a style=\"color: #0075b5\" href=\"http:\/\/www.piemontepress.it\/piemontepress\/portale\/vedi_file.php?file_id=7ac42ed59fd884381c8568d2656cef3b.JPG\" data-rel=\"lightbox-image-3\" data-rl_title=\"\" data-rl_caption=\"\" title=\"\">Allegato 4<\/a><br \/><a style=\"color: #0075b5\" href=\"http:\/\/www.piemontepress.it\/piemontepress\/portale\/vedi_file.php?file_id=7d3bb9ae24a61bbb97c56d028df8c937.JPG\" data-rel=\"lightbox-image-4\" data-rl_title=\"\" data-rl_caption=\"\" title=\"\">Allegato 5<\/a><br \/><a style=\"color: #0075b5\" href=\"http:\/\/www.piemontepress.it\/piemontepress\/portale\/vedi_file.php?file_id=825fe5fce95db6998fbaee1eb0a8090b.JPG\" data-rel=\"lightbox-image-5\" data-rl_title=\"\" data-rl_caption=\"\" title=\"\">Allegato 6<\/a><br \/><a style=\"color: #0075b5\" href=\"http:\/\/www.piemontepress.it\/piemontepress\/portale\/vedi_file.php?file_id=850650c552e8bf63216ff43fd87bac63.JPG\" data-rel=\"lightbox-image-6\" data-rl_title=\"\" data-rl_caption=\"\" title=\"\">Allegato 7<\/a><br \/><a style=\"color: #0075b5\" href=\"http:\/\/www.piemontepress.it\/piemontepress\/portale\/vedi_file.php?file_id=b42b9ea90b85de9cc991b316f87edf89.JPG\" data-rel=\"lightbox-image-7\" data-rl_title=\"\" data-rl_caption=\"\" title=\"\">Allegato 8<\/a><br \/><a style=\"color: #0075b5\" href=\"http:\/\/www.piemontepress.it\/piemontepress\/portale\/vedi_file.php?file_id=bd71d3ebe9e9d12b1f571d311e7bdcc8.JPG\" data-rel=\"lightbox-image-8\" data-rl_title=\"\" data-rl_caption=\"\" title=\"\">Allegato 9<\/a><br \/><a style=\"color: #0075b5\" href=\"http:\/\/www.piemontepress.it\/piemontepress\/portale\/vedi_file.php?file_id=c39533354a80bd971e50d31b77ca4cbb.JPG\" data-rel=\"lightbox-image-9\" data-rl_title=\"\" data-rl_caption=\"\" title=\"\">Allegato 10<\/a><\/p>\n<\/td>\n<\/tr>\n<\/tbody>\n<\/table>\n<\/div><\/div><div id=\"panel-115-2-0-6\" class=\"so-panel widget widget_black-studio-tinymce widget_black_studio_tinymce\" data-index=\"8\" ><h3 class=\"widget-title\">MOSTRA DEL CLUB \u201c296 MODEL VENARIA\u201d PRESSO ASSOCIAZIONE NAZIONALE VENEZIA GIULIA E DALMAZIA DI TORINO<\/h3><div class=\"textwidget\"><div id=\"center\">\n<table border=\"0\" align=\"center\">\n<tbody>\n<tr>\n<td>\n<table id=\"comunicato\" border=\"0\" width=\"100%\" cellspacing=\"0\" cellpadding=\"0\">\n<tbody>\n<tr>\n<td class=\"data\" style=\"color: #122842\" width=\"100\">18\/03\/2014<\/td>\n<td class=\"comune\" style=\"font-style: italic;color: #222222\"><a style=\"color: #0075b5\" href=\"http:\/\/www.piemontepress.it\/piemontepress\/portale\/index.php?listpro=aadriana\">Adriana Cesar\u00f2 - Giornalista<\/a><\/td>\n<\/tr>\n<tr>\n<td colspan=\"2\">\u00a0<\/td>\n<\/tr>\n<tr>\n<td colspan=\"2\">\u00a0<a href=\"http:\/\/www.piemontepress.it\/piemontepress\/portale\/index.php?com=12714\">http:\/\/www.piemontepress.it\/piemontepress\/portale\/index.php?com=12714<\/a><\/td>\n<td>\u00a0<\/td>\n<\/tr>\n<tr>\n<td colspan=\"2\">\u00a0<\/td>\n<\/tr>\n<tr>\n<td colspan=\"2\"><span class=\"titolobold\">MOSTRA DEL CLUB \u201c296 MODEL VENARIA\u201d PRESSO ASSOCIAZIONE NAZIONALE VENEZIA GIULIA E DALMAZIA DI TORINO<\/span><\/td>\n<td>\u00a0<\/td>\n<\/tr>\n<tr>\n<td colspan=\"2\">\u00a0<\/td>\n<\/tr>\n<tr>\n<td colspan=\"2\"><span class=\"sommario\">In collaborazione con le Associazioni: NaviModel di Torino, MANTA di San Francesco al Campo, l'ANMI \u201cMario Cagnassone\u201d di Venaria Reale.<\/span><\/td>\n<td>\u00a0<\/td>\n<\/tr>\n<tr>\n<td colspan=\"2\">\u00a0<\/td>\n<\/tr>\n<tr>\n<td colspan=\"2\">\n<div id=\"divComunicato\" style=\"text-align: justify\">\n<p><img decoding=\"async\" src=\"http:\/\/www.piemontepress.it\/piemontepress\/foto_comunicati\/12714b.jpg\" alt=\"\" \/><\/p>\n<p><span style=\"font-family: arial, helvetica, sans-serif;font-size: 12pt\">Successo di pubblico, nuove collaborazioni, amici e simpatizzanti hanno caratterizzato la mostra di modellismo organizzata dal Club \u201c296 Model Venaria\u201d. Una mostra articolata in due giorni, sabato 15 e domenica 16 marzo, svoltasi presso il Centro Culturale di via Parenzo a Torino, sede dell'Associazione Nazionale Venezia Giulia e Dalmazia. Un salone ben allestito, ha messo in esposizione una miriade di modelli statici e dinamici come: navi militari, aerei, auto, moto e molte altre curiosit\u00e0 modellistici. Il pubblico \u00e8 stato attratto dalla minuziosa ricostruzione di una casa in stile giapponese. Grande curiosit\u00e0 \u00e8 stata focalizzata su due modelli di \u201cDrone\u201d un Quadricottero e un Esacotteri, autocostruiti dal modellista Ilario Mastropietro. I modelli completi di telecamere Full HD, hanno effettuato delle riprese del luogo, che sono state messe a disposizione di Cristina e Mario, gestori del Centro Culturale che, hanno reso confortevoli le due giornate dei modellisti e degli amici profughi Istriani. Nella giornata di domenica i modellisti, hanno organizzato un pranzo presso il Centro, soddisfatti dalle delizie preparate da Cristina. Molta attenzione e collaborazione, anche da parte del presidente del Centro Culturale, Fulvio Aquilante che, ha visitato la mostra accompagnato dalla moglie e altri amici, una visita, sostenuta dalle spiegazioni di Gennaro Ciotola.<\/span><br \/><span style=\"font-family: arial, helvetica, sans-serif;font-size: 12pt\">\u201cSono molto contento della riuscitissima mostra, per noi modellisti \u00e8 fonte di soddisfazione ma, anche fonte di rinnovamento e di ricerca di nuove idee, di nuovi modelli e di nuove collaborazione che, ampliano e consolidano i rapporti umani \u2013 ha detto il presidente Gennaro Ciotola \u2013 ogni occasione \u00e8 importante per farci conoscere e portare, in mostra, tutti i modelli che sono un intenso e minuzioso lavoro pieno di passione. Ringrazio gli amici modellisti di altre Associazione che, hanno aderito a questo allestimento e ai nuovi amici Egidio, Mario Cristina e Carlo, degni rappresentanti del Circolo Culturale. Grazie. Siamo stati benissimo\u201d.<\/span><br \/><span style=\"font-family: arial, helvetica, sans-serif;font-size: 12pt\">Dai modelli statici ai modelli dinamici per assistere alle varie dimostrazioni. Nello spazio disponibile del piccolo giardino, i modellisti hanno potuto fare delle piccole dimostrazioni di dinamico con camion, auto, escavatori. Il pubblico presente ha potuto vedere, per la prima volta, la dimostrazione dei \u201cDroni\u201d in azione e in perlustrazioni filmate.<\/span><br \/><span style=\"font-family: arial, helvetica, sans-serif;font-size: 12pt\">Alla mostra hanno partecipato le Associazioni: NaviModel di Torino (Associazione che da quest'anno ha un accordo di collaborazione con il 296 Model Venaria), MANTA di San Francesco al Campo, l'ANMI \u201cMario Cagnassone\u201d di Venaria Reale con l'esposizione di navi e sottomarini.\u00a0<\/span><br \/><span style=\"font-family: arial, helvetica, sans-serif;font-size: 12pt\">Un cenno sull'origine e sulla struttura dell'associazione che ha ospitato la mostra.<\/span><br \/><span style=\"font-family: arial, helvetica, sans-serif;font-size: 12pt\">Associazione Nazionale Venezia Giulia e Dalmazia \u00e8 la prima associazione a carattere nazionale, sorta nel 1947, con lo scopo di raccordare e organizzare le decine di migliaia di profughi, italiani autoctoni, provenienti dai territori della Venezia Giulia e della Dalmazia che il Trattato di pace del 10 febbraio 1947 aveva ceduto alla ex Jugoslavia o assegnato alla Zona B del mai costituito Territorio Libero di Trieste. La sua sede \u00e8 sempre rimasta a Roma, per la necessit\u00e0 di un rapporto costante con il Parlamento, il governo e le amministrazioni centrali dello Stato. Riorganizzata con l'atto costitutivo del 7 giugno 1956, l'Associazione ha conservato, nei decenni, la sua estensione a tutto il territorio nazionale, essendo nati i diversi Comitati dalle comunit\u00e0 di Esuli ospitati prima nei campi-profughi e poi nei \u201cVillaggi\u201d giuliano-dalmati costruiti in diverse citt\u00e0 italiane in esecuzione di un programma speciale di edilizia popolare. Dopo la dissoluzione della ex Jugoslavia l'ANVGD ha incrementato notevolmente la sua attivit\u00e0 culturale, ponendosi come obiettivi:<\/span><br \/><span style=\"font-family: arial, helvetica, sans-serif;font-size: 12pt\">- far conoscere all'opinione pubblica italiana le vicende del confine orientale italiano e della contigua area balcanica, non solo nel Novecento ma anche nei secoli precedenti;\u00a0<\/span><br \/><span style=\"font-family: arial, helvetica, sans-serif;font-size: 12pt\">- sensibilizzare i media e la stessa opinione pubblica sull'importante ruolo politico, culturale ed economico che il Sud-Est europeo riveste per il nostro Paese in questa fase di assestamento geopolitico e di avvicinamento degli Stati dell'area all'Unione Europea;\u00a0<\/span><br \/><span style=\"font-family: arial, helvetica, sans-serif;font-size: 12pt\">- risvegliare negli italiani il senso dell'identit\u00e0 e dell'unit\u00e0 nazionale;<\/span><br \/><span style=\"font-family: arial, helvetica, sans-serif;font-size: 12pt\">- aiutare i connazionali rimasti nelle terre di origine a difendere la loro lingua e le tradizioni italiane. A tale scopo sempre pi\u00f9 frequenti si sono fatti i contatti con l'Unione Italiana, che rappresenta le comunit\u00e0 italiane tuttora residenti nei territori appartenenti alle Repubbliche di Slovenia, Croazia e Montenegro.<\/span><br \/><span style=\"font-family: arial, helvetica, sans-serif;font-size: 12pt\">Vedere altre foto negli allegati.<\/span><\/p>\n<\/div>\n<\/td>\n<\/tr>\n<tr style=\"text-align: justify\">\n<td colspan=\"2\"><span style=\"font-family: arial, helvetica, sans-serif;font-size: 12pt\">\u00a0<\/span><\/td>\n<\/tr>\n<tr style=\"text-align: justify\">\n<td colspan=\"2\" align=\"left\">\n<hr size=\"2px\" \/><\/td>\n<\/tr>\n<tr>\n<td style=\"text-align: justify\"><span style=\"font-family: arial, helvetica, sans-serif;font-size: 12pt\"><a style=\"color: #0075b5\" href=\"http:\/\/www.piemontepress.it\/piemontepress\/portale\/vedi_file.php?file_id=0f787a7dc2d48b383018dd5af7c0a5c2.JPG\" data-rel=\"lightbox-image-10\" data-rl_title=\"\" data-rl_caption=\"\" title=\"\">Allegato 1<\/a><\/span><br \/><a style=\"color: #0075b5\" href=\"http:\/\/www.piemontepress.it\/piemontepress\/portale\/vedi_file.php?file_id=18f82d132ac2ddb19b271c6337ea9d11.JPG\" data-rel=\"lightbox-image-11\" data-rl_title=\"\" data-rl_caption=\"\" title=\"\"><span style=\"color: #3366ff\">Allegato 2<\/span><\/a><br \/><a style=\"color: #0075b5\" href=\"http:\/\/www.piemontepress.it\/piemontepress\/portale\/vedi_file.php?file_id=1ae0332728d658e29db771ae801daefd.JPG\" data-rel=\"lightbox-image-12\" data-rl_title=\"\" data-rl_caption=\"\" title=\"\"><span style=\"color: #3366ff\">Allegato 3<\/span><\/a><br \/><a style=\"color: #0075b5\" href=\"http:\/\/www.piemontepress.it\/piemontepress\/portale\/vedi_file.php?file_id=420a2841e2bb5b69871961d03188b1fd.jpg\" data-rel=\"lightbox-image-13\" data-rl_title=\"\" data-rl_caption=\"\" title=\"\"><span style=\"color: #3366ff\">Allegato 4<\/span><\/a><br \/><a style=\"color: #0075b5\" href=\"http:\/\/www.piemontepress.it\/piemontepress\/portale\/vedi_file.php?file_id=4c4bed7f4c6b50f6adad20f69b578bda.jpg\" data-rel=\"lightbox-image-14\" data-rl_title=\"\" data-rl_caption=\"\" title=\"\"><span style=\"color: #3366ff\">Allegato 5<\/span><\/a><br \/><a style=\"color: #0075b5\" href=\"http:\/\/www.piemontepress.it\/piemontepress\/portale\/vedi_file.php?file_id=5734daaeafc994bb329d745bb03b3137.JPG\" data-rel=\"lightbox-image-15\" data-rl_title=\"\" data-rl_caption=\"\" title=\"\"><span style=\"color: #3366ff\">Allegato 6<\/span><\/a><br \/><a style=\"color: #0075b5\" href=\"http:\/\/www.piemontepress.it\/piemontepress\/portale\/vedi_file.php?file_id=67a281ca6d8e253176188f60c605ac37.jpg\" data-rel=\"lightbox-image-16\" data-rl_title=\"\" data-rl_caption=\"\" title=\"\"><span style=\"color: #3366ff\">Allegato 7<\/span><\/a><br \/><a style=\"color: #0075b5\" href=\"http:\/\/www.piemontepress.it\/piemontepress\/portale\/vedi_file.php?file_id=9227201ba0a6a209c4a46d49756aff53.JPG\" data-rel=\"lightbox-image-17\" data-rl_title=\"\" data-rl_caption=\"\" title=\"\"><span style=\"color: #3366ff\">Allegato 8<\/span><\/a><br \/><a style=\"color: #0075b5\" href=\"http:\/\/www.piemontepress.it\/piemontepress\/portale\/vedi_file.php?file_id=bfd3dfe2c2e24f9d64d5c1f76fce6359.JPG\" data-rel=\"lightbox-image-18\" data-rl_title=\"\" data-rl_caption=\"\" title=\"\"><span style=\"color: #3366ff\">Allegato 9<\/span><\/a><br \/><a style=\"color: #0075b5\" href=\"http:\/\/www.piemontepress.it\/piemontepress\/portale\/vedi_file.php?file_id=e9696bad2265e4de8f9770564cd75d18.JPG\" data-rel=\"lightbox-image-19\" data-rl_title=\"\" data-rl_caption=\"\" title=\"\"><span style=\"color: #3366ff\">Allegato 10<\/span><\/a><\/td>\n<td align=\"right\">\u00a0<\/td>\n<\/tr>\n<\/tbody>\n<\/table>\n<\/td>\n<\/tr>\n<\/tbody>\n<\/table>\n<div>\u00a0<\/div>\n<div>\n<div class=\"share7\">\u00a0<\/div>\n<\/div>\n<\/div>\n<\/div><\/div><div id=\"panel-115-2-0-7\" class=\"so-panel widget widget_black-studio-tinymce widget_black_studio_tinymce\" data-index=\"9\" ><h3 class=\"widget-title\">VISITA DI AGGIORNAMENTO DEI CORSI UNITRE AL 1\u00b0 NUCLEO ELICOTTERI E NUCLEO CINOFILI DI VOLPIANO<\/h3><div class=\"textwidget\"><table id=\"comunicato\" style=\"color: #000000\" border=\"0\" width=\"100%\" cellspacing=\"0\" cellpadding=\"0\">\n<tbody>\n<tr style=\"text-align: justify\">\n<td colspan=\"2\">\n<table id=\"comunicato\" border=\"0\" width=\"100%\" cellspacing=\"0\" cellpadding=\"0\">\n<tbody>\n<tr style=\"height: 22.5347px\">\n<td class=\"data\" style=\"height: 22.5347px\" width=\"100\">07\/03\/2014<\/td>\n<td class=\"comune\" style=\"height: 22.5347px\"><a href=\"http:\/\/www.piemontepress.it\/piemontepress\/portale\/index.php?listpro=aadriana\">Adriana Cesar\u00f2 - Giornalista<\/a><\/td>\n<\/tr>\n<tr style=\"height: 22px\">\n<td style=\"height: 22px\" colspan=\"2\">\u00a0<\/td>\n<\/tr>\n<tr style=\"height: 22px\">\n<td style=\"height: 22px\" colspan=\"2\">\u00a0<a href=\"http:\/\/www.piemontepress.it\/piemontepress\/portale\/index.php?com=12686\">http:\/\/www.piemontepress.it\/piemontepress\/portale\/index.php?com=12686<\/a><\/td>\n<\/tr>\n<\/tbody>\n<\/table>\n<\/td>\n<td><span style=\"color: #3366ff;font-family: arial, helvetica, sans-serif;font-size: 12pt\">\u00a0<\/span><\/td>\n<\/tr>\n<tr style=\"text-align: justify\">\n<td colspan=\"2\"><span style=\"color: #3366ff;font-family: arial, helvetica, sans-serif;font-size: 12pt\">\u00a0<\/span><\/td>\n<\/tr>\n<tr style=\"text-align: justify\">\n<td colspan=\"2\"><span class=\"titolobold\" style=\"color: #3366ff;font-size: 12pt;font-family: arial, helvetica, sans-serif\">VISITA DI AGGIORNAMENTO DEI CORSI UNITRE AL 1\u00b0 NUCLEO ELICOTTERI E NUCLEO CINOFILI DI VOLPIANO<\/span><\/td>\n<td><span style=\"color: #3366ff;font-family: arial, helvetica, sans-serif;font-size: 12pt\">\u00a0<\/span><\/td>\n<\/tr>\n<tr style=\"text-align: justify\">\n<td colspan=\"2\"><span style=\"color: #3366ff;font-family: arial, helvetica, sans-serif;font-size: 12pt\">\u00a0<\/span><\/td>\n<\/tr>\n<tr style=\"text-align: justify\">\n<td style=\"text-align: justify\" colspan=\"2\"><span class=\"sommario\" style=\"font-weight: bold;font-style: italic;color: #3366ff;font-family: arial, helvetica, sans-serif;font-size: 12pt\">Corso del \u201c296 Model Venaria\u201d e corso \u201cStoria della Marina Militare e Aeronautica Militare\u201d Unitre Venaria<\/span><\/td>\n<td><span style=\"color: #3366ff;font-family: arial, helvetica, sans-serif;font-size: 12pt\">\u00a0<\/span><\/td>\n<\/tr>\n<tr style=\"text-align: justify\">\n<td style=\"text-align: justify\" colspan=\"2\"><span style=\"font-family: arial, helvetica, sans-serif;font-size: 12pt;color: #3366ff\">\u00a0<\/span><\/td>\n<\/tr>\n<tr style=\"text-align: justify\">\n<td colspan=\"2\">\n<div id=\"divComunicato\">\n<p><span style=\"color: #3366ff;font-family: arial, helvetica, sans-serif;font-size: 12pt\"><img decoding=\"async\" src=\"http:\/\/www.piemontepress.it\/piemontepress\/foto_comunicati\/12686b.jpg\" alt=\"\" \/><\/span><\/p>\n<p><span style=\"color: #3366ff;font-family: arial, helvetica, sans-serif;font-size: 12pt\">Proseguono con successo le visite di aggiornamento dei corsi Unitre. Gioved\u00ec 6 marzo, un gruppo di circa venticinque persone, del corso di modellismo, tenuto da Gennaro Ciotola, presidente del \u201c296 Model Venaria\u201d e, del corso \u201cStoria della Marina Militare e Aeronautica Militare\u201d, del docente Claudio Genta, sono stati accolti presso il centro del 1\u00b0 Nucleo Elicotteri e Nucleo Cinofili di Volpiano. Insieme ai frequentatori dei corsi, si sono uniti anche i marinai, in divisa sociale, dell'ANMI \u201cMario Cagnassone\u201d di Venaria.\u00a0<\/span><br \/><span style=\"color: #3366ff;font-family: arial, helvetica, sans-serif;font-size: 12pt\">\u201cNon capita tutti i giorni di poter effettuare una lezione dal vivo, sostenuti dalla professionalit\u00e0, esperienza e specializzazione del personale che ci ha accolto\u201d ha detto Gennaro Ciotola. Infatti, ad attendere il gruppo, il pilota 1\u00b0 Maresciallo Emanuele Sorce, che ha esposto durante un briefing, la storia, l'organizzazione territoriale e la flotta a disposizione, in particolare i modelli di elicotteri AB 412 e AB 412 MFD (modificato nell'equipaggiamento) e il modello AW109 NEXUS (particolare in quanto munito di ruote, \u00e8 pi\u00f9 veloce ed \u00e8 dotato di apparecchiature digitale). Per i visitatori, l'aggiornamento \u00e8 proseguito nell'hangar di volo che, sempre con il sostengo tecnico e la disponibilit\u00e0 del pilota Emanuele Sorce, hanno potuto vedere due elicotteri in fase di manutenzione. La \u201clezione\u201d si \u00e8 sviluppata con numerose domande sulle capacit\u00e0 tecniche e curiosit\u00e0 degli elicotteri a disposizione, domande che sono state ampiamente soddisfatte e che saranno, in particolar modo per i modellisti, preziosi dettagli per la realizzazione di nuovi modelli.\u00a0<\/span><br \/><span style=\"color: #3366ff;font-family: arial, helvetica, sans-serif;font-size: 12pt\">Il gruppo \u00e8 poi stato affidato al conduttore Moreno Zanatta che ha tenuto un interessante introduzione sull'organizzazione strutturale della scuola di formazione Cinofili. Ma l'attenzione dei visitatori si \u00e8 focalizzata su Bakos, pastore tedesco che da pochi mesi ha terminato la sua \u201ccarriera\u201d nella ricerca di esplosivi. Bakos, rimasto in questa base, \u00e8 stato affidato al conduttore Claudio Falcomer, in prova e in attesa di trovargli una degna sistemazione.\u00a0<\/span><br \/><span style=\"color: #3366ff;font-family: arial, helvetica, sans-serif;font-size: 12pt\">L'emozionane continua con l'unit\u00e0 antidroga, Sarik, pastore tedesco di otto anni. In pochi minuti ha ritrovato l'esca o manicotto che il suo conduttore, Moreno Zanatta, aveva nascosto all'interno di una delle due auto, messe a disposizione per la simulazione nella ricerca di droga.\u00a0<\/span><br \/><span style=\"color: #3366ff;font-family: arial, helvetica, sans-serif;font-size: 12pt\">Sarik in forza al Nucleo Cinofili, oltre alla ricerca di stupefacenti, ha delle mansioni di ordine pubblico che svolge sempre insieme al suo addestratore. Conduttore e cane diventano \u201cUnit\u00e0\u201d operativa, inseparabili nel lavoro e nella vita giornaliera. Da qualche mese il Nucleo Cinofili ha ricevuto un bel regalo, un cucciolo di Labrador, condotto a conoscere il gruppo, iniziando cos\u00ec la sua futura \u201ccarriera\u201d annusando, imparando a riconoscere i suoni e a non avere paura delle persone ma, per il momento, questa fase \u00e8 anche rivolta al gioco.\u00a0<\/span><br \/><span style=\"color: #3366ff;font-family: arial, helvetica, sans-serif;font-size: 12pt\">La visita termina con il saluto del Comandante Tenete Colonnello Franco Garello, a capo del Nucleo Cinofili di Volpiano che, ogni giorno, affrontano con professionalit\u00e0 e dedizione la loro missione.<\/span><br \/><span style=\"color: #3366ff;font-family: arial, helvetica, sans-serif;font-size: 12pt\">I marinai del Gruppo ANMI venariese hanno omaggiato il Nucleo con il loro Gagliardetto. I modellisti del Club \u201c296 Model Venaria\u201d hanno regalato un libro \u201cLe collezioni d'arte\u201d. Entrambi sono stati ricambiati con il volume \u201cVolpiano dalle origini ad oggi\u201d.\u00a0<\/span><br \/><span style=\"color: #3366ff;font-family: arial, helvetica, sans-serif;font-size: 12pt\">Le visite di aggiornamento dei due corsi Unitre continuano. Il 19 Marzo visita al 6\u00b0 Stormo di GHEDI( BS), base dei Caccia Tornado. Il 16 Maggio a LUNI Sarzana (LA SPEZIA),<\/span><br \/><span style=\"color: #3366ff;font-family: arial, helvetica, sans-serif;font-size: 12pt\">Vedere altre foto negli allegati\u00a0<\/span><\/p>\n<\/div>\n<\/td>\n<\/tr>\n<tr style=\"text-align: justify\">\n<td colspan=\"2\"><span style=\"color: #3366ff;font-family: arial, helvetica, sans-serif;font-size: 12pt\">\u00a0<\/span><\/td>\n<\/tr>\n<tr style=\"text-align: justify\">\n<td colspan=\"2\" align=\"left\">\n<hr size=\"2px\" \/><\/td>\n<\/tr>\n<tr style=\"text-align: justify\">\n<td>\n<p><span style=\"color: #3366ff;font-family: arial, helvetica, sans-serif;font-size: 12pt\"><a style=\"color: #0075b5\" href=\"http:\/\/www.piemontepress.it\/piemontepress\/portale\/vedi_file.php?file_id=070ba64c9765b4817f49045abde0f609.JPG\" data-rel=\"lightbox-image-20\" data-rl_title=\"\" data-rl_caption=\"\" title=\"\"><span style=\"color: #3366ff\">Allegato 1<\/span><\/a><\/span><br \/><span style=\"color: #3366ff;font-family: arial, helvetica, sans-serif;font-size: 12pt\"><a style=\"color: #0075b5\" href=\"http:\/\/www.piemontepress.it\/piemontepress\/portale\/vedi_file.php?file_id=199755b2db505e56a71035e9f210f68d.JPG\" data-rel=\"lightbox-image-21\" data-rl_title=\"\" data-rl_caption=\"\" title=\"\"><span style=\"color: #3366ff\">Allegato 2<\/span><\/a><\/span><br \/><span style=\"color: #3366ff;font-family: arial, helvetica, sans-serif;font-size: 12pt\"><a style=\"color: #0075b5\" href=\"http:\/\/www.piemontepress.it\/piemontepress\/portale\/vedi_file.php?file_id=35e74884e1af993fc2f8afcb344711a6.JPG\" data-rel=\"lightbox-image-22\" data-rl_title=\"\" data-rl_caption=\"\" title=\"\"><span style=\"color: #3366ff\">Allegato 3<\/span><\/a><\/span><br \/><span style=\"color: #3366ff;font-family: arial, helvetica, sans-serif;font-size: 12pt\"><a style=\"color: #0075b5\" href=\"http:\/\/www.piemontepress.it\/piemontepress\/portale\/vedi_file.php?file_id=52e6808e46945fed103bbc590115c9fa.JPG\" data-rel=\"lightbox-image-23\" data-rl_title=\"\" data-rl_caption=\"\" title=\"\"><span style=\"color: #3366ff\">Allegato 4<\/span><\/a><\/span><br \/><span style=\"color: #3366ff;font-family: arial, helvetica, sans-serif;font-size: 12pt\"><a style=\"color: #0075b5\" href=\"http:\/\/www.piemontepress.it\/piemontepress\/portale\/vedi_file.php?file_id=6c5305631e3c4b26f0dad16c16981d61.JPG\" data-rel=\"lightbox-image-24\" data-rl_title=\"\" data-rl_caption=\"\" title=\"\"><span style=\"color: #3366ff\">Allegato 5<\/span><\/a><\/span><br \/><span style=\"color: #3366ff;font-family: arial, helvetica, sans-serif;font-size: 12pt\"><a style=\"color: #0075b5\" href=\"http:\/\/www.piemontepress.it\/piemontepress\/portale\/vedi_file.php?file_id=7130980f3408788c161846880a1c5552.JPG\" data-rel=\"lightbox-image-25\" data-rl_title=\"\" data-rl_caption=\"\" title=\"\"><span style=\"color: #3366ff\">Allegato 6<\/span><\/a><\/span><br \/><span style=\"color: #3366ff;font-family: arial, helvetica, sans-serif;font-size: 12pt\"><a style=\"color: #0075b5\" href=\"http:\/\/www.piemontepress.it\/piemontepress\/portale\/vedi_file.php?file_id=9d37d197bd7cd71e76e00ad4ed9aa332.JPG\" data-rel=\"lightbox-image-26\" data-rl_title=\"\" data-rl_caption=\"\" title=\"\"><span style=\"color: #3366ff\">Allegato 7<\/span><\/a><\/span><br \/><span style=\"color: #3366ff;font-family: arial, helvetica, sans-serif;font-size: 12pt\"><a style=\"color: #0075b5\" href=\"http:\/\/www.piemontepress.it\/piemontepress\/portale\/vedi_file.php?file_id=d36eafc3a30cea0c2577429873405b13.JPG\" data-rel=\"lightbox-image-27\" data-rl_title=\"\" data-rl_caption=\"\" title=\"\"><span style=\"color: #3366ff\">Allegato 8<\/span><\/a><\/span><br \/><span style=\"color: #3366ff;font-family: arial, helvetica, sans-serif;font-size: 12pt\"><a style=\"color: #0075b5\" href=\"http:\/\/www.piemontepress.it\/piemontepress\/portale\/vedi_file.php?file_id=e56334df55aed6abb2dbf60cf2c232a0.JPG\" data-rel=\"lightbox-image-28\" data-rl_title=\"\" data-rl_caption=\"\" title=\"\"><span style=\"color: #3366ff\">Allegato 9<\/span><\/a><\/span><br \/><span style=\"color: #3366ff;font-family: arial, helvetica, sans-serif;font-size: 12pt\"><a style=\"color: #0075b5\" href=\"http:\/\/www.piemontepress.it\/piemontepress\/portale\/vedi_file.php?file_id=f58d23b38eb2d88132ed12478768cdbe.JPG\" data-rel=\"lightbox-image-29\" data-rl_title=\"\" data-rl_caption=\"\" title=\"\"><span style=\"color: #3366ff\">Allegato 10<\/span><\/a><\/span><\/p>\n<\/td>\n<\/tr>\n<\/tbody>\n<\/table>\n<\/div><\/div><div id=\"panel-115-2-0-8\" class=\"so-panel widget widget_black-studio-tinymce widget_black_studio_tinymce\" data-index=\"10\" ><h3 class=\"widget-title\">VISITA DI AGGIORNAMENTO DEI CORSI UNI3 ALL&#8217;ELIPORTO VENARIESE<\/h3><div class=\"textwidget\"><div>\n<div id=\"center\">\n<table border=\"0\" align=\"center\">\n<tbody>\n<tr>\n<td>\n<table id=\"comunicato\" border=\"0\" width=\"100%\" cellspacing=\"0\" cellpadding=\"0\">\n<tbody>\n<tr>\n<td colspan=\"2\"><span class=\"titolobold\" style=\"color: #26569f;font-size: 14pt;font-family: arial, helvetica, sans-serif\">VISITA DI AGGIORNAMENTO DEI CORSI UNI3 ALL'ELIPORTO VENARIESE<\/span><\/td>\n<td>\u00a0<\/td>\n<\/tr>\n<tr>\n<td colspan=\"2\"><a href=\"http:\/\/www.piemontepress.it\/piemontepress\/portale\/index.php?com=12780\">http:\/\/www.piemontepress.it\/piemontepress\/portale\/index.php?com=12780<\/a><\/td>\n<\/tr>\n<tr>\n<td colspan=\"2\"><span class=\"sommario\" style=\"font-weight: bold;font-style: italic;color: #3366ff;font-size: 12pt;font-family: arial, helvetica, sans-serif\">Corsi tenuti da Gennaro Ciotola, Italohttp Rocchetti, Angelo Matta, Giacomo Massa \u00a0e da Claudio Genta<\/span><\/td>\n<td>\u00a0<\/td>\n<\/tr>\n<tr>\n<td colspan=\"2\">\u00a0<\/td>\n<\/tr>\n<tr>\n<td colspan=\"2\">\n<div id=\"divComunicato\">\n<p><img decoding=\"async\" src=\"http:\/\/www.piemontepress.it\/piemontepress\/foto_comunicati\/12780b.jpg\" alt=\"\" \/><\/p>\n<p><span style=\"font-family: arial, helvetica, sans-serif;font-size: 12pt\">Il luogotenente Vincenzo Bilardo, ha accolto il gruppo venariese, in visita di aggiornamento relativa ai corsi UNI3. Venerd\u00ec 28 febbraio, marinai, modellisti e frequentatori dei corsi, tenuti da Gennaro Ciotola e da Claudio Genta, appena arrivati all'Eliporto AVES \u201cTORO\u201d, hanno visitato ed ammirato l'elicottero AB 206, restaurato dai frequentatori del corso, dello scorso anno, organizzato dal \u201c296 Model Venaria\u201d, Un orgoglio per i modellisti che per settimane hanno lavorato, sul posto, per rendere l'elicottero ripulito nella struttura esterna. La visita \u00e8 proseguita con un briefing, tenuto dal tenente Gianmaico Micaroni e dal luogotenente Vincenzo Bilardo con un filmato sulla storia e le attivit\u00e0 del Gruppo che, con discrezione si muovono in azioni militari e di pubblica utilit\u00e0 di pronto intervento, Importante la storia sulla nascita dell'Aviazione Esercito (AVES), i baschi blu, sono impegnati in voli di pace in terre di guerre, nel nostro tempo e proiettati nel futuro con le ali dell'esercito \u201cdai cieli del Piemonte ai cieli del mondo\u201d. Un incontro ed un dialogo molto interessante che, i visitatori hanno avuto con i relatori, anche durante la visita presso l'hangar linea di volo con tre elicotteri in manutenzione. Presente alla visita, il vice sindaco Vincenzo Russo, omaggiato dal luogotenente Vincenzo Bilardo con una monografia artistica di un elicottero, realizzata dal 1\u00b0 Maresciallo Osvaldo Moi. I modellisti hanno donato una foto dell'elicottero Agusta AB 206\/C20 codice ottico EI-606 del 442\u00b0 Squadroni E.RI, in volo tattico sulla zona di Ulzio nel marzo 1987, dell'archivio storico di Claudio Genta.<\/span><br \/><span style=\"font-family: arial, helvetica, sans-serif;font-size: 12pt\">Ai marinai del gruppo ANMI \u201cM. Cagnassone\u201d gli Onori ai Caduti e deposizione floreale dei modellisti, ha chiuso una giornata memorabile per i visitatori presso l'eliporto \u201cMario Santi\u201d di Venaria.<\/span><br \/><span style=\"font-family: arial, helvetica, sans-serif;font-size: 12pt\">Vedere altre foto negli allegati.<\/span><\/p>\n<\/div>\n<\/td>\n<\/tr>\n<tr>\n<td colspan=\"2\"><span style=\"font-family: arial, helvetica, sans-serif;font-size: 12pt\">\u00a0<\/span><\/td>\n<\/tr>\n<tr>\n<td colspan=\"2\" align=\"left\">\n<hr size=\"2px\" \/><\/td>\n<\/tr>\n<tr>\n<td><span style=\"font-family: arial, helvetica, sans-serif;font-size: 12pt\"><a style=\"color: #0075b5\" href=\"http:\/\/www.piemontepress.it\/piemontepress\/portale\/vedi_file.php?file_id=0317eebdb0a5bda74cfaf70fdc384c26.JPG\" data-rel=\"lightbox-image-30\" data-rl_title=\"\" data-rl_caption=\"\" title=\"\">Allegato 1<\/a><\/span><br \/><span style=\"font-family: arial, helvetica, sans-serif;font-size: 12pt\"><a style=\"color: #0075b5\" href=\"http:\/\/www.piemontepress.it\/piemontepress\/portale\/vedi_file.php?file_id=130f857a78cded6dda4fbd31d3084cd5.JPG\" data-rel=\"lightbox-image-31\" data-rl_title=\"\" data-rl_caption=\"\" title=\"\">Allegato 2<\/a><\/span><br \/><span style=\"font-family: arial, helvetica, sans-serif;font-size: 12pt\"><a style=\"color: #0075b5\" href=\"http:\/\/www.piemontepress.it\/piemontepress\/portale\/vedi_file.php?file_id=32ff1ca06bd9d56e0af5d07d6c24b543.JPG\" data-rel=\"lightbox-image-32\" data-rl_title=\"\" data-rl_caption=\"\" title=\"\">Allegato 3<\/a><\/span><br \/><span style=\"font-family: arial, helvetica, sans-serif;font-size: 12pt\"><a style=\"color: #0075b5\" href=\"http:\/\/www.piemontepress.it\/piemontepress\/portale\/vedi_file.php?file_id=554c6d98b903c99027be3f9f61b4cc24.JPG\" data-rel=\"lightbox-image-33\" data-rl_title=\"\" data-rl_caption=\"\" title=\"\">Allegato 4<\/a><\/span><br \/><span style=\"font-family: arial, helvetica, sans-serif;font-size: 12pt\"><a style=\"color: #0075b5\" href=\"http:\/\/www.piemontepress.it\/piemontepress\/portale\/vedi_file.php?file_id=615190de2794947bea85a220ed5dff81.JPG\" data-rel=\"lightbox-image-34\" data-rl_title=\"\" data-rl_caption=\"\" title=\"\">Allegato 5<\/a><\/span><br \/><span style=\"font-family: arial, helvetica, sans-serif;font-size: 12pt\"><a style=\"color: #0075b5\" href=\"http:\/\/www.piemontepress.it\/piemontepress\/portale\/vedi_file.php?file_id=aac6cef3038e475590c52521cfd41b19.JPG\" data-rel=\"lightbox-image-35\" data-rl_title=\"\" data-rl_caption=\"\" title=\"\">Allegato 6<\/a><\/span><br \/><span style=\"font-family: arial, helvetica, sans-serif;font-size: 12pt\"><a style=\"color: #0075b5\" href=\"http:\/\/www.piemontepress.it\/piemontepress\/portale\/vedi_file.php?file_id=be45e6b6e4ba7e18aa334c294cc6ba9d.JPG\" data-rel=\"lightbox-image-36\" data-rl_title=\"\" data-rl_caption=\"\" title=\"\">Allegato 7<\/a><\/span><br \/><span style=\"font-family: arial, helvetica, sans-serif;font-size: 12pt\"><a style=\"color: #0075b5\" href=\"http:\/\/www.piemontepress.it\/piemontepress\/portale\/vedi_file.php?file_id=f78d5cfce03cd0dd99f99722037491f0.JPG\" data-rel=\"lightbox-image-37\" data-rl_title=\"\" data-rl_caption=\"\" title=\"\">Allegato 8<\/a><\/span><\/td>\n<td align=\"right\"><span style=\"font-family: arial, helvetica, sans-serif;font-size: 12pt\">\u00a0<\/span><\/td>\n<\/tr>\n<\/tbody>\n<\/table>\n<\/td>\n<\/tr>\n<\/tbody>\n<\/table>\n<div>\u00a0<\/div>\n<div>\n<div class=\"share7\"><a style=\"color: #3b5998\" href=\"http:\/\/www.piemontepress.it\/piemontepress\/portale\/index.php?com=12780#\">Condividi<\/a><\/div>\n<\/div>\n<\/div>\n<\/div>\n<\/div><\/div><div id=\"panel-115-2-0-9\" class=\"so-panel widget widget_black-studio-tinymce widget_black_studio_tinymce\" data-index=\"11\" ><h3 class=\"widget-title\">MODELLISMO CHE PASSIONE &#8211; TERRA MARE CIELO<\/h3><div class=\"textwidget\"><p><a href=\"http:\/\/www.piemontepress.it\/piemontepress\/portale\/index.php?com=12533\">http:\/\/www.piemontepress.it\/piemontepress\/portale\/index.php?com=12533<\/a><a href=\"http:\/\/www.piemontepress.it\/piemontepress\/portale\/index.php?com=12370\">http:\/\/www.piemontepress.it\/piemontepress\/portale\/index.php?com=12370<\/a><\/p>\n<\/div><\/div><div id=\"panel-115-2-0-10\" class=\"so-panel widget widget_black-studio-tinymce widget_black_studio_tinymce\" data-index=\"12\" ><h3 class=\"widget-title\">XVII MOSTRA DI MODELLISMO E BORSA SCAMBIO A VENARIA REALE IL 12 E 13 OTTOBRE<\/h3><div class=\"textwidget\"><p><a href=\"http:\/\/www.piemontepress.it\/piemontepress\/portale\/index.php?com=12370\">http:\/\/www.piemontepress.it\/piemontepress\/portale\/index.php?com=12370<\/a><\/p>\n<\/div><\/div><div id=\"panel-115-2-0-11\" class=\"so-panel widget widget_black-studio-tinymce widget_black_studio_tinymce\" data-index=\"13\" ><h3 class=\"widget-title\">IL CLUB \u201c296 MODEL VENARIA\u201d A VI\u00d9 PER IL 90\u00b0 ANNO DI FONDAZIONE DEGLI ALPINI<\/h3><div class=\"textwidget\"><div id=\"center\">\n<div><a href=\"http:\/\/www.piemontepress.it\/piemontepress\/portale\/index.php?com=12251\">http:\/\/www.piemontepress.it\/piemontepress\/portale\/index.php?com=12251<\/a><\/div>\n<div>\u00a0<\/div>\n<\/div>\n<\/div><\/div><div id=\"panel-115-2-0-12\" class=\"so-panel widget widget_black-studio-tinymce widget_black_studio_tinymce\" data-index=\"14\" ><h3 class=\"widget-title\">MOSTRA DI MODELLISMO DEL CLUB \u201c296 MODEL VENARIA\u201d A VARISELLA<\/h3><div class=\"textwidget\"><div id=\"center\">\n<div><a href=\"http:\/\/www.piemontepress.it\/piemontepress\/portale\/index.php?com=12238\">\u00a0<\/a><\/div>\n<div>\n<div class=\"share7\"><a href=\"http:\/\/www.piemontepress.it\/piemontepress\/portale\/index.php?com=12238\">http:\/\/www.piemontepress.it\/piemontepress\/portale\/index.php?com=12238<\/a><\/div>\n<\/div>\n<\/div>\n<\/div><\/div><div id=\"panel-115-2-0-13\" class=\"so-panel widget widget_black-studio-tinymce widget_black_studio_tinymce\" data-index=\"15\" ><h3 class=\"widget-title\">L&#8217;ASSOCIAZIONE \u201c296 MODEL VENARIA\u201d VISITA LA NAVE MAESTRALE ALL&#8217;ARSENALE DI LA SPEZIA<\/h3><div class=\"textwidget\"><div id=\"center\">\n<div>\u00a0<\/div>\n<div>\n<div class=\"share7\">\u00a0<a href=\"http:\/\/www.piemontepress.it\/piemontepress\/portale\/index.php?com=12177\">http:\/\/www.piemontepress.it\/piemontepress\/portale\/index.php?com=12177<\/a><\/div>\n<\/div>\n<\/div>\n<\/div><\/div><div id=\"panel-115-2-0-14\" class=\"so-panel widget widget_black-studio-tinymce widget_black_studio_tinymce\" data-index=\"16\" ><div class=\"textwidget\"><\/div><\/div><div id=\"panel-115-2-0-15\" class=\"so-panel widget widget_black-studio-tinymce widget_black_studio_tinymce panel-last-child\" data-index=\"17\" ><div class=\"textwidget\"><\/div><\/div><\/div><\/div><\/div>","protected":false},"excerpt":{"rendered":"<p>BICICLETTE DEI MESTIERI INIZIO \u2018900 IN VISIONE ALLA MOSTRA DI ALPIGNANO. GRANDE SPETTACOLO SABATO 8 LUGLIO AL MOVICENTRO Da non perdere l&#8217;appuntamento di sabato 8 luglio, alle ore 21,00 presso il Movicentro, dove si svolger\u00e0 lo spettacolo \u201cDiavolo Rosso\u201d, per rivivere le avventure, le astuzie e le mitiche imprese di\u2026<\/p>\n<p> <a class=\"continue-reading-link\" href=\"https:\/\/www.296modelvenaria.it\/sito\/?page_id=115\"><span>Continue reading<\/span><i class=\"crycon-right-dir\"><\/i><\/a> <\/p>\n","protected":false},"author":2,"featured_media":0,"parent":0,"menu_order":0,"comment_status":"open","ping_status":"open","template":"","meta":{"footnotes":""},"class_list":["post-115","page","type-page","status-publish","hentry"],"_links":{"self":[{"href":"https:\/\/www.296modelvenaria.it\/sito\/index.php?rest_route=\/wp\/v2\/pages\/115","targetHints":{"allow":["GET"]}}],"collection":[{"href":"https:\/\/www.296modelvenaria.it\/sito\/index.php?rest_route=\/wp\/v2\/pages"}],"about":[{"href":"https:\/\/www.296modelvenaria.it\/sito\/index.php?rest_route=\/wp\/v2\/types\/page"}],"author":[{"embeddable":true,"href":"https:\/\/www.296modelvenaria.it\/sito\/index.php?rest_route=\/wp\/v2\/users\/2"}],"replies":[{"embeddable":true,"href":"https:\/\/www.296modelvenaria.it\/sito\/index.php?rest_route=%2Fwp%2Fv2%2Fcomments&post=115"}],"version-history":[{"count":0,"href":"https:\/\/www.296modelvenaria.it\/sito\/index.php?rest_route=\/wp\/v2\/pages\/115\/revisions"}],"wp:attachment":[{"href":"https:\/\/www.296modelvenaria.it\/sito\/index.php?rest_route=%2Fwp%2Fv2%2Fmedia&parent=115"}],"curies":[{"name":"wp","href":"https:\/\/api.w.org\/{rel}","templated":true}]}}