{"id":6511,"date":"2019-04-10T09:52:57","date_gmt":"2019-04-10T07:52:57","guid":{"rendered":"http:\/\/www.296modelvenaria.it\/sito\/?page_id=6511"},"modified":"2025-05-05T16:55:33","modified_gmt":"2025-05-05T14:55:33","slug":"attivita-sociali-2019","status":"publish","type":"page","link":"https:\/\/www.296modelvenaria.it\/sito\/?page_id=6511","title":{"rendered":"attivit\u00e0 sociali 2019"},"content":{"rendered":"<div id=\"pl-6511\"  class=\"panel-layout\" ><div id=\"pg-6511-0\"  class=\"panel-grid panel-no-style\" ><div id=\"pgc-6511-0-0\"  class=\"panel-grid-cell panel-grid-cell-empty\" ><\/div><\/div><div id=\"pg-6511-1\"  class=\"panel-grid panel-no-style\" ><div id=\"pgc-6511-1-0\"  class=\"panel-grid-cell\" ><div id=\"panel-6511-1-0-0\" class=\"so-panel widget widget_black-studio-tinymce widget_black_studio_tinymce panel-first-child\" data-index=\"0\" ><h3 class=\"widget-title\">Ultima manifestazione 2019<\/h3><div class=\"textwidget\"><p><div id=\"attachment_7362\" style=\"width: 1831px\" class=\"wp-caption aligncenter\"><a href=\"https:\/\/www.296modelvenaria.it\/sito\/mostra-biciclette-storiche\"><img loading=\"lazy\" decoding=\"async\" aria-describedby=\"caption-attachment-7362\" class=\"wp-image-7362 size-full\" src=\"https:\/\/www.296modelvenaria.it\/sito\/wp-content\/uploads\/2018\/02\/volantino_bici-scaled.jpg\" alt=\"Mostra di biciclette antiche\" width=\"1821\" height=\"2560\" srcset=\"https:\/\/www.296modelvenaria.it\/sito\/wp-content\/uploads\/2018\/02\/volantino_bici-scaled.jpg 1821w, https:\/\/www.296modelvenaria.it\/sito\/wp-content\/uploads\/2018\/02\/volantino_bici-213x300.jpg 213w, https:\/\/www.296modelvenaria.it\/sito\/wp-content\/uploads\/2018\/02\/volantino_bici-700x984.jpg 700w, https:\/\/www.296modelvenaria.it\/sito\/wp-content\/uploads\/2018\/02\/volantino_bici-768x1080.jpg 768w, https:\/\/www.296modelvenaria.it\/sito\/wp-content\/uploads\/2018\/02\/volantino_bici-1092x1536.jpg 1092w, https:\/\/www.296modelvenaria.it\/sito\/wp-content\/uploads\/2018\/02\/volantino_bici-1457x2048.jpg 1457w, https:\/\/www.296modelvenaria.it\/sito\/wp-content\/uploads\/2018\/02\/volantino_bici-107x150.jpg 107w\" sizes=\"auto, (max-width: 1821px) 100vw, 1821px\" \/><\/a><p id=\"caption-attachment-7362\" class=\"wp-caption-text\">Mostra di biciclette antiche<\/p><\/div><\/p>\n<\/div><\/div><div id=\"panel-6511-1-0-1\" class=\"so-panel widget widget_black-studio-tinymce widget_black_studio_tinymce\" data-index=\"1\" ><div class=\"panel-widget-style panel-widget-style-for-6511-1-0-1\" ><h3 class=\"widget-title\">30 novembre- 1 dicembre<\/h3><div class=\"textwidget\"><p style=\"text-align: left;\"><img loading=\"lazy\" decoding=\"async\" class=\" wp-image-7148 alignleft\" src=\"http:\/\/www.296modelvenaria.it\/sito\/wp-content\/uploads\/2018\/02\/A3-finale-1.jpg\" alt=\"\" width=\"214\" height=\"301\" srcset=\"https:\/\/www.296modelvenaria.it\/sito\/wp-content\/uploads\/2018\/02\/A3-finale-1.jpg 682w, https:\/\/www.296modelvenaria.it\/sito\/wp-content\/uploads\/2018\/02\/A3-finale-1-213x300.jpg 213w, https:\/\/www.296modelvenaria.it\/sito\/wp-content\/uploads\/2018\/02\/A3-finale-1-107x150.jpg 107w\" sizes=\"auto, (max-width: 214px) 100vw, 214px\" \/><span style=\"font-family: arial, helvetica, sans-serif; font-size: 10pt;\"><em>Anche quest'anno con la presenza di numerose\u00a0 associazioni modellistiche del territorio abbiamo partecipato alla 5\u00b0 mostra di modellismo di Grugliasco organizzata da \" Gli Amici del Modellismo \". La manifestazione \u00e8 perfettamente riuscita per la qualit\u00e0 dei numerosi nostri modelli esposti e la partecipazione dei nostri soci. Il pubblico \u00e8 stato numeroso nonostante le condizioni atmosferiche non troppo favorevoli.<br \/>\n<\/em><\/span><\/p>\n<\/div><\/div><\/div><div id=\"panel-6511-1-0-2\" class=\"so-panel widget widget_black-studio-tinymce widget_black_studio_tinymce\" data-index=\"2\" ><div class=\"panel-widget-style panel-widget-style-for-6511-1-0-2\" ><h3 class=\"widget-title\">IV NOVEMBRE<\/h3><div class=\"textwidget\"><p><a href=\"http:\/\/www.296modelvenaria.it\/sito\/wp-content\/uploads\/2018\/02\/A3-finale.jpg\" data-rel=\"lightbox-image-0\" data-rl_title=\"\" data-rl_caption=\"\" title=\"\"><img loading=\"lazy\" decoding=\"async\" class=\"aligncenter wp-image-7127 size-medium\" src=\"http:\/\/www.296modelvenaria.it\/sito\/wp-content\/uploads\/2018\/02\/A3-finale-212x300.jpg\" alt=\"\" width=\"212\" height=\"300\" srcset=\"https:\/\/www.296modelvenaria.it\/sito\/wp-content\/uploads\/2018\/02\/A3-finale-212x300.jpg 212w, https:\/\/www.296modelvenaria.it\/sito\/wp-content\/uploads\/2018\/02\/A3-finale-700x990.jpg 700w, https:\/\/www.296modelvenaria.it\/sito\/wp-content\/uploads\/2018\/02\/A3-finale-768x1086.jpg 768w, https:\/\/www.296modelvenaria.it\/sito\/wp-content\/uploads\/2018\/02\/A3-finale-1086x1536.jpg 1086w, https:\/\/www.296modelvenaria.it\/sito\/wp-content\/uploads\/2018\/02\/A3-finale-1448x2048.jpg 1448w, https:\/\/www.296modelvenaria.it\/sito\/wp-content\/uploads\/2018\/02\/A3-finale-106x150.jpg 106w, https:\/\/www.296modelvenaria.it\/sito\/wp-content\/uploads\/2018\/02\/A3-finale-scaled.jpg 1810w\" sizes=\"auto, (max-width: 212px) 100vw, 212px\" \/><\/a><\/p>\n<\/div><\/div><\/div><div id=\"panel-6511-1-0-3\" class=\"so-panel widget widget_black-studio-tinymce widget_black_studio_tinymce\" data-index=\"3\" ><div class=\"panel-widget-style panel-widget-style-for-6511-1-0-3\" ><h3 class=\"widget-title\">26-27 ottobre Mostra di modellismo<\/h3><div class=\"textwidget\"><p style=\"text-align: left;\"><span style=\"font-size: 12pt;\"><em><span style=\"font-family: arial, helvetica, sans-serif;\"><span style=\"font-size: 10pt;\">Si \u00e8 appena conclusa la MOSTRA DI MODELLISMO A BANCHETTE (IVREA)\u00a0 con la partecipazione di altre associazioni modellistiche del territorio. La manifestazione \u00e8 perfettamente riuscita sia per l'armonia e amiciazia tra i diversi gruppi modellistici e la buona partecipazione di pubblico.<\/span><a href=\"https:\/\/www.facebook.com\/photo.php?fbid=1669287926540328&amp;set=pcb.1669288733206914&amp;type=3&amp;__tn__=HH-R&amp;eid=ARDG_vZ0jFeSsiRhSyjfJ_Vz5-8hPg5DnQVJn1Dhbnas--YUhWi4Cmx2TPsPdCotqn1S_3PHnPdMWpu6\"><img loading=\"lazy\" decoding=\"async\" class=\"aligncenter size-full wp-image-7134\" src=\"http:\/\/www.296modelvenaria.it\/sito\/wp-content\/uploads\/2019\/04\/Schermata-del-2019-10-28-18-10-07.png\" alt=\"\" width=\"667\" height=\"666\" srcset=\"https:\/\/www.296modelvenaria.it\/sito\/wp-content\/uploads\/2019\/04\/Schermata-del-2019-10-28-18-10-07.png 667w, https:\/\/www.296modelvenaria.it\/sito\/wp-content\/uploads\/2019\/04\/Schermata-del-2019-10-28-18-10-07-300x300.png 300w, https:\/\/www.296modelvenaria.it\/sito\/wp-content\/uploads\/2019\/04\/Schermata-del-2019-10-28-18-10-07-150x150.png 150w\" sizes=\"auto, (max-width: 667px) 100vw, 667px\" \/><\/a><\/span><\/em><\/span><\/p>\n<\/div><\/div><\/div><div id=\"panel-6511-1-0-4\" class=\"so-panel widget widget_black-studio-tinymce widget_black_studio_tinymce\" data-index=\"4\" ><div class=\"panel-widget-style panel-widget-style-for-6511-1-0-4\" ><h3 class=\"widget-title\">19-20 ottobre Modelexpo Torino IV edizione<\/h3><div class=\"textwidget\"><p><span style=\"font-size: 14pt;\"><strong><em><span style=\"font-family: arial, helvetica, sans-serif;\">Si \u00e8 conclusa positivamente l\u2019avventura di Model Expo 2019. Bravi gli organizzatori. Poi i Soci iscritti al Concorso hanno portato a casa 10 Medaglie \u00e8 una targa come Club pi\u00f9 numeroso.... e mi ferm\u00f2 qui bravi tutti per la collaborazione siamo una squadra fortissima<\/span><\/em><\/strong><\/span><\/p>\n<p><img loading=\"lazy\" decoding=\"async\" class=\"aligncenter size-full wp-image-7098\" src=\"http:\/\/www.296modelvenaria.it\/sito\/wp-content\/uploads\/2019\/04\/WhatsApp-Image-2019-10-20-at-20.18.13.jpeg\" alt=\"\" width=\"1600\" height=\"1200\" srcset=\"https:\/\/www.296modelvenaria.it\/sito\/wp-content\/uploads\/2019\/04\/WhatsApp-Image-2019-10-20-at-20.18.13.jpeg 1600w, https:\/\/www.296modelvenaria.it\/sito\/wp-content\/uploads\/2019\/04\/WhatsApp-Image-2019-10-20-at-20.18.13-300x225.jpeg 300w, https:\/\/www.296modelvenaria.it\/sito\/wp-content\/uploads\/2019\/04\/WhatsApp-Image-2019-10-20-at-20.18.13-700x525.jpeg 700w, https:\/\/www.296modelvenaria.it\/sito\/wp-content\/uploads\/2019\/04\/WhatsApp-Image-2019-10-20-at-20.18.13-768x576.jpeg 768w, https:\/\/www.296modelvenaria.it\/sito\/wp-content\/uploads\/2019\/04\/WhatsApp-Image-2019-10-20-at-20.18.13-1536x1152.jpeg 1536w, https:\/\/www.296modelvenaria.it\/sito\/wp-content\/uploads\/2019\/04\/WhatsApp-Image-2019-10-20-at-20.18.13-150x113.jpeg 150w\" sizes=\"auto, (max-width: 1600px) 100vw, 1600px\" \/><\/p>\n<p><em><strong><span style=\"font-family: arial, helvetica, sans-serif;\"><a href=\"https:\/\/www.facebook.com\/photo.php?fbid=2460366550888921&amp;set=pcb.2460368670888709&amp;type=3&amp;__tn__=HH-R&amp;eid=ARCxyCnh85km-UB1nKCha5lsZf0yAV0v0F2UARPZYFlphekSScLbsdjynE70jX1zaO3zxvWisVFg1wx_\">Su Facebook <\/a><\/span><\/strong><\/em><\/p>\n<\/div><\/div><\/div><div id=\"panel-6511-1-0-5\" class=\"so-panel widget widget_black-studio-tinymce widget_black_studio_tinymce\" data-index=\"5\" ><div class=\"panel-widget-style panel-widget-style-for-6511-1-0-5\" ><h3 class=\"widget-title\">11-12-13 ottobre Mostra auto a pedali<\/h3><div class=\"textwidget\"><p><div style=\"width: 640px;\" class=\"wp-video\"><video class=\"wp-video-shortcode\" id=\"video-6511-1\" width=\"640\" height=\"360\" preload=\"metadata\" controls=\"controls\"><source type=\"video\/mp4\" src=\"http:\/\/flashondemand.top-ix.org\/venariawebtv\/102019\/20191016_mostra_auto_a_pedali.mp4?_=1\" \/><a href=\"http:\/\/flashondemand.top-ix.org\/venariawebtv\/102019\/20191016_mostra_auto_a_pedali.mp4\">http:\/\/flashondemand.top-ix.org\/venariawebtv\/102019\/20191016_mostra_auto_a_pedali.mp4<\/a><\/video><\/div><\/p>\n<p><a href=\"http:\/\/www.296modelvenaria.it\/sito\/mostra-auto-a-pedali\"><img loading=\"lazy\" decoding=\"async\" class=\"wp-image-3610 alignright\" src=\"http:\/\/www.296modelvenaria.it\/sito\/wp-content\/uploads\/2018\/02\/trasferimento.jpg\" alt=\"\" width=\"50\" height=\"50\" \/><\/a><\/p>\n<p>&nbsp;<\/p>\n<\/div><\/div><\/div><div id=\"panel-6511-1-0-6\" class=\"so-panel widget widget_black-studio-tinymce widget_black_studio_tinymce\" data-index=\"6\" ><div class=\"panel-widget-style panel-widget-style-for-6511-1-0-6\" ><h3 class=\"widget-title\">XXIII mostra di modellismo <\/h3><div class=\"textwidget\"><p><span style=\"font-size: 18pt; font-family: arial, helvetica, sans-serif;\"><strong><em>14-15-16 giugno 2019 \"THE BEST \" XXIII\u00b0 Mostra di modellismo 296 Model Venaria<\/em><\/strong><\/span><\/p>\n<p>&nbsp;<\/p>\n<p style=\"text-align: right;\"><span style=\"font-size: 14pt;\"><a href=\"http:\/\/www.296modelvenaria.it\/sito\/home\/xxiii-mostra-296-model-venaria\"><span style=\"font-family: arial, helvetica, sans-serif;\">Vai alla pagina<strong><em><img loading=\"lazy\" decoding=\"async\" class=\"alignright wp-image-3610\" src=\"http:\/\/www.296modelvenaria.it\/sito\/wp-content\/uploads\/2018\/02\/trasferimento.jpg\" alt=\"\" width=\"50\" height=\"50\" \/><\/em><\/strong><\/span><\/a><\/span><\/p>\n<\/div><\/div><\/div><div id=\"panel-6511-1-0-7\" class=\"so-panel widget widget_black-studio-tinymce widget_black_studio_tinymce panel-last-child\" data-index=\"7\" ><div class=\"panel-widget-style panel-widget-style-for-6511-1-0-7\" ><h3 class=\"widget-title\">VII Corso di modellismo 2019-2020<\/h3><div class=\"textwidget\"><p><div id=\"attachment_7115\" style=\"width: 222px\" class=\"wp-caption aligncenter\"><a href=\"http:\/\/www.296modelvenaria.it\/sito\/wp-content\/uploads\/2018\/02\/volantino-VII-CORSO-DI-MODELLISMO-CON-patrocinio.jpg\" data-rel=\"lightbox-image-1\" data-rl_title=\"\" data-rl_caption=\"\" title=\"\"><img loading=\"lazy\" decoding=\"async\" aria-describedby=\"caption-attachment-7115\" class=\"wp-image-7115 size-medium\" src=\"http:\/\/www.296modelvenaria.it\/sito\/wp-content\/uploads\/2018\/02\/volantino-VII-CORSO-DI-MODELLISMO-CON-patrocinio-212x300.jpg\" alt=\"\" width=\"212\" height=\"300\" srcset=\"https:\/\/www.296modelvenaria.it\/sito\/wp-content\/uploads\/2018\/02\/volantino-VII-CORSO-DI-MODELLISMO-CON-patrocinio-212x300.jpg 212w, https:\/\/www.296modelvenaria.it\/sito\/wp-content\/uploads\/2018\/02\/volantino-VII-CORSO-DI-MODELLISMO-CON-patrocinio-700x990.jpg 700w, https:\/\/www.296modelvenaria.it\/sito\/wp-content\/uploads\/2018\/02\/volantino-VII-CORSO-DI-MODELLISMO-CON-patrocinio-768x1086.jpg 768w, https:\/\/www.296modelvenaria.it\/sito\/wp-content\/uploads\/2018\/02\/volantino-VII-CORSO-DI-MODELLISMO-CON-patrocinio-1086x1536.jpg 1086w, https:\/\/www.296modelvenaria.it\/sito\/wp-content\/uploads\/2018\/02\/volantino-VII-CORSO-DI-MODELLISMO-CON-patrocinio-106x150.jpg 106w, https:\/\/www.296modelvenaria.it\/sito\/wp-content\/uploads\/2018\/02\/volantino-VII-CORSO-DI-MODELLISMO-CON-patrocinio.jpg 1240w\" sizes=\"auto, (max-width: 212px) 100vw, 212px\" \/><\/a><p id=\"caption-attachment-7115\" class=\"wp-caption-text\">Corso di modellismo 2019-2020<\/p><\/div><\/p>\n<p style=\"text-align: center;\"><span style=\"font-size: 18pt;\"><strong><span style=\"font-family: arial black, sans-serif;\"><em>\u00a0<\/em><\/span><\/strong><\/span><\/p>\n<p>&nbsp;<\/p>\n<\/div><\/div><\/div><\/div><div id=\"pgc-6511-1-1\"  class=\"panel-grid-cell\" ><div id=\"panel-6511-1-1-0\" class=\"so-panel widget widget_black-studio-tinymce widget_black_studio_tinymce panel-first-child\" data-index=\"8\" ><div class=\"panel-widget-style panel-widget-style-for-6511-1-1-0\" ><h3 class=\"widget-title\">Corsi di modellismo 2018-2019<\/h3><div class=\"textwidget\"><p>Anche quest'anno si sono conclusi i corsi di modellismo tenuti dagli esperti dell'associazione 296 Model di Venaria.<\/p>\n<p>Come gli altri anni il successo \u00e8 stato garantito dall'entusiasmo dei partecipanti e dalla qualit\u00e0 dei risultati, una speciale menzione va al giovanissimo Lorenzo Consiglio. con la sua <strong><em>Porche 918 Spyder <\/em><\/strong><\/p>\n<p>&nbsp;<\/p>\n<p><a href=\"https:\/\/www.flickr.com\/photos\/162792163@N02\/48029174082\/in\/album-72157708743967992\/\"><img loading=\"lazy\" decoding=\"async\" src=\"https:\/\/live.staticflickr.com\/65535\/48029174082_6aecca9814_z.jpg\" alt=\"Porsche 918 S spider 0 Scala 1_24\" width=\"640\" height=\"387\" \/><\/a><\/p>\n<p style=\"text-align: right;\"><a title=\"vai alla pagina\" href=\"http:\/\/www.296modelvenaria.it\/sito\/corso-di-modellismo-nvi-2018-2019\">Vai alla pagina<img loading=\"lazy\" decoding=\"async\" class=\"alignright wp-image-3610\" src=\"http:\/\/www.296modelvenaria.it\/sito\/wp-content\/uploads\/2018\/02\/trasferimento.jpg\" alt=\"\" width=\"50\" height=\"50\" \/><\/a><\/p>\n<\/div><\/div><\/div><div id=\"panel-6511-1-1-1\" class=\"so-panel widget widget_black-studio-tinymce widget_black_studio_tinymce\" data-index=\"9\" ><div class=\"panel-widget-style panel-widget-style-for-6511-1-1-1\" ><h3 class=\"widget-title\">2-giugno 2019   Venaria in festa in Piazza Pettiti<\/h3><div class=\"textwidget\"><p><a href=\"http:\/\/www.296modelvenaria.it\/sito\/wp-content\/uploads\/2019\/05\/duegiugno.rid_.jpg\" data-rel=\"lightbox-image-2\" data-rl_title=\"\" data-rl_caption=\"\" title=\"\"><img loading=\"lazy\" decoding=\"async\" class=\"wp-image-6694 size-medium aligncenter\" src=\"http:\/\/www.296modelvenaria.it\/sito\/wp-content\/uploads\/2019\/05\/duegiugno.rid_-211x300.jpg\" alt=\"\" width=\"211\" height=\"300\" srcset=\"https:\/\/www.296modelvenaria.it\/sito\/wp-content\/uploads\/2019\/05\/duegiugno.rid_-211x300.jpg 211w, https:\/\/www.296modelvenaria.it\/sito\/wp-content\/uploads\/2019\/05\/duegiugno.rid_-105x150.jpg 105w, https:\/\/www.296modelvenaria.it\/sito\/wp-content\/uploads\/2019\/05\/duegiugno.rid_.jpg 674w\" sizes=\"auto, (max-width: 211px) 100vw, 211px\" \/><\/a><\/p>\n<p>&nbsp;<\/p>\n<p>La nostra associazione ha partecipato con entusiasmo alla manifestazione organizzata dal Comune di Venaria Reale allestendo uno stand dedicato al modellismo in Piazza Pettiti.<\/p>\n<\/div><\/div><\/div><div id=\"panel-6511-1-1-2\" class=\"so-panel widget widget_black-studio-tinymce widget_black_studio_tinymce\" data-index=\"10\" ><div class=\"panel-widget-style panel-widget-style-for-6511-1-1-2\" ><h3 class=\"widget-title\">I nostri visitatori -2019<\/h3><div class=\"textwidget\"><p><em><strong>Le visite alla nostre sedi <span style=\"font-family: arial, helvetica, sans-serif;\">ANMI Mario CAGNASSONE<\/span> e 296 MODEL VENARIA da parte degli studenti accompagnati dagli insegnanti sono per noi sempre molto gradite come il\u00a0 desiderio di tramandare le nostre esperienze e passioni alle nuove generazioni.<\/strong><\/em><\/p>\n<p><em><span style=\"font-family: arial, helvetica, sans-serif;\">Con Oggi 21 maggio 2019, si conclude con le 3 A e B della RIGOLA, un ciclo di esposizioni didattiche iniziato Luned\u00ec 6 Maggio e che ha avuto la partecipazione anche delle Scuole Romero e Gramsci. Presenti all'ultima esposizione il Sindaco della Citt\u00e0 di Venaria Reale Roberto FALCONE e il Presidente del Consiglio Comunale Andrea ACCORSI. L'evento \u00e8 stato organizzato e voluto dal Presidente del Gruppo ANMI Mario CAGNASSONE e il Consiglio Direttivo tutto. Il tema prescelto \u00e8 q<span class=\"text_exposed_show\">uello di divulgare la cultura del mare, intesa come attenzione da prestare ad un elemento assolutamente vitale per la nostra sopravvivenza, da qualche tempo , ha iniziato a fluire anche nel tessuto sociale di Venaria Reale. I ragazzi che hanno partecipato a queste riunioni didattiche hanno iniziato ad acquisire contezza della presenza e dell'importanza del mare nella nostra vita. Per essi il mare non sar\u00e0 solo pi\u00f9 un piacevole elemento della natura dove rinfrescarsi in estate. Sono stati illustrati alcune delle manovre che si fanno per realizzare i nodi, \u00e8 stato mostrato , come si misurava la velocit\u00e0 di una nave con un \"solcometroe clessidra\". Infine sono stati mostrati alcuni filmati da dove si evincono in che stato \u00e8 ridotto il nostro mare. Concludo ringraziando tutti gli insegnanti che hanno creduto nel nostro progetto, il Dirigente Scolastico dell'Istituto Comprensivo 1 e 2 istituto Dott. Ugo MANDER, i giornalisti intervenuti, ai Marinai presenti del Gruppo CAGNASSONE, nelle persone del Vice Presidente Michele Diliberto, Consiglieri: Francesco MENDOLA, Carlo CRETELLA, Giovanni GALATOLA, Augusto ARLAUD, Franco RIPPA. Concludo Salutando gli Amici modellisti del 296 Model Venaria nelle persone di Carlo MARTINI e Gennaro CIOTOLA.<\/span><\/span><\/em><\/p>\n<p>\u00a0 <style type=\"text\/css\">\n#foogallery-gallery-6669 .fg-image { width: 150px; }\n#foogallery-gallery-6669 { --fg-gutter: 10px; }<\/style>\n\t\t\t<div class=\"foogallery foogallery-container foogallery-default foogallery-lightbox-dfactory fg-center fg-default fg-ready fg-light fg-round-medium fg-shadow-inset-medium fg-loaded-fade-in fg-hover-scale fg-hover-fade\" id=\"foogallery-gallery-6669\" data-foogallery=\"{&quot;item&quot;:{&quot;showCaptionTitle&quot;:true,&quot;showCaptionDescription&quot;:true},&quot;lazy&quot;:true}\" style=\"--fg-title-line-clamp: 0; --fg-description-line-clamp: 0;\" >\n\t<div class=\"fg-item fg-type-image fg-idle\"><figure class=\"fg-item-inner\"><a href=\"https:\/\/www.296modelvenaria.it\/sito\/wp-content\/uploads\/2019\/04\/marinai-296.jpeg\" data-attachment-id=\"6667\" data-rel=\"lightbox-image-bGlnaHRib3g=\" data-rl_title=\"\" data-rl_caption=\"\" data-type=\"image\" class=\"fg-thumb\" title=\"\"><span class=\"fg-image-wrap\"><img decoding=\"async\" width=\"150\" height=\"100\" class=\"skip-lazy fg-image\" data-src-fg=\"https:\/\/www.296modelvenaria.it\/sito\/wp-content\/uploads\/2019\/04\/marinai-296-150x100.jpeg\" src=\"data:image\/svg+xml,%3Csvg%20xmlns%3D%22http%3A%2F%2Fwww.w3.org%2F2000%2Fsvg%22%20width%3D%22150%22%20height%3D%22100%22%20viewBox%3D%220%200%20150%20100%22%3E%3C%2Fsvg%3E\" loading=\"eager\"><\/span><span class=\"fg-image-overlay\"><\/span><\/a><\/figure><div class=\"fg-loader\"><\/div><\/div><div class=\"fg-item fg-type-image fg-idle\"><figure class=\"fg-item-inner\"><a href=\"https:\/\/www.296modelvenaria.it\/sito\/wp-content\/uploads\/2019\/04\/index.jpeg\" data-attachment-id=\"6666\" data-rel=\"lightbox-image-bGlnaHRib3g=\" data-rl_title=\"\" data-rl_caption=\"\" data-type=\"image\" class=\"fg-thumb\" title=\"\"><span class=\"fg-image-wrap\"><img decoding=\"async\" width=\"150\" height=\"100\" class=\"skip-lazy fg-image\" data-src-fg=\"https:\/\/www.296modelvenaria.it\/sito\/wp-content\/uploads\/2019\/04\/index-150x100.jpeg\" src=\"data:image\/svg+xml,%3Csvg%20xmlns%3D%22http%3A%2F%2Fwww.w3.org%2F2000%2Fsvg%22%20width%3D%22150%22%20height%3D%22100%22%20viewBox%3D%220%200%20150%20100%22%3E%3C%2Fsvg%3E\" loading=\"eager\"><\/span><span class=\"fg-image-overlay\"><\/span><\/a><\/figure><div class=\"fg-loader\"><\/div><\/div><div class=\"fg-item fg-type-image fg-idle\"><figure class=\"fg-item-inner\"><a href=\"https:\/\/www.296modelvenaria.it\/sito\/wp-content\/uploads\/2019\/04\/marinai.jpeg\" data-attachment-id=\"6665\" data-rel=\"lightbox-image-bGlnaHRib3g=\" data-rl_title=\"\" data-rl_caption=\"\" data-type=\"image\" class=\"fg-thumb\" title=\"\"><span class=\"fg-image-wrap\"><img decoding=\"async\" width=\"150\" height=\"100\" class=\"skip-lazy fg-image\" data-src-fg=\"https:\/\/www.296modelvenaria.it\/sito\/wp-content\/uploads\/2019\/04\/marinai-150x100.jpeg\" src=\"data:image\/svg+xml,%3Csvg%20xmlns%3D%22http%3A%2F%2Fwww.w3.org%2F2000%2Fsvg%22%20width%3D%22150%22%20height%3D%22100%22%20viewBox%3D%220%200%20150%20100%22%3E%3C%2Fsvg%3E\" loading=\"eager\"><\/span><span class=\"fg-image-overlay\"><\/span><\/a><\/figure><div class=\"fg-loader\"><\/div><\/div><div class=\"fg-item fg-type-image fg-idle\"><figure class=\"fg-item-inner\"><a href=\"https:\/\/www.296modelvenaria.it\/sito\/wp-content\/uploads\/2019\/05\/bimbi-visita-3.jpeg\" data-attachment-id=\"6700\" data-rel=\"lightbox-image-bGlnaHRib3g=\" data-rl_title=\"\" data-rl_caption=\"\" data-type=\"image\" class=\"fg-thumb\" title=\"\"><span class=\"fg-image-wrap\"><img decoding=\"async\" width=\"150\" height=\"100\" class=\"skip-lazy fg-image\" data-src-fg=\"https:\/\/www.296modelvenaria.it\/sito\/wp-content\/uploads\/2019\/05\/bimbi-visita-3-150x100.jpeg\" src=\"data:image\/svg+xml,%3Csvg%20xmlns%3D%22http%3A%2F%2Fwww.w3.org%2F2000%2Fsvg%22%20width%3D%22150%22%20height%3D%22100%22%20viewBox%3D%220%200%20150%20100%22%3E%3C%2Fsvg%3E\" loading=\"eager\"><\/span><span class=\"fg-image-overlay\"><\/span><\/a><\/figure><div class=\"fg-loader\"><\/div><\/div><div class=\"fg-item fg-type-image fg-idle\"><figure class=\"fg-item-inner\"><a href=\"https:\/\/www.296modelvenaria.it\/sito\/wp-content\/uploads\/2019\/05\/bimbi-visita2.jpeg\" data-attachment-id=\"6701\" data-rel=\"lightbox-image-bGlnaHRib3g=\" data-rl_title=\"\" data-rl_caption=\"\" data-type=\"image\" class=\"fg-thumb\" title=\"\"><span class=\"fg-image-wrap\"><img decoding=\"async\" width=\"150\" height=\"100\" class=\"skip-lazy fg-image\" data-src-fg=\"https:\/\/www.296modelvenaria.it\/sito\/wp-content\/uploads\/2019\/05\/bimbi-visita2-150x100.jpeg\" src=\"data:image\/svg+xml,%3Csvg%20xmlns%3D%22http%3A%2F%2Fwww.w3.org%2F2000%2Fsvg%22%20width%3D%22150%22%20height%3D%22100%22%20viewBox%3D%220%200%20150%20100%22%3E%3C%2Fsvg%3E\" loading=\"eager\"><\/span><span class=\"fg-image-overlay\"><\/span><\/a><\/figure><div class=\"fg-loader\"><\/div><\/div><div class=\"fg-item fg-type-image fg-idle\"><figure class=\"fg-item-inner\"><a href=\"https:\/\/www.296modelvenaria.it\/sito\/wp-content\/uploads\/2019\/05\/bimbi-visita.jpeg\" data-attachment-id=\"6702\" data-rel=\"lightbox-image-bGlnaHRib3g=\" data-rl_title=\"\" data-rl_caption=\"\" data-type=\"image\" class=\"fg-thumb\" title=\"\"><span class=\"fg-image-wrap\"><img decoding=\"async\" width=\"150\" height=\"100\" class=\"skip-lazy fg-image\" data-src-fg=\"https:\/\/www.296modelvenaria.it\/sito\/wp-content\/uploads\/2019\/05\/bimbi-visita-150x100.jpeg\" src=\"data:image\/svg+xml,%3Csvg%20xmlns%3D%22http%3A%2F%2Fwww.w3.org%2F2000%2Fsvg%22%20width%3D%22150%22%20height%3D%22100%22%20viewBox%3D%220%200%20150%20100%22%3E%3C%2Fsvg%3E\" loading=\"eager\"><\/span><span class=\"fg-image-overlay\"><\/span><\/a><\/figure><div class=\"fg-loader\"><\/div><\/div><div class=\"fg-item fg-type-image fg-idle\"><figure class=\"fg-item-inner\"><a href=\"https:\/\/www.296modelvenaria.it\/sito\/wp-content\/uploads\/2019\/05\/bimbi-al-lavoro-3.jpeg\" data-attachment-id=\"6703\" data-rel=\"lightbox-image-bGlnaHRib3g=\" data-rl_title=\"\" data-rl_caption=\"\" data-type=\"image\" class=\"fg-thumb\" title=\"\"><span class=\"fg-image-wrap\"><img decoding=\"async\" width=\"150\" height=\"100\" class=\"skip-lazy fg-image\" data-src-fg=\"https:\/\/www.296modelvenaria.it\/sito\/wp-content\/uploads\/2019\/05\/bimbi-al-lavoro-3-150x100.jpeg\" src=\"data:image\/svg+xml,%3Csvg%20xmlns%3D%22http%3A%2F%2Fwww.w3.org%2F2000%2Fsvg%22%20width%3D%22150%22%20height%3D%22100%22%20viewBox%3D%220%200%20150%20100%22%3E%3C%2Fsvg%3E\" loading=\"eager\"><\/span><span class=\"fg-image-overlay\"><\/span><\/a><\/figure><div class=\"fg-loader\"><\/div><\/div><div class=\"fg-item fg-type-image fg-idle\"><figure class=\"fg-item-inner\"><a href=\"https:\/\/www.296modelvenaria.it\/sito\/wp-content\/uploads\/2019\/05\/bimbi-al-lavoro-1.jpeg\" data-attachment-id=\"6704\" data-rel=\"lightbox-image-bGlnaHRib3g=\" data-rl_title=\"\" data-rl_caption=\"\" data-type=\"image\" class=\"fg-thumb\" title=\"\"><span class=\"fg-image-wrap\"><img decoding=\"async\" width=\"150\" height=\"100\" class=\"skip-lazy fg-image\" data-src-fg=\"https:\/\/www.296modelvenaria.it\/sito\/wp-content\/uploads\/2019\/05\/bimbi-al-lavoro-1-150x100.jpeg\" src=\"data:image\/svg+xml,%3Csvg%20xmlns%3D%22http%3A%2F%2Fwww.w3.org%2F2000%2Fsvg%22%20width%3D%22150%22%20height%3D%22100%22%20viewBox%3D%220%200%20150%20100%22%3E%3C%2Fsvg%3E\" loading=\"eager\"><\/span><span class=\"fg-image-overlay\"><\/span><\/a><\/figure><div class=\"fg-loader\"><\/div><\/div><div class=\"fg-item fg-type-image fg-idle\"><figure class=\"fg-item-inner\"><a href=\"https:\/\/www.296modelvenaria.it\/sito\/wp-content\/uploads\/2019\/05\/bimbi-al-lavoro.jpeg\" data-attachment-id=\"6705\" data-rel=\"lightbox-image-bGlnaHRib3g=\" data-rl_title=\"\" data-rl_caption=\"\" data-type=\"image\" class=\"fg-thumb\" title=\"\"><span class=\"fg-image-wrap\"><img decoding=\"async\" width=\"150\" height=\"100\" class=\"skip-lazy fg-image\" data-src-fg=\"https:\/\/www.296modelvenaria.it\/sito\/wp-content\/uploads\/2019\/05\/bimbi-al-lavoro-150x100.jpeg\" src=\"data:image\/svg+xml,%3Csvg%20xmlns%3D%22http%3A%2F%2Fwww.w3.org%2F2000%2Fsvg%22%20width%3D%22150%22%20height%3D%22100%22%20viewBox%3D%220%200%20150%20100%22%3E%3C%2Fsvg%3E\" loading=\"eager\"><\/span><span class=\"fg-image-overlay\"><\/span><\/a><\/figure><div class=\"fg-loader\"><\/div><\/div><\/div>\n<\/p>\n<p><img loading=\"lazy\" decoding=\"async\" class=\"aligncenter size-full wp-image-6709\" src=\"http:\/\/www.296modelvenaria.it\/sito\/wp-content\/uploads\/2019\/04\/20181011_184213.jpg\" alt=\"\" width=\"1024\" height=\"327\" srcset=\"https:\/\/www.296modelvenaria.it\/sito\/wp-content\/uploads\/2019\/04\/20181011_184213.jpg 1024w, https:\/\/www.296modelvenaria.it\/sito\/wp-content\/uploads\/2019\/04\/20181011_184213-300x96.jpg 300w, https:\/\/www.296modelvenaria.it\/sito\/wp-content\/uploads\/2019\/04\/20181011_184213-700x224.jpg 700w, https:\/\/www.296modelvenaria.it\/sito\/wp-content\/uploads\/2019\/04\/20181011_184213-768x245.jpg 768w, https:\/\/www.296modelvenaria.it\/sito\/wp-content\/uploads\/2019\/04\/20181011_184213-150x48.jpg 150w\" sizes=\"auto, (max-width: 1024px) 100vw, 1024px\" \/><\/p>\n<p style=\"text-align: right;\">\u00a0<\/p>\n<\/div><\/div><\/div><div id=\"panel-6511-1-1-3\" class=\"so-panel widget widget_black-studio-tinymce widget_black_studio_tinymce\" data-index=\"11\" ><div class=\"panel-widget-style panel-widget-style-for-6511-1-1-3\" ><h3 class=\"widget-title\">Un Impegno Importante<\/h3><div class=\"textwidget\"><h1 class=\"western\"><span style=\"font-size: 14pt;\"><em><strong><span style=\"font-family: arial, helvetica, sans-serif;\">Il plastico Auschwitz dall\u2019Alto<\/span><\/strong><\/em><\/span><\/h1>\n<p>Con il 27 aprile 2019 si sono concluse una serie di 6 rappresentazioni, insieme a altre realt\u00e0 del territorio, che ci hanno coinvolto sia dal punto\u00a0 di vista tecnico che morale.<\/p>\n<p><a href=\"https:\/\/www.iretroscena.it\/wp\/2018\/12\/20\/il-plastico-auschwitz-dallalto\/\"><img loading=\"lazy\" decoding=\"async\" class=\"aligncenter wp-image-4804 size-full\" src=\"http:\/\/www.296modelvenaria.it\/sito\/wp-content\/uploads\/2018\/12\/auschwitz-all-alto.jpg\" alt=\"\" width=\"697\" height=\"960\" srcset=\"https:\/\/www.296modelvenaria.it\/sito\/wp-content\/uploads\/2018\/12\/auschwitz-all-alto.jpg 697w, https:\/\/www.296modelvenaria.it\/sito\/wp-content\/uploads\/2018\/12\/auschwitz-all-alto-218x300.jpg 218w, https:\/\/www.296modelvenaria.it\/sito\/wp-content\/uploads\/2018\/12\/auschwitz-all-alto-109x150.jpg 109w\" sizes=\"auto, (max-width: 697px) 100vw, 697px\" \/><\/a><\/p>\n<p style=\"text-align: right;\"><a title=\"Locandina\" href=\"https:\/\/www.iretroscena.it\/wp\/2018\/12\/20\/il-plastico-auschwitz-dallalto\/\">locandine <img loading=\"lazy\" decoding=\"async\" class=\"alignright wp-image-3610\" src=\"http:\/\/www.296modelvenaria.it\/sito\/wp-content\/uploads\/2018\/02\/trasferimento.jpg\" alt=\"\" width=\"50\" height=\"50\" \/><\/a><\/p>\n<\/div><\/div><\/div><div id=\"panel-6511-1-1-4\" class=\"so-panel widget widget_black-studio-tinymce widget_black_studio_tinymce\" data-index=\"12\" ><div class=\"panel-widget-style panel-widget-style-for-6511-1-1-4\" ><h3 class=\"widget-title\">8 e 19 aprile 2019  &#8221; Visita al centro conservazione e restauro  La Venaria Reale &#8220;<\/h3><div class=\"textwidget\"><p>Un po di cultura che ci fa scoprire quanto questa attivit\u00e0 sia simile ai nostri lavori per pazienza, tecnica, conoscenze, studio. <img loading=\"lazy\" decoding=\"async\" class=\"aligncenter size-full wp-image-6524\" src=\"http:\/\/www.296modelvenaria.it\/sito\/wp-content\/uploads\/2019\/04\/WhatsApp-Image-2019-04-08-at-19.46.19.jpeg\" alt=\"\" width=\"1200\" height=\"576\" srcset=\"https:\/\/www.296modelvenaria.it\/sito\/wp-content\/uploads\/2019\/04\/WhatsApp-Image-2019-04-08-at-19.46.19.jpeg 1200w, https:\/\/www.296modelvenaria.it\/sito\/wp-content\/uploads\/2019\/04\/WhatsApp-Image-2019-04-08-at-19.46.19-300x144.jpeg 300w, https:\/\/www.296modelvenaria.it\/sito\/wp-content\/uploads\/2019\/04\/WhatsApp-Image-2019-04-08-at-19.46.19-700x336.jpeg 700w, https:\/\/www.296modelvenaria.it\/sito\/wp-content\/uploads\/2019\/04\/WhatsApp-Image-2019-04-08-at-19.46.19-768x369.jpeg 768w, https:\/\/www.296modelvenaria.it\/sito\/wp-content\/uploads\/2019\/04\/WhatsApp-Image-2019-04-08-at-19.46.19-150x72.jpeg 150w\" sizes=\"auto, (max-width: 1200px) 100vw, 1200px\" \/><\/p>\n<p style=\"text-align: right;\"><a title=\"\" href=\"http:\/\/www.296modelvenaria.it\/sito\/wp-content\/uploads\/2019\/03\/Visita-al-centro-restauro.jpg\" data-rel=\"lightbox-image-12\" data-rl_title=\"\" data-rl_caption=\"\">locandina <img loading=\"lazy\" decoding=\"async\" class=\"alignright wp-image-3610\" src=\"http:\/\/www.296modelvenaria.it\/sito\/wp-content\/uploads\/2018\/02\/trasferimento.jpg\" alt=\"\" width=\"50\" height=\"50\" \/><\/a><\/p>\n<\/div><\/div><\/div><div id=\"panel-6511-1-1-5\" class=\"so-panel widget widget_black-studio-tinymce widget_black_studio_tinymce panel-last-child\" data-index=\"13\" ><div class=\"panel-widget-style panel-widget-style-for-6511-1-1-5\" ><h3 class=\"widget-title\">2-marzo 2019 : Model Expo Elettro Expo Verona<\/h3><div class=\"textwidget\"><p>Sono bastate tre macchine e un gruppo agguerrito di modellisti dell'associazione 296 Model Venaria a trasformare la bellissima giornata; modellismo full inmersion tra amici e appassionati.<\/p>\n<p>Grazie agli autisti che oltre a guidare hanno messo a disposizione le loro auto. \ud83d\ude09\u00a0<img loading=\"lazy\" decoding=\"async\" class=\"aligncenter size-full wp-image-6294\" src=\"http:\/\/www.296modelvenaria.it\/sito\/wp-content\/uploads\/2019\/03\/veron-2019.jpeg\" alt=\"\" width=\"1600\" height=\"1200\" srcset=\"https:\/\/www.296modelvenaria.it\/sito\/wp-content\/uploads\/2019\/03\/veron-2019.jpeg 1600w, https:\/\/www.296modelvenaria.it\/sito\/wp-content\/uploads\/2019\/03\/veron-2019-300x225.jpeg 300w, https:\/\/www.296modelvenaria.it\/sito\/wp-content\/uploads\/2019\/03\/veron-2019-700x525.jpeg 700w, https:\/\/www.296modelvenaria.it\/sito\/wp-content\/uploads\/2019\/03\/veron-2019-768x576.jpeg 768w, https:\/\/www.296modelvenaria.it\/sito\/wp-content\/uploads\/2019\/03\/veron-2019-1536x1152.jpeg 1536w, https:\/\/www.296modelvenaria.it\/sito\/wp-content\/uploads\/2019\/03\/veron-2019-150x113.jpeg 150w\" sizes=\"auto, (max-width: 1600px) 100vw, 1600px\" \/><\/p>\n<\/div><\/div><\/div><\/div><\/div><\/div>","protected":false},"excerpt":{"rendered":"<p>Anche quest&#8217;anno con la presenza di numerose\u00a0 associazioni modellistiche del territorio abbiamo partecipato alla 5\u00b0 mostra di modellismo di Grugliasco organizzata da &#8221; Gli Amici del Modellismo &#8220;. La manifestazione \u00e8 perfettamente riuscita per la qualit\u00e0 dei numerosi nostri modelli esposti e la partecipazione dei nostri soci. Il pubblico \u00e8\u2026<\/p>\n<p> <a class=\"continue-reading-link\" href=\"https:\/\/www.296modelvenaria.it\/sito\/?page_id=6511\"><span>Continue reading<\/span><i class=\"crycon-right-dir\"><\/i><\/a> <\/p>\n","protected":false},"author":2,"featured_media":0,"parent":0,"menu_order":0,"comment_status":"closed","ping_status":"closed","template":"","meta":{"footnotes":""},"class_list":["post-6511","page","type-page","status-publish","hentry"],"_links":{"self":[{"href":"https:\/\/www.296modelvenaria.it\/sito\/index.php?rest_route=\/wp\/v2\/pages\/6511","targetHints":{"allow":["GET"]}}],"collection":[{"href":"https:\/\/www.296modelvenaria.it\/sito\/index.php?rest_route=\/wp\/v2\/pages"}],"about":[{"href":"https:\/\/www.296modelvenaria.it\/sito\/index.php?rest_route=\/wp\/v2\/types\/page"}],"author":[{"embeddable":true,"href":"https:\/\/www.296modelvenaria.it\/sito\/index.php?rest_route=\/wp\/v2\/users\/2"}],"replies":[{"embeddable":true,"href":"https:\/\/www.296modelvenaria.it\/sito\/index.php?rest_route=%2Fwp%2Fv2%2Fcomments&post=6511"}],"version-history":[{"count":3,"href":"https:\/\/www.296modelvenaria.it\/sito\/index.php?rest_route=\/wp\/v2\/pages\/6511\/revisions"}],"predecessor-version":[{"id":11460,"href":"https:\/\/www.296modelvenaria.it\/sito\/index.php?rest_route=\/wp\/v2\/pages\/6511\/revisions\/11460"}],"wp:attachment":[{"href":"https:\/\/www.296modelvenaria.it\/sito\/index.php?rest_route=%2Fwp%2Fv2%2Fmedia&parent=6511"}],"curies":[{"name":"wp","href":"https:\/\/api.w.org\/{rel}","templated":true}]}}